{"id":469,"date":"2023-12-09T19:45:05","date_gmt":"2023-12-09T18:45:05","guid":{"rendered":"https:\/\/manolos.org\/productos\/marcas-representadas\/"},"modified":"2026-02-26T18:49:42","modified_gmt":"2026-02-26T17:49:42","slug":"vertretene-marken","status":"publish","type":"page","link":"https:\/\/manolos.org\/de\/produkte\/vertretene-marken\/","title":{"rendered":"Vertretene Marken"},"content":{"rendered":"\n\t\t<div id=\"antoniotomas\"  data-column-margin=\"default\" data-midnight=\"dark\"  class=\"wpb_row vc_row-fluid vc_row full-width-section vc_row-o-equal-height vc_row-flex marcas-representadas top_margin_0px bottom_margin_0px\"  style=\"padding-top: 100px; padding-bottom: 100px; \"><div class=\"row-bg-wrap\" data-bg-animation=\"none\" data-bg-animation-delay=\"\" data-bg-overlay=\"false\"><div class=\"inner-wrap row-bg-layer\" ><div class=\"row-bg viewport-desktop using-bg-color\"  style=\"background-color: #ffffff; \"><\/div><\/div><\/div><div class=\"row_col_wrap_12 col span_12 dark left\">\n\t<div  class=\"vc_col-sm-3 wpb_column column_container vc_column_container col no-extra-padding inherit_tablet inherit_phone \"  data-padding-pos=\"all\" data-has-bg-color=\"false\" data-bg-color=\"\" data-bg-opacity=\"1\" data-animation=\"\" data-delay=\"0\" >\n\t\t<div class=\"vc_column-inner\" >\n\t\t\t<div class=\"wpb_wrapper\">\n\t\t\t\t<div class=\"img-with-aniamtion-wrap right\" data-max-width=\"100%\" data-max-width-mobile=\"default\" data-shadow=\"none\" data-animation=\"none\" >\n      <div class=\"inner\">\n        <div class=\"hover-wrap\"> \n          <div class=\"hover-wrap-inner\">\n            <img loading=\"lazy\" decoding=\"async\" class=\"img-with-animation skip-lazy\" data-delay=\"0\" height=\"250\" width=\"250\" data-animation=\"none\" src=\"https:\/\/manolos.org\/wp-content\/uploads\/2024\/11\/logo-tomas.jpg\" alt=\"\" srcset=\"https:\/\/manolos.org\/wp-content\/uploads\/2024\/11\/logo-tomas.jpg 250w, https:\/\/manolos.org\/wp-content\/uploads\/2024\/11\/logo-tomas-150x150.jpg 150w, https:\/\/manolos.org\/wp-content\/uploads\/2024\/11\/logo-tomas-140x140.jpg 140w, https:\/\/manolos.org\/wp-content\/uploads\/2024\/11\/logo-tomas-100x100.jpg 100w, https:\/\/manolos.org\/wp-content\/uploads\/2024\/11\/logo-tomas-120x120.jpg 120w\" sizes=\"auto, (max-width: 250px) 100vw, 250px\" \/>\n          <\/div>\n        <\/div>\n      <\/div>\n    <\/div>\n\t\t\t<\/div> \n\t\t<\/div>\n\t<\/div> \n\n\t<div  class=\"vc_col-sm-9 wpb_column column_container vc_column_container col no-extra-padding inherit_tablet inherit_phone \"  data-padding-pos=\"all\" data-has-bg-color=\"false\" data-bg-color=\"\" data-bg-opacity=\"1\" data-animation=\"\" data-delay=\"0\" >\n\t\t<div class=\"vc_column-inner\" >\n\t\t\t<div class=\"wpb_wrapper\">\n\t\t\t\t\n<div class=\"wpb_text_column wpb_content_element \" >\n\t<div class=\"wpb_wrapper\">\n\t\t<h3>Antonio Tom\u00e1s<\/h3>\n\t<\/div>\n<\/div>\n\n\n\n\n<div class=\"wpb_text_column wpb_content_element  vc_custom_1715171791330\" >\n\t<div class=\"wpb_wrapper\">\n\t\t<p>Antonio Tom\u00e1s begann mit einer kleinen Reism\u00fchle im l\u00e4ndlichen Valencia und gr\u00fcndete 1962 zusammen mit seiner Frau Maruja Primo seine eigene Marke, die sich auf die Herstellung, die Verpackung und den Vertrieb typisch valencianischer Reissorten konzentrierte. Die bekannteste valencianische Reissorte ist der arroz bomba, der als Hauptzutat der spanischen Paella dient.<\/p>\n\t<\/div>\n<\/div>\n\n\n\n\t\t\t\t\n\t\t\t\t\n\t\t\t\t\n\t\t\t\t<div class=\"portfolio-wrap \">\n\t\t\t\t\t\n\t\t\t\t\t\t\t\t\t\t\n\t\t\t\t\t<span class=\"portfolio-loading  none\">   <\/span>\n\t\t\t\t\t\n\t\t\t\t\t\t\t\t\t\t\n\t\t\t\t\t<div class=\"row portfolio-items no-masonry  \" data-rcp=\"false\" data-masonry-type=\"default\" data-ps=\"7\" data-starting-filter=\"\" data-gutter=\"default\" data-categories-to-show=\"antonio-tomas\" data-bypass-cropping=\"\" data-lightbox-only=\"0\" data-col-num=\"cols-4\">\n\t\t\t\t\t\t\t\t\t\t\t\t\n\t\t\t\t\t\t\t\t\t\t\t\t\n\t\t\t\t\t\t<div class=\"col span_3  element antonio-tomas-de produkte reis vertretene-marken \"  data-project-cat=\"antonio-tomas-de produkte reis vertretene-marken \" data-default-color=\"true\" data-title-color=\"\" data-subtitle-color=\"\">\n\t\t\t\t\t\t\t\n\t\t\t\t\t\t\t<div class=\"inner-wrap animated\" data-animation=\"none\">\n\t\t\t\t\t\t\t\t\n\t\t\t\t\t\t\t\t\t\t\t\t\t\t\t\t\t\n\t\t\t\t\t\t\t\t\t<div class=\"work-item style-2\" data-custom-content=\"off\">\n\t\t\t\t\t\t\t\t\t\t\n\t\t\t\t\t\t\t\t\t\t<img decoding=\"async\" class=\"custom-thumbnail skip-lazy\" src=\"https:\/\/manolos.org\/wp-content\/uploads\/2024\/11\/AntonioTomas-arrozCebolla.jpg\" alt=\"Antonio Tom\u00e1s. Paella-Reis &#8222;Cebolla&#8220;\" \/>\t\t\t\t\t\t\t\t\t\t\n\t\t\t\t\t\t\t\t\t\t<div class=\"work-info-bg\"><\/div>\n\t\t\t\t\t\t\t\t\t\t<div class=\"work-info\">\n\t\t\t\t\t\t\t\t\t\t\t\n\t\t\t\t\t\t\t\t\t\t\t\t\t\t\t\t\t\t\t\t\t\t\t\n\t\t\t\t\t\t\t\t\t\t\t\t\n\t\t\t\t\t\t\t\t\t\t\t\t\t\t\t\t\t\t\t\t\t\t\t\t\t\n\t\t\t\t\t\t\t\t\t\t\t\t\t<a href=\"https:\/\/manolos.org\/de\/prod\/antonio-tomas-paella-reis-cebolla\/\"><\/a>\n\t\t\t\t\t\t\t\t\t\t\t\t\t\n\t\t\t\t\t\t\t\t\t\t\t\t\t\t\t\t\t\t\t\t\t\t\t\n\t\t\t\t\t\t\t\t\t\t\t\n\t\t\t\t\t\t\t\t\t\t\t<div class=\"vert-center\">\n\t\t\t\t\t\t\t\t\t\t\t\t\t\n\t\t\t\t\t\t\t\t\t\t\t\t\t<h3>Antonio Tom\u00e1s. Paella-Reis &#8222;Cebolla&#8220;<\/h3> \n\t\t\t\t\t\t\t\t\t\t\t\t\t\t\t\t\t\t\t\t\t\t\t\t<\/div><!--\/vert-center-->\n\t\t\t\t\t\t\t\t\t\t\t\n\t\t\t\t\t\t\t\t\t\t<\/div>\n\t\t\t\t\t\t\t\t\t<\/div><!--work-item-->\n\t\t\t\t\t\t\t\t\t\n\t\t\t\t\t\t\t\t\t\t\t\t\t\t\t\t\n\t\t\t\t\t\t\t\t\n\t\t\t\t\t\t\t<\/div><!--\/inner-wrap-->\n\t\t\t\t\t\t<\/div><!--\/col-->\n\t\t\t\t\t\t\n\t\t\t\t\t\t\t\t\t\t\t\n\t\t\t\t\t\t\t\t\t\t\t\t\n\t\t\t\t\t\t<div class=\"col span_3  element antonio-tomas-de produkte reis vertretene-marken \"  data-project-cat=\"antonio-tomas-de produkte reis vertretene-marken \" data-default-color=\"true\" data-title-color=\"\" data-subtitle-color=\"\">\n\t\t\t\t\t\t\t\n\t\t\t\t\t\t\t<div class=\"inner-wrap animated\" data-animation=\"none\">\n\t\t\t\t\t\t\t\t\n\t\t\t\t\t\t\t\t\t\t\t\t\t\t\t\t\t\n\t\t\t\t\t\t\t\t\t<div class=\"work-item style-2\" data-custom-content=\"off\">\n\t\t\t\t\t\t\t\t\t\t\n\t\t\t\t\t\t\t\t\t\t<img decoding=\"async\" class=\"custom-thumbnail skip-lazy\" src=\"https:\/\/manolos.org\/wp-content\/uploads\/2024\/10\/AntonioTomas-ArrozBomba.jpg\" alt=\"Antonio Tom\u00e1s. Paella-Reis &#8222;Bomba&#8220;\" \/>\t\t\t\t\t\t\t\t\t\t\n\t\t\t\t\t\t\t\t\t\t<div class=\"work-info-bg\"><\/div>\n\t\t\t\t\t\t\t\t\t\t<div class=\"work-info\">\n\t\t\t\t\t\t\t\t\t\t\t\n\t\t\t\t\t\t\t\t\t\t\t\t\t\t\t\t\t\t\t\t\t\t\t\n\t\t\t\t\t\t\t\t\t\t\t\t\n\t\t\t\t\t\t\t\t\t\t\t\t\t\t\t\t\t\t\t\t\t\t\t\t\t\n\t\t\t\t\t\t\t\t\t\t\t\t\t<a href=\"https:\/\/manolos.org\/de\/prod\/antonio-tomas-paella-reis-bomba\/\"><\/a>\n\t\t\t\t\t\t\t\t\t\t\t\t\t\n\t\t\t\t\t\t\t\t\t\t\t\t\t\t\t\t\t\t\t\t\t\t\t\n\t\t\t\t\t\t\t\t\t\t\t\n\t\t\t\t\t\t\t\t\t\t\t<div class=\"vert-center\">\n\t\t\t\t\t\t\t\t\t\t\t\t\t\n\t\t\t\t\t\t\t\t\t\t\t\t\t<h3>Antonio Tom\u00e1s. Paella-Reis &#8222;Bomba&#8220;<\/h3> \n\t\t\t\t\t\t\t\t\t\t\t\t\t\t\t\t\t\t\t\t\t\t\t\t<\/div><!--\/vert-center-->\n\t\t\t\t\t\t\t\t\t\t\t\n\t\t\t\t\t\t\t\t\t\t<\/div>\n\t\t\t\t\t\t\t\t\t<\/div><!--work-item-->\n\t\t\t\t\t\t\t\t\t\n\t\t\t\t\t\t\t\t\t\t\t\t\t\t\t\t\n\t\t\t\t\t\t\t\t\n\t\t\t\t\t\t\t<\/div><!--\/inner-wrap-->\n\t\t\t\t\t\t<\/div><!--\/col-->\n\t\t\t\t\t\t\n\t\t\t\t\t\t\t\t\t\t\n\t\t\t\t<\/div><!--\/portfolio-->\n\t\t\t<\/div><!--\/portfolio wrap-->\n\t\t\t\n\t\t\t\n\t\t\t<\/div> \n\t\t<\/div>\n\t<\/div> \n<\/div><\/div>\n\t\t<div id=\"capell\"  data-column-margin=\"default\" data-midnight=\"dark\"  class=\"wpb_row vc_row-fluid vc_row full-width-section vc_row-o-equal-height vc_row-flex marcas-representadas top_margin_0px bottom_margin_0px\"  style=\"padding-top: 100px; padding-bottom: 100px; \"><div class=\"row-bg-wrap\" data-bg-animation=\"none\" data-bg-animation-delay=\"\" data-bg-overlay=\"false\"><div class=\"inner-wrap row-bg-layer\" ><div class=\"row-bg viewport-desktop using-bg-color\"  style=\"background-color: #f7f5ed; \"><\/div><\/div><\/div><div class=\"row_col_wrap_12 col span_12 dark left\">\n\t<div  class=\"vc_col-sm-3 wpb_column column_container vc_column_container col no-extra-padding inherit_tablet inherit_phone \"  data-padding-pos=\"all\" data-has-bg-color=\"false\" data-bg-color=\"\" data-bg-opacity=\"1\" data-animation=\"\" data-delay=\"0\" >\n\t\t<div class=\"vc_column-inner\" >\n\t\t\t<div class=\"wpb_wrapper\">\n\t\t\t\t<div class=\"img-with-aniamtion-wrap right\" data-max-width=\"100%\" data-max-width-mobile=\"default\" data-shadow=\"none\" data-animation=\"none\" >\n      <div class=\"inner\">\n        <div class=\"hover-wrap\"> \n          <div class=\"hover-wrap-inner\">\n            <img loading=\"lazy\" decoding=\"async\" class=\"img-with-animation skip-lazy\" data-delay=\"0\" height=\"250\" width=\"250\" data-animation=\"none\" src=\"https:\/\/manolos.org\/wp-content\/uploads\/2025\/06\/logo-capell.jpg\" alt=\"\" srcset=\"https:\/\/manolos.org\/wp-content\/uploads\/2025\/06\/logo-capell.jpg 250w, https:\/\/manolos.org\/wp-content\/uploads\/2025\/06\/logo-capell-150x150.jpg 150w, https:\/\/manolos.org\/wp-content\/uploads\/2025\/06\/logo-capell-140x140.jpg 140w, https:\/\/manolos.org\/wp-content\/uploads\/2025\/06\/logo-capell-100x100.jpg 100w, https:\/\/manolos.org\/wp-content\/uploads\/2025\/06\/logo-capell-120x120.jpg 120w\" sizes=\"auto, (max-width: 250px) 100vw, 250px\" \/>\n          <\/div>\n        <\/div>\n      <\/div>\n    <\/div>\n\t\t\t<\/div> \n\t\t<\/div>\n\t<\/div> \n\n\t<div  class=\"vc_col-sm-9 wpb_column column_container vc_column_container col no-extra-padding inherit_tablet inherit_phone \"  data-padding-pos=\"all\" data-has-bg-color=\"false\" data-bg-color=\"\" data-bg-opacity=\"1\" data-animation=\"\" data-delay=\"0\" >\n\t\t<div class=\"vc_column-inner\" >\n\t\t\t<div class=\"wpb_wrapper\">\n\t\t\t\t\n<div class=\"wpb_text_column wpb_content_element \" >\n\t<div class=\"wpb_wrapper\">\n\t\t<h3>Capell<\/h3>\n\t<\/div>\n<\/div>\n\n\n\n\t\t\t\t\n\t\t\t\t\n\t\t\t\t\n\t\t\t\t<div class=\"portfolio-wrap \">\n\t\t\t\t\t\n\t\t\t\t\t\t\t\t\t\t\n\t\t\t\t\t<span class=\"portfolio-loading  none\">   <\/span>\n\t\t\t\t\t\n\t\t\t\t\t\t\t\t\t\t\n\t\t\t\t\t<div class=\"row portfolio-items no-masonry  \" data-rcp=\"false\" data-masonry-type=\"default\" data-ps=\"7\" data-starting-filter=\"\" data-gutter=\"default\" data-categories-to-show=\"capell-de\" data-bypass-cropping=\"\" data-lightbox-only=\"0\" data-col-num=\"cols-4\">\n\t\t\t\t\t\t\t\t\t\t\t\t\n\t\t\t\t\t\t\t\t\t\t\t\t\n\t\t\t\t\t\t<div class=\"col span_3  element capell-de produkte suesses vertretene-marken \"  data-project-cat=\"capell-de produkte suesses vertretene-marken \" data-default-color=\"true\" data-title-color=\"\" data-subtitle-color=\"\">\n\t\t\t\t\t\t\t\n\t\t\t\t\t\t\t<div class=\"inner-wrap animated\" data-animation=\"none\">\n\t\t\t\t\t\t\t\t\n\t\t\t\t\t\t\t\t\t\t\t\t\t\t\t\t\t\n\t\t\t\t\t\t\t\t\t<div class=\"work-item style-2\" data-custom-content=\"off\">\n\t\t\t\t\t\t\t\t\t\t\n\t\t\t\t\t\t\t\t\t\t<img decoding=\"async\" class=\"custom-thumbnail skip-lazy\" src=\"https:\/\/manolos.org\/wp-content\/uploads\/2025\/06\/codonyat.jpg\" alt=\"Capell. \u201cMembrillo\u201d Quittenpaste mit Zucker\" \/>\t\t\t\t\t\t\t\t\t\t\n\t\t\t\t\t\t\t\t\t\t<div class=\"work-info-bg\"><\/div>\n\t\t\t\t\t\t\t\t\t\t<div class=\"work-info\">\n\t\t\t\t\t\t\t\t\t\t\t\n\t\t\t\t\t\t\t\t\t\t\t\t\t\t\t\t\t\t\t\t\t\t\t\n\t\t\t\t\t\t\t\t\t\t\t\t\n\t\t\t\t\t\t\t\t\t\t\t\t\t\t\t\t\t\t\t\t\t\t\t\t\t\n\t\t\t\t\t\t\t\t\t\t\t\t\t<a href=\"https:\/\/manolos.org\/de\/prod\/capell-membrillo-quittenpaste-mit-zucker\/\"><\/a>\n\t\t\t\t\t\t\t\t\t\t\t\t\t\n\t\t\t\t\t\t\t\t\t\t\t\t\t\t\t\t\t\t\t\t\t\t\t\n\t\t\t\t\t\t\t\t\t\t\t\n\t\t\t\t\t\t\t\t\t\t\t<div class=\"vert-center\">\n\t\t\t\t\t\t\t\t\t\t\t\t\t\n\t\t\t\t\t\t\t\t\t\t\t\t\t<h3>Capell. \u201cMembrillo\u201d Quittenpaste mit Zucker<\/h3> \n\t\t\t\t\t\t\t\t\t\t\t\t\t\t\t\t\t\t\t\t\t\t\t\t<\/div><!--\/vert-center-->\n\t\t\t\t\t\t\t\t\t\t\t\n\t\t\t\t\t\t\t\t\t\t<\/div>\n\t\t\t\t\t\t\t\t\t<\/div><!--work-item-->\n\t\t\t\t\t\t\t\t\t\n\t\t\t\t\t\t\t\t\t\t\t\t\t\t\t\t\n\t\t\t\t\t\t\t\t\n\t\t\t\t\t\t\t<\/div><!--\/inner-wrap-->\n\t\t\t\t\t\t<\/div><!--\/col-->\n\t\t\t\t\t\t\n\t\t\t\t\t\t\t\t\t\t\n\t\t\t\t<\/div><!--\/portfolio-->\n\t\t\t<\/div><!--\/portfolio wrap-->\n\t\t\t\n\t\t\t\n\t\t\t<\/div> \n\t\t<\/div>\n\t<\/div> \n<\/div><\/div>\n\t\t<div id=\"casagrande\"  data-column-margin=\"default\" data-midnight=\"dark\"  class=\"wpb_row vc_row-fluid vc_row full-width-section vc_row-o-equal-height vc_row-flex marcas-representadas top_margin_0px bottom_margin_0px\"  style=\"padding-top: 100px; padding-bottom: 100px; \"><div class=\"row-bg-wrap\" data-bg-animation=\"none\" data-bg-animation-delay=\"\" data-bg-overlay=\"false\"><div class=\"inner-wrap row-bg-layer\" ><div class=\"row-bg viewport-desktop using-bg-color\"  style=\"background-color: #ffffff; \"><\/div><\/div><\/div><div class=\"row_col_wrap_12 col span_12 dark left\">\n\t<div  class=\"vc_col-sm-3 wpb_column column_container vc_column_container col no-extra-padding inherit_tablet inherit_phone \"  data-padding-pos=\"all\" data-has-bg-color=\"false\" data-bg-color=\"\" data-bg-opacity=\"1\" data-animation=\"\" data-delay=\"0\" >\n\t\t<div class=\"vc_column-inner\" >\n\t\t\t<div class=\"wpb_wrapper\">\n\t\t\t\t<div class=\"img-with-aniamtion-wrap right\" data-max-width=\"100%\" data-max-width-mobile=\"default\" data-shadow=\"none\" data-animation=\"none\" >\n      <div class=\"inner\">\n        <div class=\"hover-wrap\"> \n          <div class=\"hover-wrap-inner\">\n            <img loading=\"lazy\" decoding=\"async\" class=\"img-with-animation skip-lazy\" data-delay=\"0\" height=\"250\" width=\"250\" data-animation=\"none\" src=\"https:\/\/manolos.org\/wp-content\/uploads\/2025\/06\/logo-casagrande.jpg\" alt=\"\" srcset=\"https:\/\/manolos.org\/wp-content\/uploads\/2025\/06\/logo-casagrande.jpg 250w, https:\/\/manolos.org\/wp-content\/uploads\/2025\/06\/logo-casagrande-150x150.jpg 150w, https:\/\/manolos.org\/wp-content\/uploads\/2025\/06\/logo-casagrande-140x140.jpg 140w, https:\/\/manolos.org\/wp-content\/uploads\/2025\/06\/logo-casagrande-100x100.jpg 100w, https:\/\/manolos.org\/wp-content\/uploads\/2025\/06\/logo-casagrande-120x120.jpg 120w\" sizes=\"auto, (max-width: 250px) 100vw, 250px\" \/>\n          <\/div>\n        <\/div>\n      <\/div>\n    <\/div>\n\t\t\t<\/div> \n\t\t<\/div>\n\t<\/div> \n\n\t<div  class=\"vc_col-sm-9 wpb_column column_container vc_column_container col no-extra-padding inherit_tablet inherit_phone \"  data-padding-pos=\"all\" data-has-bg-color=\"false\" data-bg-color=\"\" data-bg-opacity=\"1\" data-animation=\"\" data-delay=\"0\" >\n\t\t<div class=\"vc_column-inner\" >\n\t\t\t<div class=\"wpb_wrapper\">\n\t\t\t\t\n<div class=\"wpb_text_column wpb_content_element \" >\n\t<div class=\"wpb_wrapper\">\n\t\t<h3>Casagrande<\/h3>\n\t<\/div>\n<\/div>\n\n\n\n\t\t\t\t\n\t\t\t\t\n\t\t\t\t\n\t\t\t\t<div class=\"portfolio-wrap \">\n\t\t\t\t\t\n\t\t\t\t\t\t\t\t\t\t\n\t\t\t\t\t<span class=\"portfolio-loading  none\">   <\/span>\n\t\t\t\t\t\n\t\t\t\t\t\t\t\t\t\t\n\t\t\t\t\t<div class=\"row portfolio-items no-masonry  \" data-rcp=\"false\" data-masonry-type=\"default\" data-ps=\"7\" data-starting-filter=\"\" data-gutter=\"default\" data-categories-to-show=\"casagrande-de\" data-bypass-cropping=\"\" data-lightbox-only=\"0\" data-col-num=\"cols-4\">\n\t\t\t\t\t\t\t\t\t\t\t\t\n\t\t\t\t\t\t\t\t\t\t\t\t\n\t\t\t\t\t\t<div class=\"col span_3  element casagrande-de produkte tomate-gazpacho-gemuesekonserven vertretene-marken \"  data-project-cat=\"casagrande-de produkte tomate-gazpacho-gemuesekonserven vertretene-marken \" data-default-color=\"true\" data-title-color=\"\" data-subtitle-color=\"\">\n\t\t\t\t\t\t\t\n\t\t\t\t\t\t\t<div class=\"inner-wrap animated\" data-animation=\"none\">\n\t\t\t\t\t\t\t\t\n\t\t\t\t\t\t\t\t\t\t\t\t\t\t\t\t\t\n\t\t\t\t\t\t\t\t\t<div class=\"work-item style-2\" data-custom-content=\"off\">\n\t\t\t\t\t\t\t\t\t\t\n\t\t\t\t\t\t\t\t\t\t<img decoding=\"async\" class=\"custom-thumbnail skip-lazy\" src=\"https:\/\/manolos.org\/wp-content\/uploads\/2025\/06\/pimientos-piquillo.jpg\" alt=\"Casagrande. Piquillo Paprika rot mit Knoblauch\" \/>\t\t\t\t\t\t\t\t\t\t\n\t\t\t\t\t\t\t\t\t\t<div class=\"work-info-bg\"><\/div>\n\t\t\t\t\t\t\t\t\t\t<div class=\"work-info\">\n\t\t\t\t\t\t\t\t\t\t\t\n\t\t\t\t\t\t\t\t\t\t\t\t\t\t\t\t\t\t\t\t\t\t\t\n\t\t\t\t\t\t\t\t\t\t\t\t\n\t\t\t\t\t\t\t\t\t\t\t\t\t\t\t\t\t\t\t\t\t\t\t\t\t\n\t\t\t\t\t\t\t\t\t\t\t\t\t<a href=\"https:\/\/manolos.org\/de\/prod\/casagrande-piquillo-paprika-rot-mit-knoblauch\/\"><\/a>\n\t\t\t\t\t\t\t\t\t\t\t\t\t\n\t\t\t\t\t\t\t\t\t\t\t\t\t\t\t\t\t\t\t\t\t\t\t\n\t\t\t\t\t\t\t\t\t\t\t\n\t\t\t\t\t\t\t\t\t\t\t<div class=\"vert-center\">\n\t\t\t\t\t\t\t\t\t\t\t\t\t\n\t\t\t\t\t\t\t\t\t\t\t\t\t<h3>Casagrande. Piquillo Paprika rot mit Knoblauch<\/h3> \n\t\t\t\t\t\t\t\t\t\t\t\t\t\t\t\t\t\t\t\t\t\t\t\t<\/div><!--\/vert-center-->\n\t\t\t\t\t\t\t\t\t\t\t\n\t\t\t\t\t\t\t\t\t\t<\/div>\n\t\t\t\t\t\t\t\t\t<\/div><!--work-item-->\n\t\t\t\t\t\t\t\t\t\n\t\t\t\t\t\t\t\t\t\t\t\t\t\t\t\t\n\t\t\t\t\t\t\t\t\n\t\t\t\t\t\t\t<\/div><!--\/inner-wrap-->\n\t\t\t\t\t\t<\/div><!--\/col-->\n\t\t\t\t\t\t\n\t\t\t\t\t\t\t\t\t\t\n\t\t\t\t<\/div><!--\/portfolio-->\n\t\t\t<\/div><!--\/portfolio wrap-->\n\t\t\t\n\t\t\t\n\t\t\t<\/div> \n\t\t<\/div>\n\t<\/div> \n<\/div><\/div>\n\t\t<div id=\"delicat\"  data-column-margin=\"default\" data-midnight=\"dark\"  class=\"wpb_row vc_row-fluid vc_row full-width-section vc_row-o-equal-height vc_row-flex marcas-representadas top_margin_0px bottom_margin_0px\"  style=\"padding-top: 100px; padding-bottom: 100px; \"><div class=\"row-bg-wrap\" data-bg-animation=\"none\" data-bg-animation-delay=\"\" data-bg-overlay=\"false\"><div class=\"inner-wrap row-bg-layer\" ><div class=\"row-bg viewport-desktop using-bg-color\"  style=\"background-color: #f7f5ed; \"><\/div><\/div><\/div><div class=\"row_col_wrap_12 col span_12 dark left\">\n\t<div  class=\"vc_col-sm-3 wpb_column column_container vc_column_container col no-extra-padding inherit_tablet inherit_phone \"  data-padding-pos=\"all\" data-has-bg-color=\"false\" data-bg-color=\"\" data-bg-opacity=\"1\" data-animation=\"\" data-delay=\"0\" >\n\t\t<div class=\"vc_column-inner\" >\n\t\t\t<div class=\"wpb_wrapper\">\n\t\t\t\t<div class=\"img-with-aniamtion-wrap right\" data-max-width=\"100%\" data-max-width-mobile=\"default\" data-shadow=\"none\" data-animation=\"none\" >\n      <div class=\"inner\">\n        <div class=\"hover-wrap\"> \n          <div class=\"hover-wrap-inner\">\n            <img loading=\"lazy\" decoding=\"async\" class=\"img-with-animation skip-lazy\" data-delay=\"0\" height=\"250\" width=\"250\" data-animation=\"none\" src=\"https:\/\/manolos.org\/wp-content\/uploads\/2025\/06\/logo-delicat.jpg\" alt=\"\" srcset=\"https:\/\/manolos.org\/wp-content\/uploads\/2025\/06\/logo-delicat.jpg 250w, https:\/\/manolos.org\/wp-content\/uploads\/2025\/06\/logo-delicat-150x150.jpg 150w, https:\/\/manolos.org\/wp-content\/uploads\/2025\/06\/logo-delicat-140x140.jpg 140w, https:\/\/manolos.org\/wp-content\/uploads\/2025\/06\/logo-delicat-100x100.jpg 100w, https:\/\/manolos.org\/wp-content\/uploads\/2025\/06\/logo-delicat-120x120.jpg 120w\" sizes=\"auto, (max-width: 250px) 100vw, 250px\" \/>\n          <\/div>\n        <\/div>\n      <\/div>\n    <\/div>\n\t\t\t<\/div> \n\t\t<\/div>\n\t<\/div> \n\n\t<div  class=\"vc_col-sm-9 wpb_column column_container vc_column_container col no-extra-padding inherit_tablet inherit_phone \"  data-padding-pos=\"all\" data-has-bg-color=\"false\" data-bg-color=\"\" data-bg-opacity=\"1\" data-animation=\"\" data-delay=\"0\" >\n\t\t<div class=\"vc_column-inner\" >\n\t\t\t<div class=\"wpb_wrapper\">\n\t\t\t\t\n<div class=\"wpb_text_column wpb_content_element \" >\n\t<div class=\"wpb_wrapper\">\n\t\t<h3>Delicat<\/h3>\n\t<\/div>\n<\/div>\n\n\n\n\t\t\t\t\n\t\t\t\t\n\t\t\t\t\n\t\t\t\t<div class=\"portfolio-wrap \">\n\t\t\t\t\t\n\t\t\t\t\t\t\t\t\t\t\n\t\t\t\t\t<span class=\"portfolio-loading  none\">   <\/span>\n\t\t\t\t\t\n\t\t\t\t\t\t\t\t\t\t\n\t\t\t\t\t<div class=\"row portfolio-items no-masonry  \" data-rcp=\"false\" data-masonry-type=\"default\" data-ps=\"7\" data-starting-filter=\"\" data-gutter=\"default\" data-categories-to-show=\"delicat-de\" data-bypass-cropping=\"\" data-lightbox-only=\"0\" data-col-num=\"cols-4\">\n\t\t\t\t\t\t\t\t\t\t\t\t\n\t\t\t\t\t\t\t\t\t\t\t\t\n\t\t\t\t\t\t<div class=\"col span_3  element delicat-de produkte snacks-de vertretene-marken \"  data-project-cat=\"delicat-de produkte snacks-de vertretene-marken \" data-default-color=\"true\" data-title-color=\"\" data-subtitle-color=\"\">\n\t\t\t\t\t\t\t\n\t\t\t\t\t\t\t<div class=\"inner-wrap animated\" data-animation=\"none\">\n\t\t\t\t\t\t\t\t\n\t\t\t\t\t\t\t\t\t\t\t\t\t\t\t\t\t\n\t\t\t\t\t\t\t\t\t<div class=\"work-item style-2\" data-custom-content=\"off\">\n\t\t\t\t\t\t\t\t\t\t\n\t\t\t\t\t\t\t\t\t\t<img decoding=\"async\" class=\"custom-thumbnail skip-lazy\" src=\"https:\/\/manolos.org\/wp-content\/uploads\/2025\/06\/picos.jpg\" alt=\"Delicat. Picos Camperos &#8211; Brotst\u00e4ngelchen\" \/>\t\t\t\t\t\t\t\t\t\t\n\t\t\t\t\t\t\t\t\t\t<div class=\"work-info-bg\"><\/div>\n\t\t\t\t\t\t\t\t\t\t<div class=\"work-info\">\n\t\t\t\t\t\t\t\t\t\t\t\n\t\t\t\t\t\t\t\t\t\t\t\t\t\t\t\t\t\t\t\t\t\t\t\n\t\t\t\t\t\t\t\t\t\t\t\t\n\t\t\t\t\t\t\t\t\t\t\t\t\t\t\t\t\t\t\t\t\t\t\t\t\t\n\t\t\t\t\t\t\t\t\t\t\t\t\t<a href=\"https:\/\/manolos.org\/de\/prod\/delicat-picos-camperos-brotstaengelchen\/\"><\/a>\n\t\t\t\t\t\t\t\t\t\t\t\t\t\n\t\t\t\t\t\t\t\t\t\t\t\t\t\t\t\t\t\t\t\t\t\t\t\n\t\t\t\t\t\t\t\t\t\t\t\n\t\t\t\t\t\t\t\t\t\t\t<div class=\"vert-center\">\n\t\t\t\t\t\t\t\t\t\t\t\t\t\n\t\t\t\t\t\t\t\t\t\t\t\t\t<h3>Delicat. Picos Camperos &#8211; Brotst\u00e4ngelchen<\/h3> \n\t\t\t\t\t\t\t\t\t\t\t\t\t\t\t\t\t\t\t\t\t\t\t\t<\/div><!--\/vert-center-->\n\t\t\t\t\t\t\t\t\t\t\t\n\t\t\t\t\t\t\t\t\t\t<\/div>\n\t\t\t\t\t\t\t\t\t<\/div><!--work-item-->\n\t\t\t\t\t\t\t\t\t\n\t\t\t\t\t\t\t\t\t\t\t\t\t\t\t\t\n\t\t\t\t\t\t\t\t\n\t\t\t\t\t\t\t<\/div><!--\/inner-wrap-->\n\t\t\t\t\t\t<\/div><!--\/col-->\n\t\t\t\t\t\t\n\t\t\t\t\t\t\t\t\t\t\n\t\t\t\t<\/div><!--\/portfolio-->\n\t\t\t<\/div><!--\/portfolio wrap-->\n\t\t\t\n\t\t\t\n\t\t\t<\/div> \n\t\t<\/div>\n\t<\/div> \n<\/div><\/div>\n\t\t<div id=\"elavion\"  data-column-margin=\"default\" data-midnight=\"dark\"  class=\"wpb_row vc_row-fluid vc_row full-width-section vc_row-o-equal-height vc_row-flex marcas-representadas top_margin_0px bottom_margin_0px\"  style=\"padding-top: 100px; padding-bottom: 100px; \"><div class=\"row-bg-wrap\" data-bg-animation=\"none\" data-bg-animation-delay=\"\" data-bg-overlay=\"false\"><div class=\"inner-wrap row-bg-layer\" ><div class=\"row-bg viewport-desktop using-bg-color\"  style=\"background-color: #ffffff; \"><\/div><\/div><\/div><div class=\"row_col_wrap_12 col span_12 dark left\">\n\t<div  class=\"vc_col-sm-3 wpb_column column_container vc_column_container col no-extra-padding inherit_tablet inherit_phone \"  data-padding-pos=\"all\" data-has-bg-color=\"false\" data-bg-color=\"\" data-bg-opacity=\"1\" data-animation=\"\" data-delay=\"0\" >\n\t\t<div class=\"vc_column-inner\" >\n\t\t\t<div class=\"wpb_wrapper\">\n\t\t\t\t<div class=\"img-with-aniamtion-wrap right\" data-max-width=\"100%\" data-max-width-mobile=\"default\" data-shadow=\"none\" data-animation=\"none\" >\n      <div class=\"inner\">\n        <div class=\"hover-wrap\"> \n          <div class=\"hover-wrap-inner\">\n            <img loading=\"lazy\" decoding=\"async\" class=\"img-with-animation skip-lazy\" data-delay=\"0\" height=\"250\" width=\"250\" data-animation=\"none\" src=\"https:\/\/manolos.org\/wp-content\/uploads\/2024\/11\/logo-elavion.jpg\" alt=\"\" srcset=\"https:\/\/manolos.org\/wp-content\/uploads\/2024\/11\/logo-elavion.jpg 250w, https:\/\/manolos.org\/wp-content\/uploads\/2024\/11\/logo-elavion-150x150.jpg 150w, https:\/\/manolos.org\/wp-content\/uploads\/2024\/11\/logo-elavion-140x140.jpg 140w, https:\/\/manolos.org\/wp-content\/uploads\/2024\/11\/logo-elavion-100x100.jpg 100w, https:\/\/manolos.org\/wp-content\/uploads\/2024\/11\/logo-elavion-120x120.jpg 120w\" sizes=\"auto, (max-width: 250px) 100vw, 250px\" \/>\n          <\/div>\n        <\/div>\n      <\/div>\n    <\/div>\n\t\t\t<\/div> \n\t\t<\/div>\n\t<\/div> \n\n\t<div  class=\"vc_col-sm-9 wpb_column column_container vc_column_container col no-extra-padding inherit_tablet inherit_phone \"  data-padding-pos=\"all\" data-has-bg-color=\"false\" data-bg-color=\"\" data-bg-opacity=\"1\" data-animation=\"\" data-delay=\"0\" >\n\t\t<div class=\"vc_column-inner\" >\n\t\t\t<div class=\"wpb_wrapper\">\n\t\t\t\t\n<div class=\"wpb_text_column wpb_content_element \" >\n\t<div class=\"wpb_wrapper\">\n\t\t<h3>El Avi\u00f3n<\/h3>\n\t<\/div>\n<\/div>\n\n\n\n\n<div class=\"wpb_text_column wpb_content_element  vc_custom_1715171902007\" >\n\t<div class=\"wpb_wrapper\">\n\t\t<p>El Avi\u00f3n ist eine spanische Marke, die f\u00fcr ihr Engagement bei der Herstellung von hochwertigem Safran bekannt ist, einem gesch\u00e4tzten Gew\u00fcrz, das f\u00fcr seinen reichen Geschmack und seine leuchtende Farbe bekannt ist. Mit einer Geschichte, die bis ins fr\u00fche 20. Jahrhundert zur\u00fcckreicht, setzt El Avi\u00f3n auf traditionelle Anbau- und Erntemethoden, um die Authentizit\u00e4t und Qualit\u00e4t seiner Safranprodukte zu gew\u00e4hrleisten. Die Marke ist Synonym f\u00fcr hochwertigen spanischen Safran und orientiert sich an kulinarischen Enthusiasten und K\u00f6chen, die nach den besten Zutaten f\u00fcr ihre Gerichte suchen.<\/p>\n\t<\/div>\n<\/div>\n\n\n\n\t\t\t\t\n\t\t\t\t\n\t\t\t\t\n\t\t\t\t<div class=\"portfolio-wrap \">\n\t\t\t\t\t\n\t\t\t\t\t\t\t\t\t\t\n\t\t\t\t\t<span class=\"portfolio-loading  none\">   <\/span>\n\t\t\t\t\t\n\t\t\t\t\t\t\t\t\t\t\n\t\t\t\t\t<div class=\"row portfolio-items no-masonry  \" data-rcp=\"false\" data-masonry-type=\"default\" data-ps=\"7\" data-starting-filter=\"\" data-gutter=\"default\" data-categories-to-show=\"el-avion\" data-bypass-cropping=\"\" data-lightbox-only=\"0\" data-col-num=\"cols-4\">\n\t\t\t\t\t\t\t\t\t\t\t\t\n\t\t\t\t\t\t\t\t\t\t\t\t\n\t\t\t\t\t\t<div class=\"col span_3  element el-avion-de produkte salze-und-gewuerze vertretene-marken \"  data-project-cat=\"el-avion-de produkte salze-und-gewuerze vertretene-marken \" data-default-color=\"true\" data-title-color=\"\" data-subtitle-color=\"\">\n\t\t\t\t\t\t\t\n\t\t\t\t\t\t\t<div class=\"inner-wrap animated\" data-animation=\"none\">\n\t\t\t\t\t\t\t\t\n\t\t\t\t\t\t\t\t\t\t\t\t\t\t\t\t\t\n\t\t\t\t\t\t\t\t\t<div class=\"work-item style-2\" data-custom-content=\"off\">\n\t\t\t\t\t\t\t\t\t\t\n\t\t\t\t\t\t\t\t\t\t<img decoding=\"async\" class=\"custom-thumbnail skip-lazy\" src=\"https:\/\/manolos.org\/wp-content\/uploads\/2024\/10\/ElAvion-sazonadorPaella-1.jpg\" alt=\"El Avion. Paella Gew\u00fcrzmischung\" \/>\t\t\t\t\t\t\t\t\t\t\n\t\t\t\t\t\t\t\t\t\t<div class=\"work-info-bg\"><\/div>\n\t\t\t\t\t\t\t\t\t\t<div class=\"work-info\">\n\t\t\t\t\t\t\t\t\t\t\t\n\t\t\t\t\t\t\t\t\t\t\t\t\t\t\t\t\t\t\t\t\t\t\t\n\t\t\t\t\t\t\t\t\t\t\t\t\n\t\t\t\t\t\t\t\t\t\t\t\t\t\t\t\t\t\t\t\t\t\t\t\t\t\n\t\t\t\t\t\t\t\t\t\t\t\t\t<a href=\"https:\/\/manolos.org\/de\/prod\/el-avion-sazonador-paella\/\"><\/a>\n\t\t\t\t\t\t\t\t\t\t\t\t\t\n\t\t\t\t\t\t\t\t\t\t\t\t\t\t\t\t\t\t\t\t\t\t\t\n\t\t\t\t\t\t\t\t\t\t\t\n\t\t\t\t\t\t\t\t\t\t\t<div class=\"vert-center\">\n\t\t\t\t\t\t\t\t\t\t\t\t\t\n\t\t\t\t\t\t\t\t\t\t\t\t\t<h3>El Avion. Paella Gew\u00fcrzmischung<\/h3> \n\t\t\t\t\t\t\t\t\t\t\t\t\t\t\t\t\t\t\t\t\t\t\t\t<\/div><!--\/vert-center-->\n\t\t\t\t\t\t\t\t\t\t\t\n\t\t\t\t\t\t\t\t\t\t<\/div>\n\t\t\t\t\t\t\t\t\t<\/div><!--work-item-->\n\t\t\t\t\t\t\t\t\t\n\t\t\t\t\t\t\t\t\t\t\t\t\t\t\t\t\n\t\t\t\t\t\t\t\t\n\t\t\t\t\t\t\t<\/div><!--\/inner-wrap-->\n\t\t\t\t\t\t<\/div><!--\/col-->\n\t\t\t\t\t\t\n\t\t\t\t\t\t\t\t\t\t\n\t\t\t\t<\/div><!--\/portfolio-->\n\t\t\t<\/div><!--\/portfolio wrap-->\n\t\t\t\n\t\t\t\n\t\t\t<\/div> \n\t\t<\/div>\n\t<\/div> \n<\/div><\/div>\n\t\t<div id=\"grancapirete\"  data-column-margin=\"default\" data-midnight=\"dark\"  class=\"wpb_row vc_row-fluid vc_row full-width-section vc_row-o-equal-height vc_row-flex marcas-representadas top_margin_0px bottom_margin_0px\"  style=\"padding-top: 100px; padding-bottom: 100px; \"><div class=\"row-bg-wrap\" data-bg-animation=\"none\" data-bg-animation-delay=\"\" data-bg-overlay=\"false\"><div class=\"inner-wrap row-bg-layer\" ><div class=\"row-bg viewport-desktop using-bg-color\"  style=\"background-color: #f7f5ed; \"><\/div><\/div><\/div><div class=\"row_col_wrap_12 col span_12 dark left\">\n\t<div  class=\"vc_col-sm-3 wpb_column column_container vc_column_container col no-extra-padding inherit_tablet inherit_phone \"  data-padding-pos=\"all\" data-has-bg-color=\"false\" data-bg-color=\"\" data-bg-opacity=\"1\" data-animation=\"\" data-delay=\"0\" >\n\t\t<div class=\"vc_column-inner\" >\n\t\t\t<div class=\"wpb_wrapper\">\n\t\t\t\t<div class=\"img-with-aniamtion-wrap right\" data-max-width=\"100%\" data-max-width-mobile=\"default\" data-shadow=\"none\" data-animation=\"none\" >\n      <div class=\"inner\">\n        <div class=\"hover-wrap\"> \n          <div class=\"hover-wrap-inner\">\n            <img loading=\"lazy\" decoding=\"async\" class=\"img-with-animation skip-lazy\" data-delay=\"0\" height=\"250\" width=\"250\" data-animation=\"none\" src=\"https:\/\/manolos.org\/wp-content\/uploads\/2024\/11\/capirete.jpg\" alt=\"\" srcset=\"https:\/\/manolos.org\/wp-content\/uploads\/2024\/11\/capirete.jpg 250w, https:\/\/manolos.org\/wp-content\/uploads\/2024\/11\/capirete-150x150.jpg 150w, https:\/\/manolos.org\/wp-content\/uploads\/2024\/11\/capirete-140x140.jpg 140w, https:\/\/manolos.org\/wp-content\/uploads\/2024\/11\/capirete-100x100.jpg 100w, https:\/\/manolos.org\/wp-content\/uploads\/2024\/11\/capirete-120x120.jpg 120w\" sizes=\"auto, (max-width: 250px) 100vw, 250px\" \/>\n          <\/div>\n        <\/div>\n      <\/div>\n    <\/div>\n\t\t\t<\/div> \n\t\t<\/div>\n\t<\/div> \n\n\t<div  class=\"vc_col-sm-9 wpb_column column_container vc_column_container col no-extra-padding inherit_tablet inherit_phone \"  data-padding-pos=\"all\" data-has-bg-color=\"false\" data-bg-color=\"\" data-bg-opacity=\"1\" data-animation=\"\" data-delay=\"0\" >\n\t\t<div class=\"vc_column-inner\" >\n\t\t\t<div class=\"wpb_wrapper\">\n\t\t\t\t\n<div class=\"wpb_text_column wpb_content_element \" >\n\t<div class=\"wpb_wrapper\">\n\t\t<h3>Gran Capirete<\/h3>\n\t<\/div>\n<\/div>\n\n\n\n\n<div class=\"wpb_text_column wpb_content_element  vc_custom_1715172153682\" >\n\t<div class=\"wpb_wrapper\">\n\t\t<p>Jos\u00e9 Pa\u00e9z Lobato ist ein familiengef\u00fchrtes Unternehmen, das sich auf die Herstellung von Sherryessig spezialisiert hat und im Jahr 1933 gegr\u00fcndet wurde. Die Essige von Jos\u00e9 P\u00e1ez Lobato werden aus Palomino- und Pedro-Ximenez-Trauben hergestellt. Die traditionelle Methode der Herstellung in alten amerikanischen Eichenf\u00e4ssern garantiert eine gleichbleibende Qualit\u00e4t bei der Herstellung und Konservierung des Sherryessigs. Capirete Vinagre Reserva 50 Jahre ist ein feiner Sherryessig mit gro\u00dfer Intensit\u00e4t und Aroma, wobei 25% des Essigs \u00fcber 50 Jahre alt und 60% seit mehr als 20 Jahren gereift ist.<\/p>\n\t<\/div>\n<\/div>\n\n\n\n\t\t\t\t\n\t\t\t\t\n\t\t\t\t\n\t\t\t\t<div class=\"portfolio-wrap \">\n\t\t\t\t\t\n\t\t\t\t\t\t\t\t\t\t\n\t\t\t\t\t<span class=\"portfolio-loading  none\">   <\/span>\n\t\t\t\t\t\n\t\t\t\t\t\t\t\t\t\t\n\t\t\t\t\t<div class=\"row portfolio-items no-masonry  \" data-rcp=\"false\" data-masonry-type=\"default\" data-ps=\"7\" data-starting-filter=\"\" data-gutter=\"default\" data-categories-to-show=\"gran-capirete\" data-bypass-cropping=\"\" data-lightbox-only=\"0\" data-col-num=\"cols-4\">\n\t\t\t\t\t\t\t\t\t\t\t\t\n\t\t\t\t\t\t\t\t\t\t\t\t\n\t\t\t\t\t\t<div class=\"col span_3  element gran-capirete-de oele-und-essigsorten produkte vertretene-marken \"  data-project-cat=\"gran-capirete-de oele-und-essigsorten produkte vertretene-marken \" data-default-color=\"true\" data-title-color=\"\" data-subtitle-color=\"\">\n\t\t\t\t\t\t\t\n\t\t\t\t\t\t\t<div class=\"inner-wrap animated\" data-animation=\"none\">\n\t\t\t\t\t\t\t\t\n\t\t\t\t\t\t\t\t\t\t\t\t\t\t\t\t\t\n\t\t\t\t\t\t\t\t\t<div class=\"work-item style-2\" data-custom-content=\"off\">\n\t\t\t\t\t\t\t\t\t\t\n\t\t\t\t\t\t\t\t\t\t<img decoding=\"async\" class=\"custom-thumbnail skip-lazy\" src=\"https:\/\/manolos.org\/wp-content\/uploads\/2024\/10\/grancapirete-vinagre.jpg\" alt=\"El Gran Capirete. Sherryessig\" \/>\t\t\t\t\t\t\t\t\t\t\n\t\t\t\t\t\t\t\t\t\t<div class=\"work-info-bg\"><\/div>\n\t\t\t\t\t\t\t\t\t\t<div class=\"work-info\">\n\t\t\t\t\t\t\t\t\t\t\t\n\t\t\t\t\t\t\t\t\t\t\t\t\t\t\t\t\t\t\t\t\t\t\t\n\t\t\t\t\t\t\t\t\t\t\t\t\n\t\t\t\t\t\t\t\t\t\t\t\t\t\t\t\t\t\t\t\t\t\t\t\t\t\n\t\t\t\t\t\t\t\t\t\t\t\t\t<a href=\"https:\/\/manolos.org\/de\/prod\/el-gran-capirete-sherryessig\/\"><\/a>\n\t\t\t\t\t\t\t\t\t\t\t\t\t\n\t\t\t\t\t\t\t\t\t\t\t\t\t\t\t\t\t\t\t\t\t\t\t\n\t\t\t\t\t\t\t\t\t\t\t\n\t\t\t\t\t\t\t\t\t\t\t<div class=\"vert-center\">\n\t\t\t\t\t\t\t\t\t\t\t\t\t\n\t\t\t\t\t\t\t\t\t\t\t\t\t<h3>El Gran Capirete. Sherryessig<\/h3> \n\t\t\t\t\t\t\t\t\t\t\t\t\t\t\t\t\t\t\t\t\t\t\t\t<\/div><!--\/vert-center-->\n\t\t\t\t\t\t\t\t\t\t\t\n\t\t\t\t\t\t\t\t\t\t<\/div>\n\t\t\t\t\t\t\t\t\t<\/div><!--work-item-->\n\t\t\t\t\t\t\t\t\t\n\t\t\t\t\t\t\t\t\t\t\t\t\t\t\t\t\n\t\t\t\t\t\t\t\t\n\t\t\t\t\t\t\t<\/div><!--\/inner-wrap-->\n\t\t\t\t\t\t<\/div><!--\/col-->\n\t\t\t\t\t\t\n\t\t\t\t\t\t\t\t\t\t\n\t\t\t\t<\/div><!--\/portfolio-->\n\t\t\t<\/div><!--\/portfolio wrap-->\n\t\t\t\n\t\t\t\n\t\t\t<\/div> \n\t\t<\/div>\n\t<\/div> \n<\/div><\/div>\n\t\t<div id=\"havanna\"  data-column-margin=\"default\" data-midnight=\"dark\"  class=\"wpb_row vc_row-fluid vc_row full-width-section vc_row-o-equal-height vc_row-flex marcas-representadas top_margin_0px bottom_margin_0px\"  style=\"padding-top: 100px; padding-bottom: 100px; \"><div class=\"row-bg-wrap\" data-bg-animation=\"none\" data-bg-animation-delay=\"\" data-bg-overlay=\"false\"><div class=\"inner-wrap row-bg-layer\" ><div class=\"row-bg viewport-desktop using-bg-color\"  style=\"background-color: #ffffff; \"><\/div><\/div><\/div><div class=\"row_col_wrap_12 col span_12 dark left\">\n\t<div  class=\"vc_col-sm-3 wpb_column column_container vc_column_container col no-extra-padding inherit_tablet inherit_phone \"  data-padding-pos=\"all\" data-has-bg-color=\"false\" data-bg-color=\"\" data-bg-opacity=\"1\" data-animation=\"\" data-delay=\"0\" >\n\t\t<div class=\"vc_column-inner\" >\n\t\t\t<div class=\"wpb_wrapper\">\n\t\t\t\t<div class=\"img-with-aniamtion-wrap right\" data-max-width=\"100%\" data-max-width-mobile=\"default\" data-shadow=\"none\" data-animation=\"none\" >\n      <div class=\"inner\">\n        <div class=\"hover-wrap\"> \n          <div class=\"hover-wrap-inner\">\n            <img loading=\"lazy\" decoding=\"async\" class=\"img-with-animation skip-lazy\" data-delay=\"0\" height=\"250\" width=\"250\" data-animation=\"none\" src=\"https:\/\/manolos.org\/wp-content\/uploads\/2024\/11\/logo-havanna.jpg\" alt=\"\" srcset=\"https:\/\/manolos.org\/wp-content\/uploads\/2024\/11\/logo-havanna.jpg 250w, https:\/\/manolos.org\/wp-content\/uploads\/2024\/11\/logo-havanna-150x150.jpg 150w, https:\/\/manolos.org\/wp-content\/uploads\/2024\/11\/logo-havanna-140x140.jpg 140w, https:\/\/manolos.org\/wp-content\/uploads\/2024\/11\/logo-havanna-100x100.jpg 100w, https:\/\/manolos.org\/wp-content\/uploads\/2024\/11\/logo-havanna-120x120.jpg 120w\" sizes=\"auto, (max-width: 250px) 100vw, 250px\" \/>\n          <\/div>\n        <\/div>\n      <\/div>\n    <\/div>\n\t\t\t<\/div> \n\t\t<\/div>\n\t<\/div> \n\n\t<div  class=\"vc_col-sm-9 wpb_column column_container vc_column_container col no-extra-padding inherit_tablet inherit_phone \"  data-padding-pos=\"all\" data-has-bg-color=\"false\" data-bg-color=\"\" data-bg-opacity=\"1\" data-animation=\"\" data-delay=\"0\" >\n\t\t<div class=\"vc_column-inner\" >\n\t\t\t<div class=\"wpb_wrapper\">\n\t\t\t\t\n<div class=\"wpb_text_column wpb_content_element \" >\n\t<div class=\"wpb_wrapper\">\n\t\t<h3>Havanna<\/h3>\n\t<\/div>\n<\/div>\n\n\n\n\n<div class=\"wpb_text_column wpb_content_element  vc_custom_1715172261850\" >\n\t<div class=\"wpb_wrapper\">\n\t\t<p>Havanna, eine emblematische Marke aus Argentinien, ist bekannt f\u00fcr ihre hochwertigen Alfajores, eine traditionelle s\u00fcdamerikanische S\u00fc\u00dfspeise. Havanna wurde 1947 gegr\u00fcndet und ist bekannt f\u00fcr sein Engagement bei der Verwendung hochwertiger Zutaten, einschlie\u00dflich Dulce de Leche, und die pr\u00e4zise und fachkundige Herstellung dieser k\u00f6stlichen Leckereien. Die Marke ist zum Synonym f\u00fcr s\u00fc\u00dfen Genuss geworden und verk\u00f6rpert die Essenz der argentinischen K\u00fcche.<\/p>\n\t<\/div>\n<\/div>\n\n\n\n\t\t\t\t\n\t\t\t\t\n\t\t\t\t\n\t\t\t\t<div class=\"portfolio-wrap \">\n\t\t\t\t\t\n\t\t\t\t\t\t\t\t\t\t\n\t\t\t\t\t<span class=\"portfolio-loading  none\">   <\/span>\n\t\t\t\t\t\n\t\t\t\t\t\t\t\t\t\t\n\t\t\t\t\t<div class=\"row portfolio-items no-masonry  \" data-rcp=\"false\" data-masonry-type=\"default\" data-ps=\"7\" data-starting-filter=\"\" data-gutter=\"default\" data-categories-to-show=\"havanna\" data-bypass-cropping=\"\" data-lightbox-only=\"0\" data-col-num=\"cols-4\">\n\t\t\t\t\t\t\t\t\t\t\t\t\n\t\t\t\t\t\t\t\t\t\t\t\t\n\t\t\t\t\t\t<div class=\"col span_3  element havanna-de produkte suesses vertretene-marken \"  data-project-cat=\"havanna-de produkte suesses vertretene-marken \" data-default-color=\"true\" data-title-color=\"\" data-subtitle-color=\"\">\n\t\t\t\t\t\t\t\n\t\t\t\t\t\t\t<div class=\"inner-wrap animated\" data-animation=\"none\">\n\t\t\t\t\t\t\t\t\n\t\t\t\t\t\t\t\t\t\t\t\t\t\t\t\t\t\n\t\t\t\t\t\t\t\t\t<div class=\"work-item style-2\" data-custom-content=\"off\">\n\t\t\t\t\t\t\t\t\t\t\n\t\t\t\t\t\t\t\t\t\t<img decoding=\"async\" class=\"custom-thumbnail skip-lazy\" src=\"https:\/\/manolos.org\/wp-content\/uploads\/2024\/11\/havanna-dulceleche400-1.jpg\" alt=\"Havanna. Dulce de leche\" \/>\t\t\t\t\t\t\t\t\t\t\n\t\t\t\t\t\t\t\t\t\t<div class=\"work-info-bg\"><\/div>\n\t\t\t\t\t\t\t\t\t\t<div class=\"work-info\">\n\t\t\t\t\t\t\t\t\t\t\t\n\t\t\t\t\t\t\t\t\t\t\t\t\t\t\t\t\t\t\t\t\t\t\t\n\t\t\t\t\t\t\t\t\t\t\t\t\n\t\t\t\t\t\t\t\t\t\t\t\t\t\t\t\t\t\t\t\t\t\t\t\t\t\n\t\t\t\t\t\t\t\t\t\t\t\t\t<a href=\"https:\/\/manolos.org\/de\/prod\/havanna-dulce-de-leche-400\/\"><\/a>\n\t\t\t\t\t\t\t\t\t\t\t\t\t\n\t\t\t\t\t\t\t\t\t\t\t\t\t\t\t\t\t\t\t\t\t\t\t\n\t\t\t\t\t\t\t\t\t\t\t\n\t\t\t\t\t\t\t\t\t\t\t<div class=\"vert-center\">\n\t\t\t\t\t\t\t\t\t\t\t\t\t\n\t\t\t\t\t\t\t\t\t\t\t\t\t<h3>Havanna. Dulce de leche<\/h3> \n\t\t\t\t\t\t\t\t\t\t\t\t\t\t\t\t\t\t\t\t\t\t\t\t<\/div><!--\/vert-center-->\n\t\t\t\t\t\t\t\t\t\t\t\n\t\t\t\t\t\t\t\t\t\t<\/div>\n\t\t\t\t\t\t\t\t\t<\/div><!--work-item-->\n\t\t\t\t\t\t\t\t\t\n\t\t\t\t\t\t\t\t\t\t\t\t\t\t\t\t\n\t\t\t\t\t\t\t\t\n\t\t\t\t\t\t\t<\/div><!--\/inner-wrap-->\n\t\t\t\t\t\t<\/div><!--\/col-->\n\t\t\t\t\t\t\n\t\t\t\t\t\t\t\t\t\t\t\n\t\t\t\t\t\t\t\t\t\t\t\t\n\t\t\t\t\t\t<div class=\"col span_3  element havanna-de produkte suesses vertretene-marken \"  data-project-cat=\"havanna-de produkte suesses vertretene-marken \" data-default-color=\"true\" data-title-color=\"\" data-subtitle-color=\"\">\n\t\t\t\t\t\t\t\n\t\t\t\t\t\t\t<div class=\"inner-wrap animated\" data-animation=\"none\">\n\t\t\t\t\t\t\t\t\n\t\t\t\t\t\t\t\t\t\t\t\t\t\t\t\t\t\n\t\t\t\t\t\t\t\t\t<div class=\"work-item style-2\" data-custom-content=\"off\">\n\t\t\t\t\t\t\t\t\t\t\n\t\t\t\t\t\t\t\t\t\t<img decoding=\"async\" class=\"custom-thumbnail skip-lazy\" src=\"https:\/\/manolos.org\/wp-content\/uploads\/2024\/11\/havanna-dulceleche250-1.jpg\" alt=\"Havanna. Dulce de leche\" \/>\t\t\t\t\t\t\t\t\t\t\n\t\t\t\t\t\t\t\t\t\t<div class=\"work-info-bg\"><\/div>\n\t\t\t\t\t\t\t\t\t\t<div class=\"work-info\">\n\t\t\t\t\t\t\t\t\t\t\t\n\t\t\t\t\t\t\t\t\t\t\t\t\t\t\t\t\t\t\t\t\t\t\t\n\t\t\t\t\t\t\t\t\t\t\t\t\n\t\t\t\t\t\t\t\t\t\t\t\t\t\t\t\t\t\t\t\t\t\t\t\t\t\n\t\t\t\t\t\t\t\t\t\t\t\t\t<a href=\"https:\/\/manolos.org\/de\/prod\/havanna-dulce-de-leche\/\"><\/a>\n\t\t\t\t\t\t\t\t\t\t\t\t\t\n\t\t\t\t\t\t\t\t\t\t\t\t\t\t\t\t\t\t\t\t\t\t\t\n\t\t\t\t\t\t\t\t\t\t\t\n\t\t\t\t\t\t\t\t\t\t\t<div class=\"vert-center\">\n\t\t\t\t\t\t\t\t\t\t\t\t\t\n\t\t\t\t\t\t\t\t\t\t\t\t\t<h3>Havanna. Dulce de leche<\/h3> \n\t\t\t\t\t\t\t\t\t\t\t\t\t\t\t\t\t\t\t\t\t\t\t\t<\/div><!--\/vert-center-->\n\t\t\t\t\t\t\t\t\t\t\t\n\t\t\t\t\t\t\t\t\t\t<\/div>\n\t\t\t\t\t\t\t\t\t<\/div><!--work-item-->\n\t\t\t\t\t\t\t\t\t\n\t\t\t\t\t\t\t\t\t\t\t\t\t\t\t\t\n\t\t\t\t\t\t\t\t\n\t\t\t\t\t\t\t<\/div><!--\/inner-wrap-->\n\t\t\t\t\t\t<\/div><!--\/col-->\n\t\t\t\t\t\t\n\t\t\t\t\t\t\t\t\t\t\n\t\t\t\t<\/div><!--\/portfolio-->\n\t\t\t<\/div><!--\/portfolio wrap-->\n\t\t\t\n\t\t\t\n\t\t\t<\/div> \n\t\t<\/div>\n\t<\/div> \n<\/div><\/div>\n\t\t<div id=\"hida\"  data-column-margin=\"default\" data-midnight=\"dark\"  class=\"wpb_row vc_row-fluid vc_row full-width-section vc_row-o-equal-height vc_row-flex marcas-representadas top_margin_0px bottom_margin_0px\"  style=\"padding-top: 100px; padding-bottom: 100px; \"><div class=\"row-bg-wrap\" data-bg-animation=\"none\" data-bg-animation-delay=\"\" data-bg-overlay=\"false\"><div class=\"inner-wrap row-bg-layer\" ><div class=\"row-bg viewport-desktop using-bg-color\"  style=\"background-color: #f7f5ed; \"><\/div><\/div><\/div><div class=\"row_col_wrap_12 col span_12 dark left\">\n\t<div  class=\"vc_col-sm-3 wpb_column column_container vc_column_container col no-extra-padding inherit_tablet inherit_phone \"  data-padding-pos=\"all\" data-has-bg-color=\"false\" data-bg-color=\"\" data-bg-opacity=\"1\" data-animation=\"\" data-delay=\"0\" >\n\t\t<div class=\"vc_column-inner\" >\n\t\t\t<div class=\"wpb_wrapper\">\n\t\t\t\t<div class=\"img-with-aniamtion-wrap right\" data-max-width=\"100%\" data-max-width-mobile=\"default\" data-shadow=\"none\" data-animation=\"none\" >\n      <div class=\"inner\">\n        <div class=\"hover-wrap\"> \n          <div class=\"hover-wrap-inner\">\n            <img loading=\"lazy\" decoding=\"async\" class=\"img-with-animation skip-lazy\" data-delay=\"0\" height=\"250\" width=\"250\" data-animation=\"none\" src=\"https:\/\/manolos.org\/wp-content\/uploads\/2024\/11\/logo-hida.jpg\" alt=\"\" srcset=\"https:\/\/manolos.org\/wp-content\/uploads\/2024\/11\/logo-hida.jpg 250w, https:\/\/manolos.org\/wp-content\/uploads\/2024\/11\/logo-hida-150x150.jpg 150w, https:\/\/manolos.org\/wp-content\/uploads\/2024\/11\/logo-hida-140x140.jpg 140w, https:\/\/manolos.org\/wp-content\/uploads\/2024\/11\/logo-hida-100x100.jpg 100w, https:\/\/manolos.org\/wp-content\/uploads\/2024\/11\/logo-hida-120x120.jpg 120w\" sizes=\"auto, (max-width: 250px) 100vw, 250px\" \/>\n          <\/div>\n        <\/div>\n      <\/div>\n    <\/div>\n\t\t\t<\/div> \n\t\t<\/div>\n\t<\/div> \n\n\t<div  class=\"vc_col-sm-9 wpb_column column_container vc_column_container col no-extra-padding inherit_tablet inherit_phone \"  data-padding-pos=\"all\" data-has-bg-color=\"false\" data-bg-color=\"\" data-bg-opacity=\"1\" data-animation=\"\" data-delay=\"0\" >\n\t\t<div class=\"vc_column-inner\" >\n\t\t\t<div class=\"wpb_wrapper\">\n\t\t\t\t\n<div class=\"wpb_text_column wpb_content_element \" >\n\t<div class=\"wpb_wrapper\">\n\t\t<h3>Hida<\/h3>\n\t<\/div>\n<\/div>\n\n\n\n\n<div class=\"wpb_text_column wpb_content_element  vc_custom_1715172421915\" >\n\t<div class=\"wpb_wrapper\">\n\t\t<p>Hida Alimentaci\u00f3n hat es sich zur Aufgabe gemacht, die traditionell hausgemachten Zubereitungen mit industrieller Produktion zu verbinden, wobei der Schwerpunkt auf Tomatensofritos aus Zutaten der spanischen G\u00e4rten liegt. Das Unternehmen verf\u00fcgt \u00fcber moderne Anlagen mit einer Fl\u00e4che von mehr als 30.000 m\u00b2 in Mula (Murcia), die mit neuester Technologie und innovativen B\u00fcros ausgestattet sind. Sein Engagement f\u00fcr Qualit\u00e4t spiegelt sich in einer Qualit\u00e4tsabteilung wider, die sich aus Ingenieuren und Chemikern zusammensetzt, die die Prozesse, die R\u00fcckverfolgbarkeit und die Innovation \u00fcberwachen, um Produkte zu garantieren, die mit den besten Rohstoffen aus dem spanischen Gem\u00fcseanbau hergestellt werden.<\/p>\n\t<\/div>\n<\/div>\n\n\n\n\t\t\t\t\n\t\t\t\t\n\t\t\t\t\n\t\t\t\t<div class=\"portfolio-wrap \">\n\t\t\t\t\t\n\t\t\t\t\t\t\t\t\t\t\n\t\t\t\t\t<span class=\"portfolio-loading  none\">   <\/span>\n\t\t\t\t\t\n\t\t\t\t\t\t\t\t\t\t\n\t\t\t\t\t<div class=\"row portfolio-items no-masonry  \" data-rcp=\"false\" data-masonry-type=\"default\" data-ps=\"7\" data-starting-filter=\"\" data-gutter=\"default\" data-categories-to-show=\"hida\" data-bypass-cropping=\"\" data-lightbox-only=\"0\" data-col-num=\"cols-4\">\n\t\t\t\t\t\t\t\t\t\t\t\t\n\t\t\t\t\t\t\t\t\t\t\t\t\n\t\t\t\t\t\t<div class=\"col span_3  element hida-de produkte tomate-gazpacho-gemuesekonserven vertretene-marken \"  data-project-cat=\"hida-de produkte tomate-gazpacho-gemuesekonserven vertretene-marken \" data-default-color=\"true\" data-title-color=\"\" data-subtitle-color=\"\">\n\t\t\t\t\t\t\t\n\t\t\t\t\t\t\t<div class=\"inner-wrap animated\" data-animation=\"none\">\n\t\t\t\t\t\t\t\t\n\t\t\t\t\t\t\t\t\t\t\t\t\t\t\t\t\t\n\t\t\t\t\t\t\t\t\t<div class=\"work-item style-2\" data-custom-content=\"off\">\n\t\t\t\t\t\t\t\t\t\t\n\t\t\t\t\t\t\t\t\t\t<img decoding=\"async\" class=\"custom-thumbnail skip-lazy\" src=\"https:\/\/manolos.org\/wp-content\/uploads\/2024\/11\/Hida-gazpacho.jpg\" alt=\"Hida. Gazpacho\" \/>\t\t\t\t\t\t\t\t\t\t\n\t\t\t\t\t\t\t\t\t\t<div class=\"work-info-bg\"><\/div>\n\t\t\t\t\t\t\t\t\t\t<div class=\"work-info\">\n\t\t\t\t\t\t\t\t\t\t\t\n\t\t\t\t\t\t\t\t\t\t\t\t\t\t\t\t\t\t\t\t\t\t\t\n\t\t\t\t\t\t\t\t\t\t\t\t\n\t\t\t\t\t\t\t\t\t\t\t\t\t\t\t\t\t\t\t\t\t\t\t\t\t\n\t\t\t\t\t\t\t\t\t\t\t\t\t<a href=\"https:\/\/manolos.org\/de\/prod\/hida-gazpacho\/\"><\/a>\n\t\t\t\t\t\t\t\t\t\t\t\t\t\n\t\t\t\t\t\t\t\t\t\t\t\t\t\t\t\t\t\t\t\t\t\t\t\n\t\t\t\t\t\t\t\t\t\t\t\n\t\t\t\t\t\t\t\t\t\t\t<div class=\"vert-center\">\n\t\t\t\t\t\t\t\t\t\t\t\t\t\n\t\t\t\t\t\t\t\t\t\t\t\t\t<h3>Hida. Gazpacho<\/h3> \n\t\t\t\t\t\t\t\t\t\t\t\t\t\t\t\t\t\t\t\t\t\t\t\t<\/div><!--\/vert-center-->\n\t\t\t\t\t\t\t\t\t\t\t\n\t\t\t\t\t\t\t\t\t\t<\/div>\n\t\t\t\t\t\t\t\t\t<\/div><!--work-item-->\n\t\t\t\t\t\t\t\t\t\n\t\t\t\t\t\t\t\t\t\t\t\t\t\t\t\t\n\t\t\t\t\t\t\t\t\n\t\t\t\t\t\t\t<\/div><!--\/inner-wrap-->\n\t\t\t\t\t\t<\/div><!--\/col-->\n\t\t\t\t\t\t\n\t\t\t\t\t\t\t\t\t\t\n\t\t\t\t<\/div><!--\/portfolio-->\n\t\t\t<\/div><!--\/portfolio wrap-->\n\t\t\t\n\t\t\t\n\t\t\t<\/div> \n\t\t<\/div>\n\t<\/div> \n<\/div><\/div>\n\t\t<div id=\"laespanola\"  data-column-margin=\"default\" data-midnight=\"dark\"  class=\"wpb_row vc_row-fluid vc_row full-width-section vc_row-o-equal-height vc_row-flex marcas-representadas top_margin_0px bottom_margin_0px\"  style=\"padding-top: 100px; padding-bottom: 100px; \"><div class=\"row-bg-wrap\" data-bg-animation=\"none\" data-bg-animation-delay=\"\" data-bg-overlay=\"false\"><div class=\"inner-wrap row-bg-layer\" ><div class=\"row-bg viewport-desktop using-bg-color\"  style=\"background-color: #ffffff; \"><\/div><\/div><\/div><div class=\"row_col_wrap_12 col span_12 dark left\">\n\t<div  class=\"vc_col-sm-3 wpb_column column_container vc_column_container col no-extra-padding inherit_tablet inherit_phone \"  data-padding-pos=\"all\" data-has-bg-color=\"false\" data-bg-color=\"\" data-bg-opacity=\"1\" data-animation=\"\" data-delay=\"0\" >\n\t\t<div class=\"vc_column-inner\" >\n\t\t\t<div class=\"wpb_wrapper\">\n\t\t\t\t<div class=\"img-with-aniamtion-wrap right\" data-max-width=\"100%\" data-max-width-mobile=\"default\" data-shadow=\"none\" data-animation=\"none\" >\n      <div class=\"inner\">\n        <div class=\"hover-wrap\"> \n          <div class=\"hover-wrap-inner\">\n            <img loading=\"lazy\" decoding=\"async\" class=\"img-with-animation skip-lazy\" data-delay=\"0\" height=\"250\" width=\"250\" data-animation=\"none\" src=\"https:\/\/manolos.org\/wp-content\/uploads\/2025\/07\/laespanola.png\" alt=\"\" srcset=\"https:\/\/manolos.org\/wp-content\/uploads\/2025\/07\/laespanola.png 250w, https:\/\/manolos.org\/wp-content\/uploads\/2025\/07\/laespanola-150x150.png 150w, https:\/\/manolos.org\/wp-content\/uploads\/2025\/07\/laespanola-140x140.png 140w, https:\/\/manolos.org\/wp-content\/uploads\/2025\/07\/laespanola-100x100.png 100w, https:\/\/manolos.org\/wp-content\/uploads\/2025\/07\/laespanola-120x120.png 120w\" sizes=\"auto, (max-width: 250px) 100vw, 250px\" \/>\n          <\/div>\n        <\/div>\n      <\/div>\n    <\/div>\n\t\t\t<\/div> \n\t\t<\/div>\n\t<\/div> \n\n\t<div  class=\"vc_col-sm-9 wpb_column column_container vc_column_container col no-extra-padding inherit_tablet inherit_phone \"  data-padding-pos=\"all\" data-has-bg-color=\"false\" data-bg-color=\"\" data-bg-opacity=\"1\" data-animation=\"\" data-delay=\"0\" >\n\t\t<div class=\"vc_column-inner\" >\n\t\t\t<div class=\"wpb_wrapper\">\n\t\t\t\t\n<div class=\"wpb_text_column wpb_content_element \" >\n\t<div class=\"wpb_wrapper\">\n\t\t<h3>La Espa\u00f1ola<\/h3>\n\t<\/div>\n<\/div>\n\n\n\n\n<div class=\"wpb_text_column wpb_content_element  vc_custom_1753438319038\" >\n\t<div class=\"wpb_wrapper\">\n\t\t<p>La Espa\u00f1ola ist eine renommierte Marke f\u00fcr Oliven und Oliven\u00f6lprodukte mit \u00fcber 75 Jahren Erfahrung. Gegr\u00fcndet in Spanien, vereint sie mediterrane Tradition mit h\u00f6chsten Qualit\u00e4tsstandards. Das Sortiment umfasst gr\u00fcne, schwarze und gef\u00fcllte Oliven. Die Produkte sind in \u00fcber 100 L\u00e4ndern erh\u00e4ltlich und bringen den authentischen Geschmack Spaniens zu Verbrauchern auf der ganzen Welt.<\/p>\n\t<\/div>\n<\/div>\n\n\n\n\t\t\t\t\n\t\t\t\t\n\t\t\t\t\n\t\t\t\t<div class=\"portfolio-wrap \">\n\t\t\t\t\t\n\t\t\t\t\t\t\t\t\t\t\n\t\t\t\t\t<span class=\"portfolio-loading  none\">   <\/span>\n\t\t\t\t\t\n\t\t\t\t\t\t\t\t\t\t\n\t\t\t\t\t<div class=\"row portfolio-items no-masonry  \" data-rcp=\"false\" data-masonry-type=\"default\" data-ps=\"7\" data-starting-filter=\"\" data-gutter=\"default\" data-categories-to-show=\"la-espanola-de\" data-bypass-cropping=\"\" data-lightbox-only=\"0\" data-col-num=\"cols-4\">\n\t\t\t\t\t\t\t\t\t\t\t\t\n\t\t\t\t\t\t\t\t\t\t\t\t\n\t\t\t\t\t\t<div class=\"col span_3  element la-espanola-de produkte saucen-konfitueren-chutneys vertretene-marken \"  data-project-cat=\"la-espanola-de produkte saucen-konfitueren-chutneys vertretene-marken \" data-default-color=\"true\" data-title-color=\"\" data-subtitle-color=\"\">\n\t\t\t\t\t\t\t\n\t\t\t\t\t\t\t<div class=\"inner-wrap animated\" data-animation=\"none\">\n\t\t\t\t\t\t\t\t\n\t\t\t\t\t\t\t\t\t\t\t\t\t\t\t\t\t\n\t\t\t\t\t\t\t\t\t<div class=\"work-item style-2\" data-custom-content=\"off\">\n\t\t\t\t\t\t\t\t\t\t\n\t\t\t\t\t\t\t\t\t\t<img decoding=\"async\" class=\"custom-thumbnail skip-lazy\" src=\"https:\/\/manolos.org\/wp-content\/uploads\/2025\/07\/olimole.png\" alt=\"La Espa\u00f1ola OLIMOLE Olivenaufstrich Guacamole Style\" \/>\t\t\t\t\t\t\t\t\t\t\n\t\t\t\t\t\t\t\t\t\t<div class=\"work-info-bg\"><\/div>\n\t\t\t\t\t\t\t\t\t\t<div class=\"work-info\">\n\t\t\t\t\t\t\t\t\t\t\t\n\t\t\t\t\t\t\t\t\t\t\t\t\t\t\t\t\t\t\t\t\t\t\t\n\t\t\t\t\t\t\t\t\t\t\t\t\n\t\t\t\t\t\t\t\t\t\t\t\t\t\t\t\t\t\t\t\t\t\t\t\t\t\n\t\t\t\t\t\t\t\t\t\t\t\t\t<a href=\"https:\/\/manolos.org\/de\/prod\/la-espanola-olimole-olivenaufstrich-guacamole-style\/\"><\/a>\n\t\t\t\t\t\t\t\t\t\t\t\t\t\n\t\t\t\t\t\t\t\t\t\t\t\t\t\t\t\t\t\t\t\t\t\t\t\n\t\t\t\t\t\t\t\t\t\t\t\n\t\t\t\t\t\t\t\t\t\t\t<div class=\"vert-center\">\n\t\t\t\t\t\t\t\t\t\t\t\t\t\n\t\t\t\t\t\t\t\t\t\t\t\t\t<h3>La Espa\u00f1ola OLIMOLE Olivenaufstrich Guacamole Style<\/h3> \n\t\t\t\t\t\t\t\t\t\t\t\t\t\t\t\t\t\t\t\t\t\t\t\t<\/div><!--\/vert-center-->\n\t\t\t\t\t\t\t\t\t\t\t\n\t\t\t\t\t\t\t\t\t\t<\/div>\n\t\t\t\t\t\t\t\t\t<\/div><!--work-item-->\n\t\t\t\t\t\t\t\t\t\n\t\t\t\t\t\t\t\t\t\t\t\t\t\t\t\t\n\t\t\t\t\t\t\t\t\n\t\t\t\t\t\t\t<\/div><!--\/inner-wrap-->\n\t\t\t\t\t\t<\/div><!--\/col-->\n\t\t\t\t\t\t\n\t\t\t\t\t\t\t\t\t\t\t\n\t\t\t\t\t\t\t\t\t\t\t\t\n\t\t\t\t\t\t<div class=\"col span_3  element la-espanola-de oliven-und-essiggurken produkte vertretene-marken \"  data-project-cat=\"la-espanola-de oliven-und-essiggurken produkte vertretene-marken \" data-default-color=\"true\" data-title-color=\"\" data-subtitle-color=\"\">\n\t\t\t\t\t\t\t\n\t\t\t\t\t\t\t<div class=\"inner-wrap animated\" data-animation=\"none\">\n\t\t\t\t\t\t\t\t\n\t\t\t\t\t\t\t\t\t\t\t\t\t\t\t\t\t\n\t\t\t\t\t\t\t\t\t<div class=\"work-item style-2\" data-custom-content=\"off\">\n\t\t\t\t\t\t\t\t\t\t\n\t\t\t\t\t\t\t\t\t\t<img decoding=\"async\" class=\"custom-thumbnail skip-lazy\" src=\"https:\/\/manolos.org\/wp-content\/uploads\/2025\/09\/laespanola-limon.jpg\" alt=\"La Espa\u00f1ola. Gr\u00fcne Manzanilla-Oliven, gef\u00fcllt mit Zitrone\" \/>\t\t\t\t\t\t\t\t\t\t\n\t\t\t\t\t\t\t\t\t\t<div class=\"work-info-bg\"><\/div>\n\t\t\t\t\t\t\t\t\t\t<div class=\"work-info\">\n\t\t\t\t\t\t\t\t\t\t\t\n\t\t\t\t\t\t\t\t\t\t\t\t\t\t\t\t\t\t\t\t\t\t\t\n\t\t\t\t\t\t\t\t\t\t\t\t\n\t\t\t\t\t\t\t\t\t\t\t\t\t\t\t\t\t\t\t\t\t\t\t\t\t\n\t\t\t\t\t\t\t\t\t\t\t\t\t<a href=\"https:\/\/manolos.org\/de\/prod\/la-espanola-gruene-manzanilla-oliven-gefuellt-mit-zitrone\/\"><\/a>\n\t\t\t\t\t\t\t\t\t\t\t\t\t\n\t\t\t\t\t\t\t\t\t\t\t\t\t\t\t\t\t\t\t\t\t\t\t\n\t\t\t\t\t\t\t\t\t\t\t\n\t\t\t\t\t\t\t\t\t\t\t<div class=\"vert-center\">\n\t\t\t\t\t\t\t\t\t\t\t\t\t\n\t\t\t\t\t\t\t\t\t\t\t\t\t<h3>La Espa\u00f1ola. Gr\u00fcne Manzanilla-Oliven, gef\u00fcllt mit Zitrone<\/h3> \n\t\t\t\t\t\t\t\t\t\t\t\t\t\t\t\t\t\t\t\t\t\t\t\t<\/div><!--\/vert-center-->\n\t\t\t\t\t\t\t\t\t\t\t\n\t\t\t\t\t\t\t\t\t\t<\/div>\n\t\t\t\t\t\t\t\t\t<\/div><!--work-item-->\n\t\t\t\t\t\t\t\t\t\n\t\t\t\t\t\t\t\t\t\t\t\t\t\t\t\t\n\t\t\t\t\t\t\t\t\n\t\t\t\t\t\t\t<\/div><!--\/inner-wrap-->\n\t\t\t\t\t\t<\/div><!--\/col-->\n\t\t\t\t\t\t\n\t\t\t\t\t\t\t\t\t\t\t\n\t\t\t\t\t\t\t\t\t\t\t\t\n\t\t\t\t\t\t<div class=\"col span_3  element la-espanola-de oliven-und-essiggurken produkte vertretene-marken \"  data-project-cat=\"la-espanola-de oliven-und-essiggurken produkte vertretene-marken \" data-default-color=\"true\" data-title-color=\"\" data-subtitle-color=\"\">\n\t\t\t\t\t\t\t\n\t\t\t\t\t\t\t<div class=\"inner-wrap animated\" data-animation=\"none\">\n\t\t\t\t\t\t\t\t\n\t\t\t\t\t\t\t\t\t\t\t\t\t\t\t\t\t\n\t\t\t\t\t\t\t\t\t<div class=\"work-item style-2\" data-custom-content=\"off\">\n\t\t\t\t\t\t\t\t\t\t\n\t\t\t\t\t\t\t\t\t\t<img decoding=\"async\" class=\"custom-thumbnail skip-lazy\" src=\"https:\/\/manolos.org\/wp-content\/uploads\/2025\/09\/laespanola-trufa.jpg\" alt=\"La Espa\u00f1ola. Gr\u00fcne Manzanilla-Oliven, gef\u00fcllt mit Tr\u00fcffel\" \/>\t\t\t\t\t\t\t\t\t\t\n\t\t\t\t\t\t\t\t\t\t<div class=\"work-info-bg\"><\/div>\n\t\t\t\t\t\t\t\t\t\t<div class=\"work-info\">\n\t\t\t\t\t\t\t\t\t\t\t\n\t\t\t\t\t\t\t\t\t\t\t\t\t\t\t\t\t\t\t\t\t\t\t\n\t\t\t\t\t\t\t\t\t\t\t\t\n\t\t\t\t\t\t\t\t\t\t\t\t\t\t\t\t\t\t\t\t\t\t\t\t\t\n\t\t\t\t\t\t\t\t\t\t\t\t\t<a href=\"https:\/\/manolos.org\/de\/prod\/la-espanola-gruene-manzanilla-oliven-gefuellt-mit-trueffel\/\"><\/a>\n\t\t\t\t\t\t\t\t\t\t\t\t\t\n\t\t\t\t\t\t\t\t\t\t\t\t\t\t\t\t\t\t\t\t\t\t\t\n\t\t\t\t\t\t\t\t\t\t\t\n\t\t\t\t\t\t\t\t\t\t\t<div class=\"vert-center\">\n\t\t\t\t\t\t\t\t\t\t\t\t\t\n\t\t\t\t\t\t\t\t\t\t\t\t\t<h3>La Espa\u00f1ola. Gr\u00fcne Manzanilla-Oliven, gef\u00fcllt mit Tr\u00fcffel<\/h3> \n\t\t\t\t\t\t\t\t\t\t\t\t\t\t\t\t\t\t\t\t\t\t\t\t<\/div><!--\/vert-center-->\n\t\t\t\t\t\t\t\t\t\t\t\n\t\t\t\t\t\t\t\t\t\t<\/div>\n\t\t\t\t\t\t\t\t\t<\/div><!--work-item-->\n\t\t\t\t\t\t\t\t\t\n\t\t\t\t\t\t\t\t\t\t\t\t\t\t\t\t\n\t\t\t\t\t\t\t\t\n\t\t\t\t\t\t\t<\/div><!--\/inner-wrap-->\n\t\t\t\t\t\t<\/div><!--\/col-->\n\t\t\t\t\t\t\n\t\t\t\t\t\t\t\t\t\t\t\n\t\t\t\t\t\t\t\t\t\t\t\t\n\t\t\t\t\t\t<div class=\"col span_3  element la-espanola-de oliven-und-essiggurken produkte vertretene-marken \"  data-project-cat=\"la-espanola-de oliven-und-essiggurken produkte vertretene-marken \" data-default-color=\"true\" data-title-color=\"\" data-subtitle-color=\"\">\n\t\t\t\t\t\t\t\n\t\t\t\t\t\t\t<div class=\"inner-wrap animated\" data-animation=\"none\">\n\t\t\t\t\t\t\t\t\n\t\t\t\t\t\t\t\t\t\t\t\t\t\t\t\t\t\n\t\t\t\t\t\t\t\t\t<div class=\"work-item style-2\" data-custom-content=\"off\">\n\t\t\t\t\t\t\t\t\t\t\n\t\t\t\t\t\t\t\t\t\t<img decoding=\"async\" class=\"custom-thumbnail skip-lazy\" src=\"https:\/\/manolos.org\/wp-content\/uploads\/2025\/09\/laespanola-pimiento.jpg\" alt=\"La Espa\u00f1ola. Gr\u00fcne Manzanilla-Oliven, gef\u00fcllt mit Paprika\" \/>\t\t\t\t\t\t\t\t\t\t\n\t\t\t\t\t\t\t\t\t\t<div class=\"work-info-bg\"><\/div>\n\t\t\t\t\t\t\t\t\t\t<div class=\"work-info\">\n\t\t\t\t\t\t\t\t\t\t\t\n\t\t\t\t\t\t\t\t\t\t\t\t\t\t\t\t\t\t\t\t\t\t\t\n\t\t\t\t\t\t\t\t\t\t\t\t\n\t\t\t\t\t\t\t\t\t\t\t\t\t\t\t\t\t\t\t\t\t\t\t\t\t\n\t\t\t\t\t\t\t\t\t\t\t\t\t<a href=\"https:\/\/manolos.org\/de\/prod\/la-espanola-gruene-manzanilla-oliven-gefuellt-mit-paprika\/\"><\/a>\n\t\t\t\t\t\t\t\t\t\t\t\t\t\n\t\t\t\t\t\t\t\t\t\t\t\t\t\t\t\t\t\t\t\t\t\t\t\n\t\t\t\t\t\t\t\t\t\t\t\n\t\t\t\t\t\t\t\t\t\t\t<div class=\"vert-center\">\n\t\t\t\t\t\t\t\t\t\t\t\t\t\n\t\t\t\t\t\t\t\t\t\t\t\t\t<h3>La Espa\u00f1ola. Gr\u00fcne Manzanilla-Oliven, gef\u00fcllt mit Paprika<\/h3> \n\t\t\t\t\t\t\t\t\t\t\t\t\t\t\t\t\t\t\t\t\t\t\t\t<\/div><!--\/vert-center-->\n\t\t\t\t\t\t\t\t\t\t\t\n\t\t\t\t\t\t\t\t\t\t<\/div>\n\t\t\t\t\t\t\t\t\t<\/div><!--work-item-->\n\t\t\t\t\t\t\t\t\t\n\t\t\t\t\t\t\t\t\t\t\t\t\t\t\t\t\n\t\t\t\t\t\t\t\t\n\t\t\t\t\t\t\t<\/div><!--\/inner-wrap-->\n\t\t\t\t\t\t<\/div><!--\/col-->\n\t\t\t\t\t\t\n\t\t\t\t\t\t\t\t\t\t\t\n\t\t\t\t\t\t\t\t\t\t\t\t\n\t\t\t\t\t\t<div class=\"col span_3  element la-espanola-de oliven-und-essiggurken produkte vertretene-marken \"  data-project-cat=\"la-espanola-de oliven-und-essiggurken produkte vertretene-marken \" data-default-color=\"true\" data-title-color=\"\" data-subtitle-color=\"\">\n\t\t\t\t\t\t\t\n\t\t\t\t\t\t\t<div class=\"inner-wrap animated\" data-animation=\"none\">\n\t\t\t\t\t\t\t\t\n\t\t\t\t\t\t\t\t\t\t\t\t\t\t\t\t\t\n\t\t\t\t\t\t\t\t\t<div class=\"work-item style-2\" data-custom-content=\"off\">\n\t\t\t\t\t\t\t\t\t\t\n\t\t\t\t\t\t\t\t\t\t<img decoding=\"async\" class=\"custom-thumbnail skip-lazy\" src=\"https:\/\/manolos.org\/wp-content\/uploads\/2025\/09\/laespanola-alhambra.jpg\" alt=\"La Espa\u00f1ola. Geknackte gr\u00fcne Manzanilla-Oliven, Sabores de la Alhambra, mit Kern\" \/>\t\t\t\t\t\t\t\t\t\t\n\t\t\t\t\t\t\t\t\t\t<div class=\"work-info-bg\"><\/div>\n\t\t\t\t\t\t\t\t\t\t<div class=\"work-info\">\n\t\t\t\t\t\t\t\t\t\t\t\n\t\t\t\t\t\t\t\t\t\t\t\t\t\t\t\t\t\t\t\t\t\t\t\n\t\t\t\t\t\t\t\t\t\t\t\t\n\t\t\t\t\t\t\t\t\t\t\t\t\t\t\t\t\t\t\t\t\t\t\t\t\t\n\t\t\t\t\t\t\t\t\t\t\t\t\t<a href=\"https:\/\/manolos.org\/de\/prod\/la-espanola-geknackte-gruene-manzanilla-oliven-sabores-de-la-alhambra-mit-kern\/\"><\/a>\n\t\t\t\t\t\t\t\t\t\t\t\t\t\n\t\t\t\t\t\t\t\t\t\t\t\t\t\t\t\t\t\t\t\t\t\t\t\n\t\t\t\t\t\t\t\t\t\t\t\n\t\t\t\t\t\t\t\t\t\t\t<div class=\"vert-center\">\n\t\t\t\t\t\t\t\t\t\t\t\t\t\n\t\t\t\t\t\t\t\t\t\t\t\t\t<h3>La Espa\u00f1ola. Geknackte gr\u00fcne Manzanilla-Oliven, Sabores de la Alhambra, mit Kern<\/h3> \n\t\t\t\t\t\t\t\t\t\t\t\t\t\t\t\t\t\t\t\t\t\t\t\t<\/div><!--\/vert-center-->\n\t\t\t\t\t\t\t\t\t\t\t\n\t\t\t\t\t\t\t\t\t\t<\/div>\n\t\t\t\t\t\t\t\t\t<\/div><!--work-item-->\n\t\t\t\t\t\t\t\t\t\n\t\t\t\t\t\t\t\t\t\t\t\t\t\t\t\t\n\t\t\t\t\t\t\t\t\n\t\t\t\t\t\t\t<\/div><!--\/inner-wrap-->\n\t\t\t\t\t\t<\/div><!--\/col-->\n\t\t\t\t\t\t\n\t\t\t\t\t\t\t\t\t\t\t\n\t\t\t\t\t\t\t\t\t\t\t\t\n\t\t\t\t\t\t<div class=\"col span_3  element la-espanola-de oliven-und-essiggurken produkte vertretene-marken \"  data-project-cat=\"la-espanola-de oliven-und-essiggurken produkte vertretene-marken \" data-default-color=\"true\" data-title-color=\"\" data-subtitle-color=\"\">\n\t\t\t\t\t\t\t\n\t\t\t\t\t\t\t<div class=\"inner-wrap animated\" data-animation=\"none\">\n\t\t\t\t\t\t\t\t\n\t\t\t\t\t\t\t\t\t\t\t\t\t\t\t\t\t\n\t\t\t\t\t\t\t\t\t<div class=\"work-item style-2\" data-custom-content=\"off\">\n\t\t\t\t\t\t\t\t\t\t\n\t\t\t\t\t\t\t\t\t\t<img decoding=\"async\" class=\"custom-thumbnail skip-lazy\" src=\"https:\/\/manolos.org\/wp-content\/uploads\/2025\/09\/laespanola-negras.jpg\" alt=\"La Espa\u00f1ola. Schwarze Oliven, ohne Kern\" \/>\t\t\t\t\t\t\t\t\t\t\n\t\t\t\t\t\t\t\t\t\t<div class=\"work-info-bg\"><\/div>\n\t\t\t\t\t\t\t\t\t\t<div class=\"work-info\">\n\t\t\t\t\t\t\t\t\t\t\t\n\t\t\t\t\t\t\t\t\t\t\t\t\t\t\t\t\t\t\t\t\t\t\t\n\t\t\t\t\t\t\t\t\t\t\t\t\n\t\t\t\t\t\t\t\t\t\t\t\t\t\t\t\t\t\t\t\t\t\t\t\t\t\n\t\t\t\t\t\t\t\t\t\t\t\t\t<a href=\"https:\/\/manolos.org\/de\/prod\/la-espanola-schwarze-oliven-ohne-kern\/\"><\/a>\n\t\t\t\t\t\t\t\t\t\t\t\t\t\n\t\t\t\t\t\t\t\t\t\t\t\t\t\t\t\t\t\t\t\t\t\t\t\n\t\t\t\t\t\t\t\t\t\t\t\n\t\t\t\t\t\t\t\t\t\t\t<div class=\"vert-center\">\n\t\t\t\t\t\t\t\t\t\t\t\t\t\n\t\t\t\t\t\t\t\t\t\t\t\t\t<h3>La Espa\u00f1ola. Schwarze Oliven, ohne Kern<\/h3> \n\t\t\t\t\t\t\t\t\t\t\t\t\t\t\t\t\t\t\t\t\t\t\t\t<\/div><!--\/vert-center-->\n\t\t\t\t\t\t\t\t\t\t\t\n\t\t\t\t\t\t\t\t\t\t<\/div>\n\t\t\t\t\t\t\t\t\t<\/div><!--work-item-->\n\t\t\t\t\t\t\t\t\t\n\t\t\t\t\t\t\t\t\t\t\t\t\t\t\t\t\n\t\t\t\t\t\t\t\t\n\t\t\t\t\t\t\t<\/div><!--\/inner-wrap-->\n\t\t\t\t\t\t<\/div><!--\/col-->\n\t\t\t\t\t\t\n\t\t\t\t\t\t\t\t\t\t\t\n\t\t\t\t\t\t\t\t\t\t\t\t\n\t\t\t\t\t\t<div class=\"col span_3  element la-espanola-de oliven-und-essiggurken produkte vertretene-marken \"  data-project-cat=\"la-espanola-de oliven-und-essiggurken produkte vertretene-marken \" data-default-color=\"true\" data-title-color=\"\" data-subtitle-color=\"\">\n\t\t\t\t\t\t\t\n\t\t\t\t\t\t\t<div class=\"inner-wrap animated\" data-animation=\"none\">\n\t\t\t\t\t\t\t\t\n\t\t\t\t\t\t\t\t\t\t\t\t\t\t\t\t\t\n\t\t\t\t\t\t\t\t\t<div class=\"work-item style-2\" data-custom-content=\"off\">\n\t\t\t\t\t\t\t\t\t\t\n\t\t\t\t\t\t\t\t\t\t<img decoding=\"async\" class=\"custom-thumbnail skip-lazy\" src=\"https:\/\/manolos.org\/wp-content\/uploads\/2025\/09\/laespanola-jalapeno.jpg\" alt=\"La Espa\u00f1ola. Gr\u00fcne Manzanilla-Oliven, gef\u00fcllt mit Jalape\u00f1os\" \/>\t\t\t\t\t\t\t\t\t\t\n\t\t\t\t\t\t\t\t\t\t<div class=\"work-info-bg\"><\/div>\n\t\t\t\t\t\t\t\t\t\t<div class=\"work-info\">\n\t\t\t\t\t\t\t\t\t\t\t\n\t\t\t\t\t\t\t\t\t\t\t\t\t\t\t\t\t\t\t\t\t\t\t\n\t\t\t\t\t\t\t\t\t\t\t\t\n\t\t\t\t\t\t\t\t\t\t\t\t\t\t\t\t\t\t\t\t\t\t\t\t\t\n\t\t\t\t\t\t\t\t\t\t\t\t\t<a href=\"https:\/\/manolos.org\/de\/prod\/la-espanola-gruene-manzanilla-oliven-gefuellt-mit-jalapenos\/\"><\/a>\n\t\t\t\t\t\t\t\t\t\t\t\t\t\n\t\t\t\t\t\t\t\t\t\t\t\t\t\t\t\t\t\t\t\t\t\t\t\n\t\t\t\t\t\t\t\t\t\t\t\n\t\t\t\t\t\t\t\t\t\t\t<div class=\"vert-center\">\n\t\t\t\t\t\t\t\t\t\t\t\t\t\n\t\t\t\t\t\t\t\t\t\t\t\t\t<h3>La Espa\u00f1ola. Gr\u00fcne Manzanilla-Oliven, gef\u00fcllt mit Jalape\u00f1os<\/h3> \n\t\t\t\t\t\t\t\t\t\t\t\t\t\t\t\t\t\t\t\t\t\t\t\t<\/div><!--\/vert-center-->\n\t\t\t\t\t\t\t\t\t\t\t\n\t\t\t\t\t\t\t\t\t\t<\/div>\n\t\t\t\t\t\t\t\t\t<\/div><!--work-item-->\n\t\t\t\t\t\t\t\t\t\n\t\t\t\t\t\t\t\t\t\t\t\t\t\t\t\t\n\t\t\t\t\t\t\t\t\n\t\t\t\t\t\t\t<\/div><!--\/inner-wrap-->\n\t\t\t\t\t\t<\/div><!--\/col-->\n\t\t\t\t\t\t\n\t\t\t\t\t\t\t\t\t\t\t\n\t\t\t\t\t\t\t\t\t\t\t\t\n\t\t\t\t\t\t<div class=\"col span_3  element la-espanola-de oliven-und-essiggurken produkte vertretene-marken \"  data-project-cat=\"la-espanola-de oliven-und-essiggurken produkte vertretene-marken \" data-default-color=\"true\" data-title-color=\"\" data-subtitle-color=\"\">\n\t\t\t\t\t\t\t\n\t\t\t\t\t\t\t<div class=\"inner-wrap animated\" data-animation=\"none\">\n\t\t\t\t\t\t\t\t\n\t\t\t\t\t\t\t\t\t\t\t\t\t\t\t\t\t\n\t\t\t\t\t\t\t\t\t<div class=\"work-item style-2\" data-custom-content=\"off\">\n\t\t\t\t\t\t\t\t\t\t\n\t\t\t\t\t\t\t\t\t\t<img decoding=\"async\" class=\"custom-thumbnail skip-lazy\" src=\"https:\/\/manolos.org\/wp-content\/uploads\/2025\/09\/laespanola-jamon.jpg\" alt=\"La Espa\u00f1ola. Gr\u00fcne Manzanilla-Oliven, gef\u00fcllt mit Schinken (Jam\u00f3n)\" \/>\t\t\t\t\t\t\t\t\t\t\n\t\t\t\t\t\t\t\t\t\t<div class=\"work-info-bg\"><\/div>\n\t\t\t\t\t\t\t\t\t\t<div class=\"work-info\">\n\t\t\t\t\t\t\t\t\t\t\t\n\t\t\t\t\t\t\t\t\t\t\t\t\t\t\t\t\t\t\t\t\t\t\t\n\t\t\t\t\t\t\t\t\t\t\t\t\n\t\t\t\t\t\t\t\t\t\t\t\t\t\t\t\t\t\t\t\t\t\t\t\t\t\n\t\t\t\t\t\t\t\t\t\t\t\t\t<a href=\"https:\/\/manolos.org\/de\/prod\/la-espanola-gruene-manzanilla-oliven-gefuellt-mit-schinken-jamon\/\"><\/a>\n\t\t\t\t\t\t\t\t\t\t\t\t\t\n\t\t\t\t\t\t\t\t\t\t\t\t\t\t\t\t\t\t\t\t\t\t\t\n\t\t\t\t\t\t\t\t\t\t\t\n\t\t\t\t\t\t\t\t\t\t\t<div class=\"vert-center\">\n\t\t\t\t\t\t\t\t\t\t\t\t\t\n\t\t\t\t\t\t\t\t\t\t\t\t\t<h3>La Espa\u00f1ola. Gr\u00fcne Manzanilla-Oliven, gef\u00fcllt mit Schinken (Jam\u00f3n)<\/h3> \n\t\t\t\t\t\t\t\t\t\t\t\t\t\t\t\t\t\t\t\t\t\t\t\t<\/div><!--\/vert-center-->\n\t\t\t\t\t\t\t\t\t\t\t\n\t\t\t\t\t\t\t\t\t\t<\/div>\n\t\t\t\t\t\t\t\t\t<\/div><!--work-item-->\n\t\t\t\t\t\t\t\t\t\n\t\t\t\t\t\t\t\t\t\t\t\t\t\t\t\t\n\t\t\t\t\t\t\t\t\n\t\t\t\t\t\t\t<\/div><!--\/inner-wrap-->\n\t\t\t\t\t\t<\/div><!--\/col-->\n\t\t\t\t\t\t\n\t\t\t\t\t\t\t\t\t\t\t\n\t\t\t\t\t\t\t\t\t\t\t\t\n\t\t\t\t\t\t<div class=\"col span_3  element la-espanola-de oliven-und-essiggurken produkte vertretene-marken \"  data-project-cat=\"la-espanola-de oliven-und-essiggurken produkte vertretene-marken \" data-default-color=\"true\" data-title-color=\"\" data-subtitle-color=\"\">\n\t\t\t\t\t\t\t\n\t\t\t\t\t\t\t<div class=\"inner-wrap animated\" data-animation=\"none\">\n\t\t\t\t\t\t\t\t\n\t\t\t\t\t\t\t\t\t\t\t\t\t\t\t\t\t\n\t\t\t\t\t\t\t\t\t<div class=\"work-item style-2\" data-custom-content=\"off\">\n\t\t\t\t\t\t\t\t\t\t\n\t\t\t\t\t\t\t\t\t\t<img decoding=\"async\" class=\"custom-thumbnail skip-lazy\" src=\"https:\/\/manolos.org\/wp-content\/uploads\/2025\/09\/laespanola-anchoa.jpg\" alt=\"La Espa\u00f1ola. Gr\u00fcne Manzanilla-Oliven, gef\u00fcllt mit Anchovis\" \/>\t\t\t\t\t\t\t\t\t\t\n\t\t\t\t\t\t\t\t\t\t<div class=\"work-info-bg\"><\/div>\n\t\t\t\t\t\t\t\t\t\t<div class=\"work-info\">\n\t\t\t\t\t\t\t\t\t\t\t\n\t\t\t\t\t\t\t\t\t\t\t\t\t\t\t\t\t\t\t\t\t\t\t\n\t\t\t\t\t\t\t\t\t\t\t\t\n\t\t\t\t\t\t\t\t\t\t\t\t\t\t\t\t\t\t\t\t\t\t\t\t\t\n\t\t\t\t\t\t\t\t\t\t\t\t\t<a href=\"https:\/\/manolos.org\/de\/prod\/la-espanola-gruene-manzanilla-oliven-gefuellt-mit-anchovis\/\"><\/a>\n\t\t\t\t\t\t\t\t\t\t\t\t\t\n\t\t\t\t\t\t\t\t\t\t\t\t\t\t\t\t\t\t\t\t\t\t\t\n\t\t\t\t\t\t\t\t\t\t\t\n\t\t\t\t\t\t\t\t\t\t\t<div class=\"vert-center\">\n\t\t\t\t\t\t\t\t\t\t\t\t\t\n\t\t\t\t\t\t\t\t\t\t\t\t\t<h3>La Espa\u00f1ola. Gr\u00fcne Manzanilla-Oliven, gef\u00fcllt mit Anchovis<\/h3> \n\t\t\t\t\t\t\t\t\t\t\t\t\t\t\t\t\t\t\t\t\t\t\t\t<\/div><!--\/vert-center-->\n\t\t\t\t\t\t\t\t\t\t\t\n\t\t\t\t\t\t\t\t\t\t<\/div>\n\t\t\t\t\t\t\t\t\t<\/div><!--work-item-->\n\t\t\t\t\t\t\t\t\t\n\t\t\t\t\t\t\t\t\t\t\t\t\t\t\t\t\n\t\t\t\t\t\t\t\t\n\t\t\t\t\t\t\t<\/div><!--\/inner-wrap-->\n\t\t\t\t\t\t<\/div><!--\/col-->\n\t\t\t\t\t\t\n\t\t\t\t\t\t\t\t\t\t\n\t\t\t\t<\/div><!--\/portfolio-->\n\t\t\t<\/div><!--\/portfolio wrap-->\n\t\t\t\n\t\t\t\n\t\t\t<\/div> \n\t\t<\/div>\n\t<\/div> \n<\/div><\/div>\n\t\t<div id=\"lamaja\"  data-column-margin=\"default\" data-midnight=\"dark\"  class=\"wpb_row vc_row-fluid vc_row full-width-section vc_row-o-equal-height vc_row-flex marcas-representadas top_margin_0px bottom_margin_0px\"  style=\"padding-top: 100px; padding-bottom: 100px; \"><div class=\"row-bg-wrap\" data-bg-animation=\"none\" data-bg-animation-delay=\"\" data-bg-overlay=\"false\"><div class=\"inner-wrap row-bg-layer\" ><div class=\"row-bg viewport-desktop using-bg-color\"  style=\"background-color: #f7f5ed; \"><\/div><\/div><\/div><div class=\"row_col_wrap_12 col span_12 dark left\">\n\t<div  class=\"vc_col-sm-3 wpb_column column_container vc_column_container col no-extra-padding inherit_tablet inherit_phone \"  data-padding-pos=\"all\" data-has-bg-color=\"false\" data-bg-color=\"\" data-bg-opacity=\"1\" data-animation=\"\" data-delay=\"0\" >\n\t\t<div class=\"vc_column-inner\" >\n\t\t\t<div class=\"wpb_wrapper\">\n\t\t\t\t<div class=\"img-with-aniamtion-wrap right\" data-max-width=\"100%\" data-max-width-mobile=\"default\" data-shadow=\"none\" data-animation=\"none\" >\n      <div class=\"inner\">\n        <div class=\"hover-wrap\"> \n          <div class=\"hover-wrap-inner\">\n            <img loading=\"lazy\" decoding=\"async\" class=\"img-with-animation skip-lazy\" data-delay=\"0\" height=\"250\" width=\"250\" data-animation=\"none\" src=\"https:\/\/manolos.org\/wp-content\/uploads\/2024\/11\/logo-lamaja.jpg\" alt=\"\" srcset=\"https:\/\/manolos.org\/wp-content\/uploads\/2024\/11\/logo-lamaja.jpg 250w, https:\/\/manolos.org\/wp-content\/uploads\/2024\/11\/logo-lamaja-150x150.jpg 150w, https:\/\/manolos.org\/wp-content\/uploads\/2024\/11\/logo-lamaja-140x140.jpg 140w, https:\/\/manolos.org\/wp-content\/uploads\/2024\/11\/logo-lamaja-100x100.jpg 100w, https:\/\/manolos.org\/wp-content\/uploads\/2024\/11\/logo-lamaja-120x120.jpg 120w\" sizes=\"auto, (max-width: 250px) 100vw, 250px\" \/>\n          <\/div>\n        <\/div>\n      <\/div>\n    <\/div>\n\t\t\t<\/div> \n\t\t<\/div>\n\t<\/div> \n\n\t<div  class=\"vc_col-sm-9 wpb_column column_container vc_column_container col no-extra-padding inherit_tablet inherit_phone \"  data-padding-pos=\"all\" data-has-bg-color=\"false\" data-bg-color=\"\" data-bg-opacity=\"1\" data-animation=\"\" data-delay=\"0\" >\n\t\t<div class=\"vc_column-inner\" >\n\t\t\t<div class=\"wpb_wrapper\">\n\t\t\t\t\n<div class=\"wpb_text_column wpb_content_element \" >\n\t<div class=\"wpb_wrapper\">\n\t\t<h3>La Maja<\/h3>\n\t<\/div>\n<\/div>\n\n\n\n\n<div class=\"wpb_text_column wpb_content_element  vc_custom_1714815892236\" >\n\t<div class=\"wpb_wrapper\">\n\t\t<p>Aceites La Maja, ein 1997 gegr\u00fcndetes Familienunternehmen, ist auf den Anbau, die Herstellung und die Vermarktung von nativem Oliven\u00f6l extra spezialisiert. Die \u00d6lm\u00fchle in Mendavia, Navarra, verwendet eine vollst\u00e4ndig mechanisierte Erntemethode, um die au\u00dfergew\u00f6hnliche Qualit\u00e4t ihrer Produkte zu gew\u00e4hrleisten, indem sie den Kontakt mit dem Boden vermeidet und die richtige Reifung der Oliven sicherstellt. Das Verfahren der &#8222;Kaltextraktion&#8220; wird in weniger als 12 Stunden nach der Ernte durchgef\u00fchrt, wodurch ein natives Oliven\u00f6l extra entsteht, das f\u00fcr seine hervorragende Qualit\u00e4t bekannt ist.<\/p>\n\t<\/div>\n<\/div>\n\n\n\n\t\t\t\t\n\t\t\t\t\n\t\t\t\t\n\t\t\t\t<div class=\"portfolio-wrap \">\n\t\t\t\t\t\n\t\t\t\t\t\t\t\t\t\t\n\t\t\t\t\t<span class=\"portfolio-loading  none\">   <\/span>\n\t\t\t\t\t\n\t\t\t\t\t\t\t\t\t\t\n\t\t\t\t\t<div class=\"row portfolio-items no-masonry  \" data-rcp=\"false\" data-masonry-type=\"default\" data-ps=\"7\" data-starting-filter=\"\" data-gutter=\"default\" data-categories-to-show=\"la-maja-de\" data-bypass-cropping=\"\" data-lightbox-only=\"0\" data-col-num=\"cols-4\">\n\t\t\t\t\t\t\t\t\t\t\t\t\n\t\t\t\t\t\t\t\t\t\t\t\t\n\t\t\t\t\t\t<div class=\"col span_3  element la-maja-de oele-und-essigsorten produkte vertretene-marken \"  data-project-cat=\"la-maja-de oele-und-essigsorten produkte vertretene-marken \" data-default-color=\"true\" data-title-color=\"\" data-subtitle-color=\"\">\n\t\t\t\t\t\t\t\n\t\t\t\t\t\t\t<div class=\"inner-wrap animated\" data-animation=\"none\">\n\t\t\t\t\t\t\t\t\n\t\t\t\t\t\t\t\t\t\t\t\t\t\t\t\t\t\n\t\t\t\t\t\t\t\t\t<div class=\"work-item style-2\" data-custom-content=\"off\">\n\t\t\t\t\t\t\t\t\t\t\n\t\t\t\t\t\t\t\t\t\t<img decoding=\"async\" class=\"custom-thumbnail skip-lazy\" src=\"https:\/\/manolos.org\/wp-content\/uploads\/2024\/11\/LaMaja-aceite500.jpg\" alt=\"La Maja. Kaltgepresstes Gourmet-Oliven\u00f6l extra\" \/>\t\t\t\t\t\t\t\t\t\t\n\t\t\t\t\t\t\t\t\t\t<div class=\"work-info-bg\"><\/div>\n\t\t\t\t\t\t\t\t\t\t<div class=\"work-info\">\n\t\t\t\t\t\t\t\t\t\t\t\n\t\t\t\t\t\t\t\t\t\t\t\t\t\t\t\t\t\t\t\t\t\t\t\n\t\t\t\t\t\t\t\t\t\t\t\t\n\t\t\t\t\t\t\t\t\t\t\t\t\t\t\t\t\t\t\t\t\t\t\t\t\t\n\t\t\t\t\t\t\t\t\t\t\t\t\t<a href=\"https:\/\/manolos.org\/de\/prod\/la-maja-kaltgepresstes-gourmet-olivenoel-extra\/\"><\/a>\n\t\t\t\t\t\t\t\t\t\t\t\t\t\n\t\t\t\t\t\t\t\t\t\t\t\t\t\t\t\t\t\t\t\t\t\t\t\n\t\t\t\t\t\t\t\t\t\t\t\n\t\t\t\t\t\t\t\t\t\t\t<div class=\"vert-center\">\n\t\t\t\t\t\t\t\t\t\t\t\t\t\n\t\t\t\t\t\t\t\t\t\t\t\t\t<h3>La Maja. Kaltgepresstes Gourmet-Oliven\u00f6l extra<\/h3> \n\t\t\t\t\t\t\t\t\t\t\t\t\t\t\t\t\t\t\t\t\t\t\t\t<\/div><!--\/vert-center-->\n\t\t\t\t\t\t\t\t\t\t\t\n\t\t\t\t\t\t\t\t\t\t<\/div>\n\t\t\t\t\t\t\t\t\t<\/div><!--work-item-->\n\t\t\t\t\t\t\t\t\t\n\t\t\t\t\t\t\t\t\t\t\t\t\t\t\t\t\n\t\t\t\t\t\t\t\t\n\t\t\t\t\t\t\t<\/div><!--\/inner-wrap-->\n\t\t\t\t\t\t<\/div><!--\/col-->\n\t\t\t\t\t\t\n\t\t\t\t\t\t\t\t\t\t\n\t\t\t\t<\/div><!--\/portfolio-->\n\t\t\t<\/div><!--\/portfolio wrap-->\n\t\t\t\n\t\t\t\n\t\t\t<\/div> \n\t\t<\/div>\n\t<\/div> \n<\/div><\/div>\n\t\t<div id=\"lapreferida\"  data-column-margin=\"default\" data-midnight=\"dark\"  class=\"wpb_row vc_row-fluid vc_row full-width-section vc_row-o-equal-height vc_row-flex marcas-representadas top_margin_0px bottom_margin_0px\"  style=\"padding-top: 100px; padding-bottom: 100px; \"><div class=\"row-bg-wrap\" data-bg-animation=\"none\" data-bg-animation-delay=\"\" data-bg-overlay=\"false\"><div class=\"inner-wrap row-bg-layer\" ><div class=\"row-bg viewport-desktop using-bg-color\"  style=\"background-color: #ffffff; \"><\/div><\/div><\/div><div class=\"row_col_wrap_12 col span_12 dark left\">\n\t<div  class=\"vc_col-sm-3 wpb_column column_container vc_column_container col no-extra-padding inherit_tablet inherit_phone \"  data-padding-pos=\"all\" data-has-bg-color=\"false\" data-bg-color=\"\" data-bg-opacity=\"1\" data-animation=\"\" data-delay=\"0\" >\n\t\t<div class=\"vc_column-inner\" >\n\t\t\t<div class=\"wpb_wrapper\">\n\t\t\t\t<div class=\"img-with-aniamtion-wrap right\" data-max-width=\"100%\" data-max-width-mobile=\"default\" data-shadow=\"none\" data-animation=\"none\" >\n      <div class=\"inner\">\n        <div class=\"hover-wrap\"> \n          <div class=\"hover-wrap-inner\">\n            <img loading=\"lazy\" decoding=\"async\" class=\"img-with-animation skip-lazy\" data-delay=\"0\" height=\"250\" width=\"250\" data-animation=\"none\" src=\"https:\/\/manolos.org\/wp-content\/uploads\/2024\/11\/logo-preferida.png\" alt=\"\" srcset=\"https:\/\/manolos.org\/wp-content\/uploads\/2024\/11\/logo-preferida.png 250w, https:\/\/manolos.org\/wp-content\/uploads\/2024\/11\/logo-preferida-150x150.png 150w, https:\/\/manolos.org\/wp-content\/uploads\/2024\/11\/logo-preferida-140x140.png 140w, https:\/\/manolos.org\/wp-content\/uploads\/2024\/11\/logo-preferida-100x100.png 100w, https:\/\/manolos.org\/wp-content\/uploads\/2024\/11\/logo-preferida-120x120.png 120w\" sizes=\"auto, (max-width: 250px) 100vw, 250px\" \/>\n          <\/div>\n        <\/div>\n      <\/div>\n    <\/div>\n\t\t\t<\/div> \n\t\t<\/div>\n\t<\/div> \n\n\t<div  class=\"vc_col-sm-9 wpb_column column_container vc_column_container col no-extra-padding inherit_tablet inherit_phone \"  data-padding-pos=\"all\" data-has-bg-color=\"false\" data-bg-color=\"\" data-bg-opacity=\"1\" data-animation=\"\" data-delay=\"0\" >\n\t\t<div class=\"vc_column-inner\" >\n\t\t\t<div class=\"wpb_wrapper\">\n\t\t\t\t\n<div class=\"wpb_text_column wpb_content_element \" >\n\t<div class=\"wpb_wrapper\">\n\t\t<h3>La Preferida<\/h3>\n\t<\/div>\n<\/div>\n\n\n\n\n<div class=\"wpb_text_column wpb_content_element  vc_custom_1714817331702\" >\n\t<div class=\"wpb_wrapper\">\n\t\t<p>Direkt aus dem Mittelmeer stammt das La Preferida Natur-Meersalz, ein grobes, nicht jodiertes Salz, das sich perfekt zum Backen von Gerichten eignet. Es bewahrt die Feuchtigkeit und Dicke, die f\u00fcr das Backen von ganzen Fisch- oder Fleischst\u00fccken erforderlich sind.<\/p>\n\t<\/div>\n<\/div>\n\n\n\n\t\t\t\t\n\t\t\t\t\n\t\t\t\t\n\t\t\t\t<div class=\"portfolio-wrap \">\n\t\t\t\t\t\n\t\t\t\t\t\t\t\t\t\t\n\t\t\t\t\t<span class=\"portfolio-loading  none\">   <\/span>\n\t\t\t\t\t\n\t\t\t\t\t\t\t\t\t\t\n\t\t\t\t\t<div class=\"row portfolio-items no-masonry  \" data-rcp=\"false\" data-masonry-type=\"default\" data-ps=\"7\" data-starting-filter=\"\" data-gutter=\"default\" data-categories-to-show=\"la-preferida\" data-bypass-cropping=\"\" data-lightbox-only=\"0\" data-col-num=\"cols-4\">\n\t\t\t\t\t\t\t\t\t\t\t\t\n\t\t\t\t\t\t\t\t\t\t\t\t\n\t\t\t\t\t\t<div class=\"col span_3  element la-preferida-de produkte salze-und-gewuerze vertretene-marken \"  data-project-cat=\"la-preferida-de produkte salze-und-gewuerze vertretene-marken \" data-default-color=\"true\" data-title-color=\"\" data-subtitle-color=\"\">\n\t\t\t\t\t\t\t\n\t\t\t\t\t\t\t<div class=\"inner-wrap animated\" data-animation=\"none\">\n\t\t\t\t\t\t\t\t\n\t\t\t\t\t\t\t\t\t\t\t\t\t\t\t\t\t\n\t\t\t\t\t\t\t\t\t<div class=\"work-item style-2\" data-custom-content=\"off\">\n\t\t\t\t\t\t\t\t\t\t\n\t\t\t\t\t\t\t\t\t\t<img decoding=\"async\" class=\"custom-thumbnail skip-lazy\" src=\"https:\/\/manolos.org\/wp-content\/uploads\/2024\/11\/LaPreferida-salgruesa2kg-1-1.jpg\" alt=\"La Preferida. Grobes Salz\" \/>\t\t\t\t\t\t\t\t\t\t\n\t\t\t\t\t\t\t\t\t\t<div class=\"work-info-bg\"><\/div>\n\t\t\t\t\t\t\t\t\t\t<div class=\"work-info\">\n\t\t\t\t\t\t\t\t\t\t\t\n\t\t\t\t\t\t\t\t\t\t\t\t\t\t\t\t\t\t\t\t\t\t\t\n\t\t\t\t\t\t\t\t\t\t\t\t\n\t\t\t\t\t\t\t\t\t\t\t\t\t\t\t\t\t\t\t\t\t\t\t\t\t\n\t\t\t\t\t\t\t\t\t\t\t\t\t<a href=\"https:\/\/manolos.org\/de\/prod\/la-preferida-grobes-salz\/\"><\/a>\n\t\t\t\t\t\t\t\t\t\t\t\t\t\n\t\t\t\t\t\t\t\t\t\t\t\t\t\t\t\t\t\t\t\t\t\t\t\n\t\t\t\t\t\t\t\t\t\t\t\n\t\t\t\t\t\t\t\t\t\t\t<div class=\"vert-center\">\n\t\t\t\t\t\t\t\t\t\t\t\t\t\n\t\t\t\t\t\t\t\t\t\t\t\t\t<h3>La Preferida. Grobes Salz<\/h3> \n\t\t\t\t\t\t\t\t\t\t\t\t\t\t\t\t\t\t\t\t\t\t\t\t<\/div><!--\/vert-center-->\n\t\t\t\t\t\t\t\t\t\t\t\n\t\t\t\t\t\t\t\t\t\t<\/div>\n\t\t\t\t\t\t\t\t\t<\/div><!--work-item-->\n\t\t\t\t\t\t\t\t\t\n\t\t\t\t\t\t\t\t\t\t\t\t\t\t\t\t\n\t\t\t\t\t\t\t\t\n\t\t\t\t\t\t\t<\/div><!--\/inner-wrap-->\n\t\t\t\t\t\t<\/div><!--\/col-->\n\t\t\t\t\t\t\n\t\t\t\t\t\t\t\t\t\t\n\t\t\t\t<\/div><!--\/portfolio-->\n\t\t\t<\/div><!--\/portfolio wrap-->\n\t\t\t\n\t\t\t\n\t\t\t<\/div> \n\t\t<\/div>\n\t<\/div> \n<\/div><\/div>\n\t\t<div id=\"losleones\"  data-column-margin=\"default\" data-midnight=\"dark\"  class=\"wpb_row vc_row-fluid vc_row full-width-section vc_row-o-equal-height vc_row-flex marcas-representadas top_margin_0px bottom_margin_0px\"  style=\"padding-top: 100px; padding-bottom: 100px; \"><div class=\"row-bg-wrap\" data-bg-animation=\"none\" data-bg-animation-delay=\"\" data-bg-overlay=\"false\"><div class=\"inner-wrap row-bg-layer\" ><div class=\"row-bg viewport-desktop using-bg-color\"  style=\"background-color: #f7f5ed; \"><\/div><\/div><\/div><div class=\"row_col_wrap_12 col span_12 dark left\">\n\t<div  class=\"vc_col-sm-3 wpb_column column_container vc_column_container col no-extra-padding inherit_tablet inherit_phone \"  data-padding-pos=\"all\" data-has-bg-color=\"false\" data-bg-color=\"\" data-bg-opacity=\"1\" data-animation=\"\" data-delay=\"0\" >\n\t\t<div class=\"vc_column-inner\" >\n\t\t\t<div class=\"wpb_wrapper\">\n\t\t\t\t<div class=\"img-with-aniamtion-wrap right\" data-max-width=\"100%\" data-max-width-mobile=\"default\" data-shadow=\"none\" data-animation=\"none\" >\n      <div class=\"inner\">\n        <div class=\"hover-wrap\"> \n          <div class=\"hover-wrap-inner\">\n            <img loading=\"lazy\" decoding=\"async\" class=\"img-with-animation skip-lazy\" data-delay=\"0\" height=\"250\" width=\"250\" data-animation=\"none\" src=\"https:\/\/manolos.org\/wp-content\/uploads\/2024\/11\/logo-leones.jpg\" alt=\"\" srcset=\"https:\/\/manolos.org\/wp-content\/uploads\/2024\/11\/logo-leones.jpg 250w, https:\/\/manolos.org\/wp-content\/uploads\/2024\/11\/logo-leones-150x150.jpg 150w, https:\/\/manolos.org\/wp-content\/uploads\/2024\/11\/logo-leones-140x140.jpg 140w, https:\/\/manolos.org\/wp-content\/uploads\/2024\/11\/logo-leones-100x100.jpg 100w, https:\/\/manolos.org\/wp-content\/uploads\/2024\/11\/logo-leones-120x120.jpg 120w\" sizes=\"auto, (max-width: 250px) 100vw, 250px\" \/>\n          <\/div>\n        <\/div>\n      <\/div>\n    <\/div>\n\t\t\t<\/div> \n\t\t<\/div>\n\t<\/div> \n\n\t<div  class=\"vc_col-sm-9 wpb_column column_container vc_column_container col no-extra-padding inherit_tablet inherit_phone \"  data-padding-pos=\"all\" data-has-bg-color=\"false\" data-bg-color=\"\" data-bg-opacity=\"1\" data-animation=\"\" data-delay=\"0\" >\n\t\t<div class=\"vc_column-inner\" >\n\t\t\t<div class=\"wpb_wrapper\">\n\t\t\t\t\n<div class=\"wpb_text_column wpb_content_element \" >\n\t<div class=\"wpb_wrapper\">\n\t\t<h3>Los Leones<\/h3>\n\t<\/div>\n<\/div>\n\n\n\n\n<div class=\"wpb_text_column wpb_content_element  vc_custom_1715173442686\" >\n\t<div class=\"wpb_wrapper\">\n\t\t<p>Patatas Fritas Los Leones wurde vor \u00fcber f\u00fcnfzig Jahren von Francisco Condado Llarena gegr\u00fcndet und hat sich dank seines Engagements und des Vertrauens seiner Kunden zu einer Ikone der Branche entwickelt. Das Unternehmen mit Sitz in Villarcayo, Spanien, setzt modernste Technologie und ein dynamisches Managementsystem ein, um die Qualit\u00e4t seiner Produkte, einschlie\u00dflich Pommes frites und Vorspeisen, zu gew\u00e4hrleisten. Das Unternehmen legt gro\u00dfen Wert auf Effizienz, verwaltet seine eigene Logistik und verf\u00fcgt \u00fcber qualifizierte Mitarbeiter, deren Erfolg auf langj\u00e4hriger Erfahrung, der Verwendung erstklassiger Rohstoffe und einem engagierten Teamgeist basiert.<\/p>\n\t<\/div>\n<\/div>\n\n\n\n\t\t\t\t\n\t\t\t\t\n\t\t\t\t\n\t\t\t\t<div class=\"portfolio-wrap \">\n\t\t\t\t\t\n\t\t\t\t\t\t\t\t\t\t\n\t\t\t\t\t<span class=\"portfolio-loading  none\">   <\/span>\n\t\t\t\t\t\n\t\t\t\t\t\t\t\t\t\t\n\t\t\t\t\t<div class=\"row portfolio-items no-masonry  \" data-rcp=\"false\" data-masonry-type=\"default\" data-ps=\"7\" data-starting-filter=\"\" data-gutter=\"default\" data-categories-to-show=\"los-leones\" data-bypass-cropping=\"\" data-lightbox-only=\"0\" data-col-num=\"cols-4\">\n\t\t\t\t\t\t\t\t\t\t\t\t\n\t\t\t\t\t\t\t\t\t\t\t\t\n\t\t\t\t\t\t<div class=\"col span_3  element los-leones-de produkte snacks-de vertretene-marken \"  data-project-cat=\"los-leones-de produkte snacks-de vertretene-marken \" data-default-color=\"true\" data-title-color=\"\" data-subtitle-color=\"\">\n\t\t\t\t\t\t\t\n\t\t\t\t\t\t\t<div class=\"inner-wrap animated\" data-animation=\"none\">\n\t\t\t\t\t\t\t\t\n\t\t\t\t\t\t\t\t\t\t\t\t\t\t\t\t\t\n\t\t\t\t\t\t\t\t\t<div class=\"work-item style-2\" data-custom-content=\"off\">\n\t\t\t\t\t\t\t\t\t\t\n\t\t\t\t\t\t\t\t\t\t<img decoding=\"async\" class=\"custom-thumbnail skip-lazy\" src=\"https:\/\/manolos.org\/wp-content\/uploads\/2024\/10\/losleones-jamon.jpg\" alt=\"Los Leones. Chips mit Jam\u00f3n (Schinken) Geschmack\" \/>\t\t\t\t\t\t\t\t\t\t\n\t\t\t\t\t\t\t\t\t\t<div class=\"work-info-bg\"><\/div>\n\t\t\t\t\t\t\t\t\t\t<div class=\"work-info\">\n\t\t\t\t\t\t\t\t\t\t\t\n\t\t\t\t\t\t\t\t\t\t\t\t\t\t\t\t\t\t\t\t\t\t\t\n\t\t\t\t\t\t\t\t\t\t\t\t\n\t\t\t\t\t\t\t\t\t\t\t\t\t\t\t\t\t\t\t\t\t\t\t\t\t\n\t\t\t\t\t\t\t\t\t\t\t\t\t<a href=\"https:\/\/manolos.org\/de\/prod\/los-leones-chips-mit-jamon-schinken-geschmack\/\"><\/a>\n\t\t\t\t\t\t\t\t\t\t\t\t\t\n\t\t\t\t\t\t\t\t\t\t\t\t\t\t\t\t\t\t\t\t\t\t\t\n\t\t\t\t\t\t\t\t\t\t\t\n\t\t\t\t\t\t\t\t\t\t\t<div class=\"vert-center\">\n\t\t\t\t\t\t\t\t\t\t\t\t\t\n\t\t\t\t\t\t\t\t\t\t\t\t\t<h3>Los Leones. Chips mit Jam\u00f3n (Schinken) Geschmack<\/h3> \n\t\t\t\t\t\t\t\t\t\t\t\t\t\t\t\t\t\t\t\t\t\t\t\t<\/div><!--\/vert-center-->\n\t\t\t\t\t\t\t\t\t\t\t\n\t\t\t\t\t\t\t\t\t\t<\/div>\n\t\t\t\t\t\t\t\t\t<\/div><!--work-item-->\n\t\t\t\t\t\t\t\t\t\n\t\t\t\t\t\t\t\t\t\t\t\t\t\t\t\t\n\t\t\t\t\t\t\t\t\n\t\t\t\t\t\t\t<\/div><!--\/inner-wrap-->\n\t\t\t\t\t\t<\/div><!--\/col-->\n\t\t\t\t\t\t\n\t\t\t\t\t\t\t\t\t\t\t\n\t\t\t\t\t\t\t\t\t\t\t\t\n\t\t\t\t\t\t<div class=\"col span_3  element los-leones-de produkte snacks-de vertretene-marken \"  data-project-cat=\"los-leones-de produkte snacks-de vertretene-marken \" data-default-color=\"true\" data-title-color=\"\" data-subtitle-color=\"\">\n\t\t\t\t\t\t\t\n\t\t\t\t\t\t\t<div class=\"inner-wrap animated\" data-animation=\"none\">\n\t\t\t\t\t\t\t\t\n\t\t\t\t\t\t\t\t\t\t\t\t\t\t\t\t\t\n\t\t\t\t\t\t\t\t\t<div class=\"work-item style-2\" data-custom-content=\"off\">\n\t\t\t\t\t\t\t\t\t\t\n\t\t\t\t\t\t\t\t\t\t<img decoding=\"async\" class=\"custom-thumbnail skip-lazy\" src=\"https:\/\/manolos.org\/wp-content\/uploads\/2024\/11\/LosLeones-huevofrito.jpg\" alt=\"Los Leones. Chips mit Spiegeleigeschmack und Himalayasalz\" \/>\t\t\t\t\t\t\t\t\t\t\n\t\t\t\t\t\t\t\t\t\t<div class=\"work-info-bg\"><\/div>\n\t\t\t\t\t\t\t\t\t\t<div class=\"work-info\">\n\t\t\t\t\t\t\t\t\t\t\t\n\t\t\t\t\t\t\t\t\t\t\t\t\t\t\t\t\t\t\t\t\t\t\t\n\t\t\t\t\t\t\t\t\t\t\t\t\n\t\t\t\t\t\t\t\t\t\t\t\t\t\t\t\t\t\t\t\t\t\t\t\t\t\n\t\t\t\t\t\t\t\t\t\t\t\t\t<a href=\"https:\/\/manolos.org\/de\/prod\/los-leones-chips-mit-spiegeleigeschmack-und-himalayasalz\/\"><\/a>\n\t\t\t\t\t\t\t\t\t\t\t\t\t\n\t\t\t\t\t\t\t\t\t\t\t\t\t\t\t\t\t\t\t\t\t\t\t\n\t\t\t\t\t\t\t\t\t\t\t\n\t\t\t\t\t\t\t\t\t\t\t<div class=\"vert-center\">\n\t\t\t\t\t\t\t\t\t\t\t\t\t\n\t\t\t\t\t\t\t\t\t\t\t\t\t<h3>Los Leones. Chips mit Spiegeleigeschmack und Himalayasalz<\/h3> \n\t\t\t\t\t\t\t\t\t\t\t\t\t\t\t\t\t\t\t\t\t\t\t\t<\/div><!--\/vert-center-->\n\t\t\t\t\t\t\t\t\t\t\t\n\t\t\t\t\t\t\t\t\t\t<\/div>\n\t\t\t\t\t\t\t\t\t<\/div><!--work-item-->\n\t\t\t\t\t\t\t\t\t\n\t\t\t\t\t\t\t\t\t\t\t\t\t\t\t\t\n\t\t\t\t\t\t\t\t\n\t\t\t\t\t\t\t<\/div><!--\/inner-wrap-->\n\t\t\t\t\t\t<\/div><!--\/col-->\n\t\t\t\t\t\t\n\t\t\t\t\t\t\t\t\t\t\t\n\t\t\t\t\t\t\t\t\t\t\t\t\n\t\t\t\t\t\t<div class=\"col span_3  element los-leones-de produkte snacks-de vertretene-marken \"  data-project-cat=\"los-leones-de produkte snacks-de vertretene-marken \" data-default-color=\"true\" data-title-color=\"\" data-subtitle-color=\"\">\n\t\t\t\t\t\t\t\n\t\t\t\t\t\t\t<div class=\"inner-wrap animated\" data-animation=\"none\">\n\t\t\t\t\t\t\t\t\n\t\t\t\t\t\t\t\t\t\t\t\t\t\t\t\t\t\n\t\t\t\t\t\t\t\t\t<div class=\"work-item style-2\" data-custom-content=\"off\">\n\t\t\t\t\t\t\t\t\t\t\n\t\t\t\t\t\t\t\t\t\t<img decoding=\"async\" class=\"custom-thumbnail skip-lazy\" src=\"https:\/\/manolos.org\/wp-content\/uploads\/2024\/11\/LosLeones-Patanegra.jpg\" alt=\"Los Leones. Chips mit Oliven\u00f6l\" \/>\t\t\t\t\t\t\t\t\t\t\n\t\t\t\t\t\t\t\t\t\t<div class=\"work-info-bg\"><\/div>\n\t\t\t\t\t\t\t\t\t\t<div class=\"work-info\">\n\t\t\t\t\t\t\t\t\t\t\t\n\t\t\t\t\t\t\t\t\t\t\t\t\t\t\t\t\t\t\t\t\t\t\t\n\t\t\t\t\t\t\t\t\t\t\t\t\n\t\t\t\t\t\t\t\t\t\t\t\t\t\t\t\t\t\t\t\t\t\t\t\t\t\n\t\t\t\t\t\t\t\t\t\t\t\t\t<a href=\"https:\/\/manolos.org\/de\/prod\/los-leones-chips-mit-olivenoel\/\"><\/a>\n\t\t\t\t\t\t\t\t\t\t\t\t\t\n\t\t\t\t\t\t\t\t\t\t\t\t\t\t\t\t\t\t\t\t\t\t\t\n\t\t\t\t\t\t\t\t\t\t\t\n\t\t\t\t\t\t\t\t\t\t\t<div class=\"vert-center\">\n\t\t\t\t\t\t\t\t\t\t\t\t\t\n\t\t\t\t\t\t\t\t\t\t\t\t\t<h3>Los Leones. Chips mit Oliven\u00f6l<\/h3> \n\t\t\t\t\t\t\t\t\t\t\t\t\t\t\t\t\t\t\t\t\t\t\t\t<\/div><!--\/vert-center-->\n\t\t\t\t\t\t\t\t\t\t\t\n\t\t\t\t\t\t\t\t\t\t<\/div>\n\t\t\t\t\t\t\t\t\t<\/div><!--work-item-->\n\t\t\t\t\t\t\t\t\t\n\t\t\t\t\t\t\t\t\t\t\t\t\t\t\t\t\n\t\t\t\t\t\t\t\t\n\t\t\t\t\t\t\t<\/div><!--\/inner-wrap-->\n\t\t\t\t\t\t<\/div><!--\/col-->\n\t\t\t\t\t\t\n\t\t\t\t\t\t\t\t\t\t\t\n\t\t\t\t\t\t\t\t\t\t\t\t\n\t\t\t\t\t\t<div class=\"col span_3  element los-leones-de produkte snacks-de vertretene-marken \"  data-project-cat=\"los-leones-de produkte snacks-de vertretene-marken \" data-default-color=\"true\" data-title-color=\"\" data-subtitle-color=\"\">\n\t\t\t\t\t\t\t\n\t\t\t\t\t\t\t<div class=\"inner-wrap animated\" data-animation=\"none\">\n\t\t\t\t\t\t\t\t\n\t\t\t\t\t\t\t\t\t\t\t\t\t\t\t\t\t\n\t\t\t\t\t\t\t\t\t<div class=\"work-item style-2\" data-custom-content=\"off\">\n\t\t\t\t\t\t\t\t\t\t\n\t\t\t\t\t\t\t\t\t\t<img decoding=\"async\" class=\"custom-thumbnail skip-lazy\" src=\"https:\/\/manolos.org\/wp-content\/uploads\/2024\/11\/LosLeones-PatatasAjo.jpg\" alt=\"Los Leones. Chips mit Oliven\u00f6l und Knoblauch\" \/>\t\t\t\t\t\t\t\t\t\t\n\t\t\t\t\t\t\t\t\t\t<div class=\"work-info-bg\"><\/div>\n\t\t\t\t\t\t\t\t\t\t<div class=\"work-info\">\n\t\t\t\t\t\t\t\t\t\t\t\n\t\t\t\t\t\t\t\t\t\t\t\t\t\t\t\t\t\t\t\t\t\t\t\n\t\t\t\t\t\t\t\t\t\t\t\t\n\t\t\t\t\t\t\t\t\t\t\t\t\t\t\t\t\t\t\t\t\t\t\t\t\t\n\t\t\t\t\t\t\t\t\t\t\t\t\t<a href=\"https:\/\/manolos.org\/de\/prod\/los-leones-chips-mit-olivenoel-und-knoblauch\/\"><\/a>\n\t\t\t\t\t\t\t\t\t\t\t\t\t\n\t\t\t\t\t\t\t\t\t\t\t\t\t\t\t\t\t\t\t\t\t\t\t\n\t\t\t\t\t\t\t\t\t\t\t\n\t\t\t\t\t\t\t\t\t\t\t<div class=\"vert-center\">\n\t\t\t\t\t\t\t\t\t\t\t\t\t\n\t\t\t\t\t\t\t\t\t\t\t\t\t<h3>Los Leones. Chips mit Oliven\u00f6l und Knoblauch<\/h3> \n\t\t\t\t\t\t\t\t\t\t\t\t\t\t\t\t\t\t\t\t\t\t\t\t<\/div><!--\/vert-center-->\n\t\t\t\t\t\t\t\t\t\t\t\n\t\t\t\t\t\t\t\t\t\t<\/div>\n\t\t\t\t\t\t\t\t\t<\/div><!--work-item-->\n\t\t\t\t\t\t\t\t\t\n\t\t\t\t\t\t\t\t\t\t\t\t\t\t\t\t\n\t\t\t\t\t\t\t\t\n\t\t\t\t\t\t\t<\/div><!--\/inner-wrap-->\n\t\t\t\t\t\t<\/div><!--\/col-->\n\t\t\t\t\t\t\n\t\t\t\t\t\t\t\t\t\t\n\t\t\t\t<\/div><!--\/portfolio-->\n\t\t\t<\/div><!--\/portfolio wrap-->\n\t\t\t\n\t\t\t\n\t\t\t<\/div> \n\t\t<\/div>\n\t<\/div> \n<\/div><\/div>\n\t\t<div id=\"millas\"  data-column-margin=\"default\" data-midnight=\"dark\"  class=\"wpb_row vc_row-fluid vc_row full-width-section vc_row-o-equal-height vc_row-flex marcas-representadas top_margin_0px bottom_margin_0px\"  style=\"padding-top: 100px; padding-bottom: 100px; \"><div class=\"row-bg-wrap\" data-bg-animation=\"none\" data-bg-animation-delay=\"\" data-bg-overlay=\"false\"><div class=\"inner-wrap row-bg-layer\" ><div class=\"row-bg viewport-desktop using-bg-color\"  style=\"background-color: #ffffff; \"><\/div><\/div><\/div><div class=\"row_col_wrap_12 col span_12 dark left\">\n\t<div  class=\"vc_col-sm-3 wpb_column column_container vc_column_container col no-extra-padding inherit_tablet inherit_phone \"  data-padding-pos=\"all\" data-has-bg-color=\"false\" data-bg-color=\"\" data-bg-opacity=\"1\" data-animation=\"\" data-delay=\"0\" >\n\t\t<div class=\"vc_column-inner\" >\n\t\t\t<div class=\"wpb_wrapper\">\n\t\t\t\t<div class=\"img-with-aniamtion-wrap right\" data-max-width=\"100%\" data-max-width-mobile=\"default\" data-shadow=\"none\" data-animation=\"none\" >\n      <div class=\"inner\">\n        <div class=\"hover-wrap\"> \n          <div class=\"hover-wrap-inner\">\n            <img loading=\"lazy\" decoding=\"async\" class=\"img-with-animation skip-lazy\" data-delay=\"0\" height=\"250\" width=\"250\" data-animation=\"none\" src=\"https:\/\/manolos.org\/wp-content\/uploads\/2024\/11\/logo-millas.jpg\" alt=\"\" srcset=\"https:\/\/manolos.org\/wp-content\/uploads\/2024\/11\/logo-millas.jpg 250w, https:\/\/manolos.org\/wp-content\/uploads\/2024\/11\/logo-millas-150x150.jpg 150w, https:\/\/manolos.org\/wp-content\/uploads\/2024\/11\/logo-millas-140x140.jpg 140w, https:\/\/manolos.org\/wp-content\/uploads\/2024\/11\/logo-millas-100x100.jpg 100w, https:\/\/manolos.org\/wp-content\/uploads\/2024\/11\/logo-millas-120x120.jpg 120w\" sizes=\"auto, (max-width: 250px) 100vw, 250px\" \/>\n          <\/div>\n        <\/div>\n      <\/div>\n    <\/div>\n\t\t\t<\/div> \n\t\t<\/div>\n\t<\/div> \n\n\t<div  class=\"vc_col-sm-9 wpb_column column_container vc_column_container col no-extra-padding inherit_tablet inherit_phone \"  data-padding-pos=\"all\" data-has-bg-color=\"false\" data-bg-color=\"\" data-bg-opacity=\"1\" data-animation=\"\" data-delay=\"0\" >\n\t\t<div class=\"vc_column-inner\" >\n\t\t\t<div class=\"wpb_wrapper\">\n\t\t\t\t\n<div class=\"wpb_text_column wpb_content_element \" >\n\t<div class=\"wpb_wrapper\">\n\t\t<h3>Mill\u00e1s<\/h3>\n\t<\/div>\n<\/div>\n\n\n\n\n<div class=\"wpb_text_column wpb_content_element  vc_custom_1714816973655\" >\n\t<div class=\"wpb_wrapper\">\n\t\t<p>Grupo Millas betreibt vier Fabriken mit fortschrittlicher Technologie f\u00fcr die Herstellung von Saucen, Emulsionen, nativem Oliven\u00f6l sowie Pflanzen\u00f6len und bietet eine Vielzahl von Formaten an, darunter Einzelportionen, Bag-in-Box, Glasgef\u00e4\u00dfe und Becher. Sie garantieren eine effiziente Belieferung und sind in der Lage, kundenspezifische Bestellungen in verschiedenen Formaten je nach Wunsch zu erf\u00fcllen. Dar\u00fcber hinaus widmen sich 10 % des Personals der Forschung und Entwicklung sowie der Qualit\u00e4tskontrolle und verf\u00fcgen \u00fcber moderne Labors, eine Versuchsk\u00fcche und ein professionelles Verkostungspanel.<\/p>\n\t<\/div>\n<\/div>\n\n\n\n\t\t\t\t\n\t\t\t\t\n\t\t\t\t\n\t\t\t\t<div class=\"portfolio-wrap \">\n\t\t\t\t\t\n\t\t\t\t\t\t\t\t\t\t\n\t\t\t\t\t<span class=\"portfolio-loading  none\">   <\/span>\n\t\t\t\t\t\n\t\t\t\t\t\t\t\t\t\t\n\t\t\t\t\t<div class=\"row portfolio-items no-masonry  \" data-rcp=\"false\" data-masonry-type=\"default\" data-ps=\"7\" data-starting-filter=\"\" data-gutter=\"default\" data-categories-to-show=\"millas\" data-bypass-cropping=\"\" data-lightbox-only=\"0\" data-col-num=\"cols-4\">\n\t\t\t\t\t\t\t\t\t\t\t\t\n\t\t\t\t\t\t\t\t\t\t\t\t\n\t\t\t\t\t\t<div class=\"col span_3  element millas-de produkte saucen-konfitueren-chutneys vertretene-marken \"  data-project-cat=\"millas-de produkte saucen-konfitueren-chutneys vertretene-marken \" data-default-color=\"true\" data-title-color=\"\" data-subtitle-color=\"\">\n\t\t\t\t\t\t\t\n\t\t\t\t\t\t\t<div class=\"inner-wrap animated\" data-animation=\"none\">\n\t\t\t\t\t\t\t\t\n\t\t\t\t\t\t\t\t\t\t\t\t\t\t\t\t\t\n\t\t\t\t\t\t\t\t\t<div class=\"work-item style-2\" data-custom-content=\"off\">\n\t\t\t\t\t\t\t\t\t\t\n\t\t\t\t\t\t\t\t\t\t<img decoding=\"async\" class=\"custom-thumbnail skip-lazy\" src=\"https:\/\/manolos.org\/wp-content\/uploads\/2024\/10\/sriracha.jpg\" alt=\"Mill\u00e0s. Sriracha Mayo\" \/>\t\t\t\t\t\t\t\t\t\t\n\t\t\t\t\t\t\t\t\t\t<div class=\"work-info-bg\"><\/div>\n\t\t\t\t\t\t\t\t\t\t<div class=\"work-info\">\n\t\t\t\t\t\t\t\t\t\t\t\n\t\t\t\t\t\t\t\t\t\t\t\t\t\t\t\t\t\t\t\t\t\t\t\n\t\t\t\t\t\t\t\t\t\t\t\t\n\t\t\t\t\t\t\t\t\t\t\t\t\t\t\t\t\t\t\t\t\t\t\t\t\t\n\t\t\t\t\t\t\t\t\t\t\t\t\t<a href=\"https:\/\/manolos.org\/de\/prod\/millas-sriracha-mayo\/\"><\/a>\n\t\t\t\t\t\t\t\t\t\t\t\t\t\n\t\t\t\t\t\t\t\t\t\t\t\t\t\t\t\t\t\t\t\t\t\t\t\n\t\t\t\t\t\t\t\t\t\t\t\n\t\t\t\t\t\t\t\t\t\t\t<div class=\"vert-center\">\n\t\t\t\t\t\t\t\t\t\t\t\t\t\n\t\t\t\t\t\t\t\t\t\t\t\t\t<h3>Mill\u00e0s. Sriracha Mayo<\/h3> \n\t\t\t\t\t\t\t\t\t\t\t\t\t\t\t\t\t\t\t\t\t\t\t\t<\/div><!--\/vert-center-->\n\t\t\t\t\t\t\t\t\t\t\t\n\t\t\t\t\t\t\t\t\t\t<\/div>\n\t\t\t\t\t\t\t\t\t<\/div><!--work-item-->\n\t\t\t\t\t\t\t\t\t\n\t\t\t\t\t\t\t\t\t\t\t\t\t\t\t\t\n\t\t\t\t\t\t\t\t\n\t\t\t\t\t\t\t<\/div><!--\/inner-wrap-->\n\t\t\t\t\t\t<\/div><!--\/col-->\n\t\t\t\t\t\t\n\t\t\t\t\t\t\t\t\t\t\t\n\t\t\t\t\t\t\t\t\t\t\t\t\n\t\t\t\t\t\t<div class=\"col span_3  element millas-de produkte saucen-konfitueren-chutneys vertretene-marken \"  data-project-cat=\"millas-de produkte saucen-konfitueren-chutneys vertretene-marken \" data-default-color=\"true\" data-title-color=\"\" data-subtitle-color=\"\">\n\t\t\t\t\t\t\t\n\t\t\t\t\t\t\t<div class=\"inner-wrap animated\" data-animation=\"none\">\n\t\t\t\t\t\t\t\t\n\t\t\t\t\t\t\t\t\t\t\t\t\t\t\t\t\t\n\t\t\t\t\t\t\t\t\t<div class=\"work-item style-2\" data-custom-content=\"off\">\n\t\t\t\t\t\t\t\t\t\t\n\t\t\t\t\t\t\t\t\t\t<img decoding=\"async\" class=\"custom-thumbnail skip-lazy\" src=\"https:\/\/manolos.org\/wp-content\/uploads\/2024\/11\/Millas-alioli-1.jpg\" alt=\"Mill\u00e0s. Alioli\" \/>\t\t\t\t\t\t\t\t\t\t\n\t\t\t\t\t\t\t\t\t\t<div class=\"work-info-bg\"><\/div>\n\t\t\t\t\t\t\t\t\t\t<div class=\"work-info\">\n\t\t\t\t\t\t\t\t\t\t\t\n\t\t\t\t\t\t\t\t\t\t\t\t\t\t\t\t\t\t\t\t\t\t\t\n\t\t\t\t\t\t\t\t\t\t\t\t\n\t\t\t\t\t\t\t\t\t\t\t\t\t\t\t\t\t\t\t\t\t\t\t\t\t\n\t\t\t\t\t\t\t\t\t\t\t\t\t<a href=\"https:\/\/manolos.org\/de\/prod\/millas-alioli\/\"><\/a>\n\t\t\t\t\t\t\t\t\t\t\t\t\t\n\t\t\t\t\t\t\t\t\t\t\t\t\t\t\t\t\t\t\t\t\t\t\t\n\t\t\t\t\t\t\t\t\t\t\t\n\t\t\t\t\t\t\t\t\t\t\t<div class=\"vert-center\">\n\t\t\t\t\t\t\t\t\t\t\t\t\t\n\t\t\t\t\t\t\t\t\t\t\t\t\t<h3>Mill\u00e0s. Alioli<\/h3> \n\t\t\t\t\t\t\t\t\t\t\t\t\t\t\t\t\t\t\t\t\t\t\t\t<\/div><!--\/vert-center-->\n\t\t\t\t\t\t\t\t\t\t\t\n\t\t\t\t\t\t\t\t\t\t<\/div>\n\t\t\t\t\t\t\t\t\t<\/div><!--work-item-->\n\t\t\t\t\t\t\t\t\t\n\t\t\t\t\t\t\t\t\t\t\t\t\t\t\t\t\n\t\t\t\t\t\t\t\t\n\t\t\t\t\t\t\t<\/div><!--\/inner-wrap-->\n\t\t\t\t\t\t<\/div><!--\/col-->\n\t\t\t\t\t\t\n\t\t\t\t\t\t\t\t\t\t\t\n\t\t\t\t\t\t\t\t\t\t\t\t\n\t\t\t\t\t\t<div class=\"col span_3  element millas-de produkte saucen-konfitueren-chutneys vertretene-marken \"  data-project-cat=\"millas-de produkte saucen-konfitueren-chutneys vertretene-marken \" data-default-color=\"true\" data-title-color=\"\" data-subtitle-color=\"\">\n\t\t\t\t\t\t\t\n\t\t\t\t\t\t\t<div class=\"inner-wrap animated\" data-animation=\"none\">\n\t\t\t\t\t\t\t\t\n\t\t\t\t\t\t\t\t\t\t\t\t\t\t\t\t\t\n\t\t\t\t\t\t\t\t\t<div class=\"work-item style-2\" data-custom-content=\"off\">\n\t\t\t\t\t\t\t\t\t\t\n\t\t\t\t\t\t\t\t\t\t<img decoding=\"async\" class=\"custom-thumbnail skip-lazy\" src=\"https:\/\/manolos.org\/wp-content\/uploads\/2024\/11\/Millas-ketchup-1.jpg\" alt=\"Mill\u00e0s. Ketchup\" \/>\t\t\t\t\t\t\t\t\t\t\n\t\t\t\t\t\t\t\t\t\t<div class=\"work-info-bg\"><\/div>\n\t\t\t\t\t\t\t\t\t\t<div class=\"work-info\">\n\t\t\t\t\t\t\t\t\t\t\t\n\t\t\t\t\t\t\t\t\t\t\t\t\t\t\t\t\t\t\t\t\t\t\t\n\t\t\t\t\t\t\t\t\t\t\t\t\n\t\t\t\t\t\t\t\t\t\t\t\t\t\t\t\t\t\t\t\t\t\t\t\t\t\n\t\t\t\t\t\t\t\t\t\t\t\t\t<a href=\"https:\/\/manolos.org\/de\/prod\/millas-ketchup\/\"><\/a>\n\t\t\t\t\t\t\t\t\t\t\t\t\t\n\t\t\t\t\t\t\t\t\t\t\t\t\t\t\t\t\t\t\t\t\t\t\t\n\t\t\t\t\t\t\t\t\t\t\t\n\t\t\t\t\t\t\t\t\t\t\t<div class=\"vert-center\">\n\t\t\t\t\t\t\t\t\t\t\t\t\t\n\t\t\t\t\t\t\t\t\t\t\t\t\t<h3>Mill\u00e0s. Ketchup<\/h3> \n\t\t\t\t\t\t\t\t\t\t\t\t\t\t\t\t\t\t\t\t\t\t\t\t<\/div><!--\/vert-center-->\n\t\t\t\t\t\t\t\t\t\t\t\n\t\t\t\t\t\t\t\t\t\t<\/div>\n\t\t\t\t\t\t\t\t\t<\/div><!--work-item-->\n\t\t\t\t\t\t\t\t\t\n\t\t\t\t\t\t\t\t\t\t\t\t\t\t\t\t\n\t\t\t\t\t\t\t\t\n\t\t\t\t\t\t\t<\/div><!--\/inner-wrap-->\n\t\t\t\t\t\t<\/div><!--\/col-->\n\t\t\t\t\t\t\n\t\t\t\t\t\t\t\t\t\t\t\n\t\t\t\t\t\t\t\t\t\t\t\t\n\t\t\t\t\t\t<div class=\"col span_3  element millas-de produkte saucen-konfitueren-chutneys vertretene-marken \"  data-project-cat=\"millas-de produkte saucen-konfitueren-chutneys vertretene-marken \" data-default-color=\"true\" data-title-color=\"\" data-subtitle-color=\"\">\n\t\t\t\t\t\t\t\n\t\t\t\t\t\t\t<div class=\"inner-wrap animated\" data-animation=\"none\">\n\t\t\t\t\t\t\t\t\n\t\t\t\t\t\t\t\t\t\t\t\t\t\t\t\t\t\n\t\t\t\t\t\t\t\t\t<div class=\"work-item style-2\" data-custom-content=\"off\">\n\t\t\t\t\t\t\t\t\t\t\n\t\t\t\t\t\t\t\t\t\t<img decoding=\"async\" class=\"custom-thumbnail skip-lazy\" src=\"https:\/\/manolos.org\/wp-content\/uploads\/2024\/11\/Millas-mayo-1.jpg\" alt=\"Mill\u00e0s. Mayonnaise\" \/>\t\t\t\t\t\t\t\t\t\t\n\t\t\t\t\t\t\t\t\t\t<div class=\"work-info-bg\"><\/div>\n\t\t\t\t\t\t\t\t\t\t<div class=\"work-info\">\n\t\t\t\t\t\t\t\t\t\t\t\n\t\t\t\t\t\t\t\t\t\t\t\t\t\t\t\t\t\t\t\t\t\t\t\n\t\t\t\t\t\t\t\t\t\t\t\t\n\t\t\t\t\t\t\t\t\t\t\t\t\t\t\t\t\t\t\t\t\t\t\t\t\t\n\t\t\t\t\t\t\t\t\t\t\t\t\t<a href=\"https:\/\/manolos.org\/de\/prod\/millas-mayonnaise\/\"><\/a>\n\t\t\t\t\t\t\t\t\t\t\t\t\t\n\t\t\t\t\t\t\t\t\t\t\t\t\t\t\t\t\t\t\t\t\t\t\t\n\t\t\t\t\t\t\t\t\t\t\t\n\t\t\t\t\t\t\t\t\t\t\t<div class=\"vert-center\">\n\t\t\t\t\t\t\t\t\t\t\t\t\t\n\t\t\t\t\t\t\t\t\t\t\t\t\t<h3>Mill\u00e0s. Mayonnaise<\/h3> \n\t\t\t\t\t\t\t\t\t\t\t\t\t\t\t\t\t\t\t\t\t\t\t\t<\/div><!--\/vert-center-->\n\t\t\t\t\t\t\t\t\t\t\t\n\t\t\t\t\t\t\t\t\t\t<\/div>\n\t\t\t\t\t\t\t\t\t<\/div><!--work-item-->\n\t\t\t\t\t\t\t\t\t\n\t\t\t\t\t\t\t\t\t\t\t\t\t\t\t\t\n\t\t\t\t\t\t\t\t\n\t\t\t\t\t\t\t<\/div><!--\/inner-wrap-->\n\t\t\t\t\t\t<\/div><!--\/col-->\n\t\t\t\t\t\t\n\t\t\t\t\t\t\t\t\t\t\t\n\t\t\t\t\t\t\t\t\t\t\t\t\n\t\t\t\t\t\t<div class=\"col span_3  element millas-de produkte saucen-konfitueren-chutneys vertretene-marken \"  data-project-cat=\"millas-de produkte saucen-konfitueren-chutneys vertretene-marken \" data-default-color=\"true\" data-title-color=\"\" data-subtitle-color=\"\">\n\t\t\t\t\t\t\t\n\t\t\t\t\t\t\t<div class=\"inner-wrap animated\" data-animation=\"none\">\n\t\t\t\t\t\t\t\t\n\t\t\t\t\t\t\t\t\t\t\t\t\t\t\t\t\t\n\t\t\t\t\t\t\t\t\t<div class=\"work-item style-2\" data-custom-content=\"off\">\n\t\t\t\t\t\t\t\t\t\t\n\t\t\t\t\t\t\t\t\t\t<img decoding=\"async\" class=\"custom-thumbnail skip-lazy\" src=\"https:\/\/manolos.org\/wp-content\/uploads\/2024\/11\/Millas-bbq-1.jpg\" alt=\"Mill\u00e0s. BBQ\" \/>\t\t\t\t\t\t\t\t\t\t\n\t\t\t\t\t\t\t\t\t\t<div class=\"work-info-bg\"><\/div>\n\t\t\t\t\t\t\t\t\t\t<div class=\"work-info\">\n\t\t\t\t\t\t\t\t\t\t\t\n\t\t\t\t\t\t\t\t\t\t\t\t\t\t\t\t\t\t\t\t\t\t\t\n\t\t\t\t\t\t\t\t\t\t\t\t\n\t\t\t\t\t\t\t\t\t\t\t\t\t\t\t\t\t\t\t\t\t\t\t\t\t\n\t\t\t\t\t\t\t\t\t\t\t\t\t<a href=\"https:\/\/manolos.org\/de\/prod\/millas-bbq\/\"><\/a>\n\t\t\t\t\t\t\t\t\t\t\t\t\t\n\t\t\t\t\t\t\t\t\t\t\t\t\t\t\t\t\t\t\t\t\t\t\t\n\t\t\t\t\t\t\t\t\t\t\t\n\t\t\t\t\t\t\t\t\t\t\t<div class=\"vert-center\">\n\t\t\t\t\t\t\t\t\t\t\t\t\t\n\t\t\t\t\t\t\t\t\t\t\t\t\t<h3>Mill\u00e0s. BBQ<\/h3> \n\t\t\t\t\t\t\t\t\t\t\t\t\t\t\t\t\t\t\t\t\t\t\t\t<\/div><!--\/vert-center-->\n\t\t\t\t\t\t\t\t\t\t\t\n\t\t\t\t\t\t\t\t\t\t<\/div>\n\t\t\t\t\t\t\t\t\t<\/div><!--work-item-->\n\t\t\t\t\t\t\t\t\t\n\t\t\t\t\t\t\t\t\t\t\t\t\t\t\t\t\n\t\t\t\t\t\t\t\t\n\t\t\t\t\t\t\t<\/div><!--\/inner-wrap-->\n\t\t\t\t\t\t<\/div><!--\/col-->\n\t\t\t\t\t\t\n\t\t\t\t\t\t\t\t\t\t\t\n\t\t\t\t\t\t\t\t\t\t\t\t\n\t\t\t\t\t\t<div class=\"col span_3  element millas-de produkte saucen-konfitueren-chutneys vertretene-marken \"  data-project-cat=\"millas-de produkte saucen-konfitueren-chutneys vertretene-marken \" data-default-color=\"true\" data-title-color=\"\" data-subtitle-color=\"\">\n\t\t\t\t\t\t\t\n\t\t\t\t\t\t\t<div class=\"inner-wrap animated\" data-animation=\"none\">\n\t\t\t\t\t\t\t\t\n\t\t\t\t\t\t\t\t\t\t\t\t\t\t\t\t\t\n\t\t\t\t\t\t\t\t\t<div class=\"work-item style-2\" data-custom-content=\"off\">\n\t\t\t\t\t\t\t\t\t\t\n\t\t\t\t\t\t\t\t\t\t<img decoding=\"async\" class=\"custom-thumbnail skip-lazy\" src=\"https:\/\/manolos.org\/wp-content\/uploads\/2024\/11\/Millas-mostasa-1.jpg\" alt=\"Mill\u00e0s. Senf\" \/>\t\t\t\t\t\t\t\t\t\t\n\t\t\t\t\t\t\t\t\t\t<div class=\"work-info-bg\"><\/div>\n\t\t\t\t\t\t\t\t\t\t<div class=\"work-info\">\n\t\t\t\t\t\t\t\t\t\t\t\n\t\t\t\t\t\t\t\t\t\t\t\t\t\t\t\t\t\t\t\t\t\t\t\n\t\t\t\t\t\t\t\t\t\t\t\t\n\t\t\t\t\t\t\t\t\t\t\t\t\t\t\t\t\t\t\t\t\t\t\t\t\t\n\t\t\t\t\t\t\t\t\t\t\t\t\t<a href=\"https:\/\/manolos.org\/de\/prod\/millas-senf\/\"><\/a>\n\t\t\t\t\t\t\t\t\t\t\t\t\t\n\t\t\t\t\t\t\t\t\t\t\t\t\t\t\t\t\t\t\t\t\t\t\t\n\t\t\t\t\t\t\t\t\t\t\t\n\t\t\t\t\t\t\t\t\t\t\t<div class=\"vert-center\">\n\t\t\t\t\t\t\t\t\t\t\t\t\t\n\t\t\t\t\t\t\t\t\t\t\t\t\t<h3>Mill\u00e0s. Senf<\/h3> \n\t\t\t\t\t\t\t\t\t\t\t\t\t\t\t\t\t\t\t\t\t\t\t\t<\/div><!--\/vert-center-->\n\t\t\t\t\t\t\t\t\t\t\t\n\t\t\t\t\t\t\t\t\t\t<\/div>\n\t\t\t\t\t\t\t\t\t<\/div><!--work-item-->\n\t\t\t\t\t\t\t\t\t\n\t\t\t\t\t\t\t\t\t\t\t\t\t\t\t\t\n\t\t\t\t\t\t\t\t\n\t\t\t\t\t\t\t<\/div><!--\/inner-wrap-->\n\t\t\t\t\t\t<\/div><!--\/col-->\n\t\t\t\t\t\t\n\t\t\t\t\t\t\t\t\t\t\t\n\t\t\t\t\t\t\t\t\t\t\t\t\n\t\t\t\t\t\t<div class=\"col span_3  element millas-de produkte saucen-konfitueren-chutneys vertretene-marken \"  data-project-cat=\"millas-de produkte saucen-konfitueren-chutneys vertretene-marken \" data-default-color=\"true\" data-title-color=\"\" data-subtitle-color=\"\">\n\t\t\t\t\t\t\t\n\t\t\t\t\t\t\t<div class=\"inner-wrap animated\" data-animation=\"none\">\n\t\t\t\t\t\t\t\t\n\t\t\t\t\t\t\t\t\t\t\t\t\t\t\t\t\t\n\t\t\t\t\t\t\t\t\t<div class=\"work-item style-2\" data-custom-content=\"off\">\n\t\t\t\t\t\t\t\t\t\t\n\t\t\t\t\t\t\t\t\t\t<img decoding=\"async\" class=\"custom-thumbnail skip-lazy\" src=\"https:\/\/manolos.org\/wp-content\/uploads\/2024\/11\/Millas-sweet_mayo.jpg\" alt=\"Mill\u00e0s. Sweet Mayo\" \/>\t\t\t\t\t\t\t\t\t\t\n\t\t\t\t\t\t\t\t\t\t<div class=\"work-info-bg\"><\/div>\n\t\t\t\t\t\t\t\t\t\t<div class=\"work-info\">\n\t\t\t\t\t\t\t\t\t\t\t\n\t\t\t\t\t\t\t\t\t\t\t\t\t\t\t\t\t\t\t\t\t\t\t\n\t\t\t\t\t\t\t\t\t\t\t\t\n\t\t\t\t\t\t\t\t\t\t\t\t\t\t\t\t\t\t\t\t\t\t\t\t\t\n\t\t\t\t\t\t\t\t\t\t\t\t\t<a href=\"https:\/\/manolos.org\/de\/prod\/millas-sweet-mayo\/\"><\/a>\n\t\t\t\t\t\t\t\t\t\t\t\t\t\n\t\t\t\t\t\t\t\t\t\t\t\t\t\t\t\t\t\t\t\t\t\t\t\n\t\t\t\t\t\t\t\t\t\t\t\n\t\t\t\t\t\t\t\t\t\t\t<div class=\"vert-center\">\n\t\t\t\t\t\t\t\t\t\t\t\t\t\n\t\t\t\t\t\t\t\t\t\t\t\t\t<h3>Mill\u00e0s. Sweet Mayo<\/h3> \n\t\t\t\t\t\t\t\t\t\t\t\t\t\t\t\t\t\t\t\t\t\t\t\t<\/div><!--\/vert-center-->\n\t\t\t\t\t\t\t\t\t\t\t\n\t\t\t\t\t\t\t\t\t\t<\/div>\n\t\t\t\t\t\t\t\t\t<\/div><!--work-item-->\n\t\t\t\t\t\t\t\t\t\n\t\t\t\t\t\t\t\t\t\t\t\t\t\t\t\t\n\t\t\t\t\t\t\t\t\n\t\t\t\t\t\t\t<\/div><!--\/inner-wrap-->\n\t\t\t\t\t\t<\/div><!--\/col-->\n\t\t\t\t\t\t\n\t\t\t\t\t\t\t\t\t\t\t\n\t\t\t\t\t\t\t\t\t\t\t\t\n\t\t\t\t\t\t<div class=\"col span_3  element millas-de produkte saucen-konfitueren-chutneys vertretene-marken \"  data-project-cat=\"millas-de produkte saucen-konfitueren-chutneys vertretene-marken \" data-default-color=\"true\" data-title-color=\"\" data-subtitle-color=\"\">\n\t\t\t\t\t\t\t\n\t\t\t\t\t\t\t<div class=\"inner-wrap animated\" data-animation=\"none\">\n\t\t\t\t\t\t\t\t\n\t\t\t\t\t\t\t\t\t\t\t\t\t\t\t\t\t\n\t\t\t\t\t\t\t\t\t<div class=\"work-item style-2\" data-custom-content=\"off\">\n\t\t\t\t\t\t\t\t\t\t\n\t\t\t\t\t\t\t\t\t\t<img decoding=\"async\" class=\"custom-thumbnail skip-lazy\" src=\"https:\/\/manolos.org\/wp-content\/uploads\/2024\/11\/Millas-bbq_mayo.jpg\" alt=\"Mill\u00e0s. BBQ Mayo\" \/>\t\t\t\t\t\t\t\t\t\t\n\t\t\t\t\t\t\t\t\t\t<div class=\"work-info-bg\"><\/div>\n\t\t\t\t\t\t\t\t\t\t<div class=\"work-info\">\n\t\t\t\t\t\t\t\t\t\t\t\n\t\t\t\t\t\t\t\t\t\t\t\t\t\t\t\t\t\t\t\t\t\t\t\n\t\t\t\t\t\t\t\t\t\t\t\t\n\t\t\t\t\t\t\t\t\t\t\t\t\t\t\t\t\t\t\t\t\t\t\t\t\t\n\t\t\t\t\t\t\t\t\t\t\t\t\t<a href=\"https:\/\/manolos.org\/de\/prod\/millas-bbq-mayo\/\"><\/a>\n\t\t\t\t\t\t\t\t\t\t\t\t\t\n\t\t\t\t\t\t\t\t\t\t\t\t\t\t\t\t\t\t\t\t\t\t\t\n\t\t\t\t\t\t\t\t\t\t\t\n\t\t\t\t\t\t\t\t\t\t\t<div class=\"vert-center\">\n\t\t\t\t\t\t\t\t\t\t\t\t\t\n\t\t\t\t\t\t\t\t\t\t\t\t\t<h3>Mill\u00e0s. BBQ Mayo<\/h3> \n\t\t\t\t\t\t\t\t\t\t\t\t\t\t\t\t\t\t\t\t\t\t\t\t<\/div><!--\/vert-center-->\n\t\t\t\t\t\t\t\t\t\t\t\n\t\t\t\t\t\t\t\t\t\t<\/div>\n\t\t\t\t\t\t\t\t\t<\/div><!--work-item-->\n\t\t\t\t\t\t\t\t\t\n\t\t\t\t\t\t\t\t\t\t\t\t\t\t\t\t\n\t\t\t\t\t\t\t\t\n\t\t\t\t\t\t\t<\/div><!--\/inner-wrap-->\n\t\t\t\t\t\t<\/div><!--\/col-->\n\t\t\t\t\t\t\n\t\t\t\t\t\t\t\t\t\t\t\n\t\t\t\t\t\t\t\t\t\t\t\t\n\t\t\t\t\t\t<div class=\"col span_3  element millas-de produkte saucen-konfitueren-chutneys vertretene-marken \"  data-project-cat=\"millas-de produkte saucen-konfitueren-chutneys vertretene-marken \" data-default-color=\"true\" data-title-color=\"\" data-subtitle-color=\"\">\n\t\t\t\t\t\t\t\n\t\t\t\t\t\t\t<div class=\"inner-wrap animated\" data-animation=\"none\">\n\t\t\t\t\t\t\t\t\n\t\t\t\t\t\t\t\t\t\t\t\t\t\t\t\t\t\n\t\t\t\t\t\t\t\t\t<div class=\"work-item style-2\" data-custom-content=\"off\">\n\t\t\t\t\t\t\t\t\t\t\n\t\t\t\t\t\t\t\t\t\t<img decoding=\"async\" class=\"custom-thumbnail skip-lazy\" src=\"https:\/\/manolos.org\/wp-content\/uploads\/2024\/11\/Millas-wasabi.jpg\" alt=\"Mill\u00e0s. Wasabi Mayo\" \/>\t\t\t\t\t\t\t\t\t\t\n\t\t\t\t\t\t\t\t\t\t<div class=\"work-info-bg\"><\/div>\n\t\t\t\t\t\t\t\t\t\t<div class=\"work-info\">\n\t\t\t\t\t\t\t\t\t\t\t\n\t\t\t\t\t\t\t\t\t\t\t\t\t\t\t\t\t\t\t\t\t\t\t\n\t\t\t\t\t\t\t\t\t\t\t\t\n\t\t\t\t\t\t\t\t\t\t\t\t\t\t\t\t\t\t\t\t\t\t\t\t\t\n\t\t\t\t\t\t\t\t\t\t\t\t\t<a href=\"https:\/\/manolos.org\/de\/prod\/millas-wasabi-mayo\/\"><\/a>\n\t\t\t\t\t\t\t\t\t\t\t\t\t\n\t\t\t\t\t\t\t\t\t\t\t\t\t\t\t\t\t\t\t\t\t\t\t\n\t\t\t\t\t\t\t\t\t\t\t\n\t\t\t\t\t\t\t\t\t\t\t<div class=\"vert-center\">\n\t\t\t\t\t\t\t\t\t\t\t\t\t\n\t\t\t\t\t\t\t\t\t\t\t\t\t<h3>Mill\u00e0s. Wasabi Mayo<\/h3> \n\t\t\t\t\t\t\t\t\t\t\t\t\t\t\t\t\t\t\t\t\t\t\t\t<\/div><!--\/vert-center-->\n\t\t\t\t\t\t\t\t\t\t\t\n\t\t\t\t\t\t\t\t\t\t<\/div>\n\t\t\t\t\t\t\t\t\t<\/div><!--work-item-->\n\t\t\t\t\t\t\t\t\t\n\t\t\t\t\t\t\t\t\t\t\t\t\t\t\t\t\n\t\t\t\t\t\t\t\t\n\t\t\t\t\t\t\t<\/div><!--\/inner-wrap-->\n\t\t\t\t\t\t<\/div><!--\/col-->\n\t\t\t\t\t\t\n\t\t\t\t\t\t\t\t\t\t\n\t\t\t\t<\/div><!--\/portfolio-->\n\t\t\t<\/div><!--\/portfolio wrap-->\n\t\t\t\n\t\t\t\n\t\t\t<\/div> \n\t\t<\/div>\n\t<\/div> \n<\/div><\/div>\n\t\t<div id=\"montsia\"  data-column-margin=\"default\" data-midnight=\"dark\"  class=\"wpb_row vc_row-fluid vc_row full-width-section vc_row-o-equal-height vc_row-flex marcas-representadas top_margin_0px bottom_margin_0px\"  style=\"padding-top: 100px; padding-bottom: 100px; \"><div class=\"row-bg-wrap\" data-bg-animation=\"none\" data-bg-animation-delay=\"\" data-bg-overlay=\"false\"><div class=\"inner-wrap row-bg-layer\" ><div class=\"row-bg viewport-desktop using-bg-color\"  style=\"background-color: #f7f5ed; \"><\/div><\/div><\/div><div class=\"row_col_wrap_12 col span_12 dark left\">\n\t<div  class=\"vc_col-sm-3 wpb_column column_container vc_column_container col no-extra-padding inherit_tablet inherit_phone \"  data-padding-pos=\"all\" data-has-bg-color=\"false\" data-bg-color=\"\" data-bg-opacity=\"1\" data-animation=\"\" data-delay=\"0\" >\n\t\t<div class=\"vc_column-inner\" >\n\t\t\t<div class=\"wpb_wrapper\">\n\t\t\t\t<div class=\"img-with-aniamtion-wrap right\" data-max-width=\"100%\" data-max-width-mobile=\"default\" data-shadow=\"none\" data-animation=\"none\" >\n      <div class=\"inner\">\n        <div class=\"hover-wrap\"> \n          <div class=\"hover-wrap-inner\">\n            <img loading=\"lazy\" decoding=\"async\" class=\"img-with-animation skip-lazy\" data-delay=\"0\" height=\"250\" width=\"250\" data-animation=\"none\" src=\"https:\/\/manolos.org\/wp-content\/uploads\/2024\/11\/logo-montsia.png\" alt=\"\" srcset=\"https:\/\/manolos.org\/wp-content\/uploads\/2024\/11\/logo-montsia.png 250w, https:\/\/manolos.org\/wp-content\/uploads\/2024\/11\/logo-montsia-150x150.png 150w, https:\/\/manolos.org\/wp-content\/uploads\/2024\/11\/logo-montsia-140x140.png 140w, https:\/\/manolos.org\/wp-content\/uploads\/2024\/11\/logo-montsia-100x100.png 100w, https:\/\/manolos.org\/wp-content\/uploads\/2024\/11\/logo-montsia-120x120.png 120w\" sizes=\"auto, (max-width: 250px) 100vw, 250px\" \/>\n          <\/div>\n        <\/div>\n      <\/div>\n    <\/div>\n\t\t\t<\/div> \n\t\t<\/div>\n\t<\/div> \n\n\t<div  class=\"vc_col-sm-9 wpb_column column_container vc_column_container col no-extra-padding inherit_tablet inherit_phone \"  data-padding-pos=\"all\" data-has-bg-color=\"false\" data-bg-color=\"\" data-bg-opacity=\"1\" data-animation=\"\" data-delay=\"0\" >\n\t\t<div class=\"vc_column-inner\" >\n\t\t\t<div class=\"wpb_wrapper\">\n\t\t\t\t\n<div class=\"wpb_text_column wpb_content_element \" >\n\t<div class=\"wpb_wrapper\">\n\t\t<h3>Montsi\u00e0<\/h3>\n\t<\/div>\n<\/div>\n\n\n\n\n<div class=\"wpb_text_column wpb_content_element  vc_custom_1714816256763\" >\n\t<div class=\"wpb_wrapper\">\n\t\t<p>Die C\u00e0mara Arrossera del Montsi\u00e0, eine 1927 gegr\u00fcndete landwirtschaftliche Genossenschaft mit mehr als 3.000 Mitgliedern, hat es sich zur Aufgabe gemacht, im Ebrodelta die verschiedenen Reiserzeugnisse der Marke Montsi\u00e0 zu produzieren. In diesem einzigartigen \u00d6kosystem werden verschiedenste einheimische Reissorten angebaut. Auf diese Weise tr\u00e4gt die nat\u00fcrliche Vielfalt des Deltas direkt zur gastronomischen Vielfalt der Region bei.<\/p>\n\t<\/div>\n<\/div>\n\n\n\n\t\t\t\t\n\t\t\t\t\n\t\t\t\t\n\t\t\t\t<div class=\"portfolio-wrap \">\n\t\t\t\t\t\n\t\t\t\t\t\t\t\t\t\t\n\t\t\t\t\t<span class=\"portfolio-loading  none\">   <\/span>\n\t\t\t\t\t\n\t\t\t\t\t\t\t\t\t\t\n\t\t\t\t\t<div class=\"row portfolio-items no-masonry  \" data-rcp=\"false\" data-masonry-type=\"default\" data-ps=\"7\" data-starting-filter=\"\" data-gutter=\"default\" data-categories-to-show=\"montsia\" data-bypass-cropping=\"\" data-lightbox-only=\"0\" data-col-num=\"cols-4\">\n\t\t\t\t\t\t\t\t\t\t\t\t\n\t\t\t\t\t\t\t\t\t\t\t\t\n\t\t\t\t\t\t<div class=\"col span_3  element montsia-de produkte reis vertretene-marken \"  data-project-cat=\"montsia-de produkte reis vertretene-marken \" data-default-color=\"true\" data-title-color=\"\" data-subtitle-color=\"\">\n\t\t\t\t\t\t\t\n\t\t\t\t\t\t\t<div class=\"inner-wrap animated\" data-animation=\"none\">\n\t\t\t\t\t\t\t\t\n\t\t\t\t\t\t\t\t\t\t\t\t\t\t\t\t\t\n\t\t\t\t\t\t\t\t\t<div class=\"work-item style-2\" data-custom-content=\"off\">\n\t\t\t\t\t\t\t\t\t\t\n\t\t\t\t\t\t\t\t\t\t<img decoding=\"async\" class=\"custom-thumbnail skip-lazy\" src=\"https:\/\/manolos.org\/wp-content\/uploads\/2024\/10\/montsia-paella.jpg\" alt=\"Montsi\u00e0. Paella-Reis\" \/>\t\t\t\t\t\t\t\t\t\t\n\t\t\t\t\t\t\t\t\t\t<div class=\"work-info-bg\"><\/div>\n\t\t\t\t\t\t\t\t\t\t<div class=\"work-info\">\n\t\t\t\t\t\t\t\t\t\t\t\n\t\t\t\t\t\t\t\t\t\t\t\t\t\t\t\t\t\t\t\t\t\t\t\n\t\t\t\t\t\t\t\t\t\t\t\t\n\t\t\t\t\t\t\t\t\t\t\t\t\t\t\t\t\t\t\t\t\t\t\t\t\t\n\t\t\t\t\t\t\t\t\t\t\t\t\t<a href=\"https:\/\/manolos.org\/de\/prod\/montsia-paella-reis\/\"><\/a>\n\t\t\t\t\t\t\t\t\t\t\t\t\t\n\t\t\t\t\t\t\t\t\t\t\t\t\t\t\t\t\t\t\t\t\t\t\t\n\t\t\t\t\t\t\t\t\t\t\t\n\t\t\t\t\t\t\t\t\t\t\t<div class=\"vert-center\">\n\t\t\t\t\t\t\t\t\t\t\t\t\t\n\t\t\t\t\t\t\t\t\t\t\t\t\t<h3>Montsi\u00e0. Paella-Reis<\/h3> \n\t\t\t\t\t\t\t\t\t\t\t\t\t\t\t\t\t\t\t\t\t\t\t\t<\/div><!--\/vert-center-->\n\t\t\t\t\t\t\t\t\t\t\t\n\t\t\t\t\t\t\t\t\t\t<\/div>\n\t\t\t\t\t\t\t\t\t<\/div><!--work-item-->\n\t\t\t\t\t\t\t\t\t\n\t\t\t\t\t\t\t\t\t\t\t\t\t\t\t\t\n\t\t\t\t\t\t\t\t\n\t\t\t\t\t\t\t<\/div><!--\/inner-wrap-->\n\t\t\t\t\t\t<\/div><!--\/col-->\n\t\t\t\t\t\t\n\t\t\t\t\t\t\t\t\t\t\n\t\t\t\t<\/div><!--\/portfolio-->\n\t\t\t<\/div><!--\/portfolio wrap-->\n\t\t\t\n\t\t\t\n\t\t\t<\/div> \n\t\t<\/div>\n\t<\/div> \n<\/div><\/div>\n\t\t<div id=\"nahon\"  data-column-margin=\"default\" data-midnight=\"dark\"  class=\"wpb_row vc_row-fluid vc_row full-width-section vc_row-o-equal-height vc_row-flex marcas-representadas top_margin_0px bottom_margin_0px\"  style=\"padding-top: 100px; padding-bottom: 100px; \"><div class=\"row-bg-wrap\" data-bg-animation=\"none\" data-bg-animation-delay=\"\" data-bg-overlay=\"false\"><div class=\"inner-wrap row-bg-layer\" ><div class=\"row-bg viewport-desktop using-bg-color\"  style=\"background-color: #ffffff; \"><\/div><\/div><\/div><div class=\"row_col_wrap_12 col span_12 dark left\">\n\t<div  class=\"vc_col-sm-3 wpb_column column_container vc_column_container col no-extra-padding inherit_tablet inherit_phone \"  data-padding-pos=\"all\" data-has-bg-color=\"false\" data-bg-color=\"\" data-bg-opacity=\"1\" data-animation=\"\" data-delay=\"0\" >\n\t\t<div class=\"vc_column-inner\" >\n\t\t\t<div class=\"wpb_wrapper\">\n\t\t\t\t<div class=\"img-with-aniamtion-wrap right\" data-max-width=\"100%\" data-max-width-mobile=\"default\" data-shadow=\"none\" data-animation=\"none\" >\n      <div class=\"inner\">\n        <div class=\"hover-wrap\"> \n          <div class=\"hover-wrap-inner\">\n            <img loading=\"lazy\" decoding=\"async\" class=\"img-with-animation skip-lazy\" data-delay=\"0\" height=\"250\" width=\"250\" data-animation=\"none\" src=\"https:\/\/manolos.org\/wp-content\/uploads\/2024\/11\/logo-nahon.jpg\" alt=\"\" srcset=\"https:\/\/manolos.org\/wp-content\/uploads\/2024\/11\/logo-nahon.jpg 250w, https:\/\/manolos.org\/wp-content\/uploads\/2024\/11\/logo-nahon-150x150.jpg 150w, https:\/\/manolos.org\/wp-content\/uploads\/2024\/11\/logo-nahon-140x140.jpg 140w, https:\/\/manolos.org\/wp-content\/uploads\/2024\/11\/logo-nahon-100x100.jpg 100w, https:\/\/manolos.org\/wp-content\/uploads\/2024\/11\/logo-nahon-120x120.jpg 120w\" sizes=\"auto, (max-width: 250px) 100vw, 250px\" \/>\n          <\/div>\n        <\/div>\n      <\/div>\n    <\/div>\n\t\t\t<\/div> \n\t\t<\/div>\n\t<\/div> \n\n\t<div  class=\"vc_col-sm-9 wpb_column column_container vc_column_container col no-extra-padding inherit_tablet inherit_phone \"  data-padding-pos=\"all\" data-has-bg-color=\"false\" data-bg-color=\"\" data-bg-opacity=\"1\" data-animation=\"\" data-delay=\"0\" >\n\t\t<div class=\"vc_column-inner\" >\n\t\t\t<div class=\"wpb_wrapper\">\n\t\t\t\t\n<div class=\"wpb_text_column wpb_content_element \" >\n\t<div class=\"wpb_wrapper\">\n\t\t<h3>Nahon<\/h3>\n\t<\/div>\n<\/div>\n\n\n\n\n<div class=\"wpb_text_column wpb_content_element  vc_custom_1714815982667\" >\n\t<div class=\"wpb_wrapper\">\n\t\t<p>Urzante ist mit seiner mehr als 50-j\u00e4hrigen Geschichte Teil der gastronomischen Tradition Spaniens geworden und zeichnet sich durch die sorgf\u00e4ltige Herstellung seines \u00d6ls aus. Das Unternehmen setzt auf Anpassung und Innovation und investiert in Technologien und Projekte, um Produkte zu verbessern und nachhaltigere Produktionssysteme zu schaffen. Urzante stellt unter seinen verschiedenen Marken eine gro\u00dfe Vielfalt an hochwertigen \u00d6len her, darunter das Oliven\u00f6l der Marke Nahon und das Avocado\u00f6l der Marke Ondoliva.<\/p>\n\t<\/div>\n<\/div>\n\n\n\n\t\t\t\t\n\t\t\t\t\n\t\t\t\t\n\t\t\t\t<div class=\"portfolio-wrap \">\n\t\t\t\t\t\n\t\t\t\t\t\t\t\t\t\t\n\t\t\t\t\t<span class=\"portfolio-loading  none\">   <\/span>\n\t\t\t\t\t\n\t\t\t\t\t\t\t\t\t\t\n\t\t\t\t\t<div class=\"row portfolio-items no-masonry  \" data-rcp=\"false\" data-masonry-type=\"default\" data-ps=\"7\" data-starting-filter=\"\" data-gutter=\"default\" data-categories-to-show=\"nahon\" data-bypass-cropping=\"\" data-lightbox-only=\"0\" data-col-num=\"cols-4\">\n\t\t\t\t\t\t\t\t\t\t\t\t\n\t\t\t\t\t\t\t\t\t\t\t\t\n\t\t\t\t\t\t<div class=\"col span_3  element nahon nahon-de oele-und-essigsorten produkte vertretene-marken \"  data-project-cat=\"nahon nahon-de oele-und-essigsorten produkte vertretene-marken \" data-default-color=\"true\" data-title-color=\"\" data-subtitle-color=\"\">\n\t\t\t\t\t\t\t\n\t\t\t\t\t\t\t<div class=\"inner-wrap animated\" data-animation=\"none\">\n\t\t\t\t\t\t\t\t\n\t\t\t\t\t\t\t\t\t\t\t\t\t\t\t\t\t\n\t\t\t\t\t\t\t\t\t<div class=\"work-item style-2\" data-custom-content=\"off\">\n\t\t\t\t\t\t\t\t\t\t\n\t\t\t\t\t\t\t\t\t\t<img decoding=\"async\" class=\"custom-thumbnail skip-lazy\" src=\"https:\/\/manolos.org\/wp-content\/uploads\/2024\/11\/nahon-aceite.jpg\" alt=\"Nahon. Kaltgepresstes Oliven\u00f6l extra\" \/>\t\t\t\t\t\t\t\t\t\t\n\t\t\t\t\t\t\t\t\t\t<div class=\"work-info-bg\"><\/div>\n\t\t\t\t\t\t\t\t\t\t<div class=\"work-info\">\n\t\t\t\t\t\t\t\t\t\t\t\n\t\t\t\t\t\t\t\t\t\t\t\t\t\t\t\t\t\t\t\t\t\t\t\n\t\t\t\t\t\t\t\t\t\t\t\t\n\t\t\t\t\t\t\t\t\t\t\t\t\t\t\t\t\t\t\t\t\t\t\t\t\t\n\t\t\t\t\t\t\t\t\t\t\t\t\t<a href=\"https:\/\/manolos.org\/de\/prod\/nahon-kaltgepresstes-olivenoel-extra\/\"><\/a>\n\t\t\t\t\t\t\t\t\t\t\t\t\t\n\t\t\t\t\t\t\t\t\t\t\t\t\t\t\t\t\t\t\t\t\t\t\t\n\t\t\t\t\t\t\t\t\t\t\t\n\t\t\t\t\t\t\t\t\t\t\t<div class=\"vert-center\">\n\t\t\t\t\t\t\t\t\t\t\t\t\t\n\t\t\t\t\t\t\t\t\t\t\t\t\t<h3>Nahon. Kaltgepresstes Oliven\u00f6l extra<\/h3> \n\t\t\t\t\t\t\t\t\t\t\t\t\t\t\t\t\t\t\t\t\t\t\t\t<\/div><!--\/vert-center-->\n\t\t\t\t\t\t\t\t\t\t\t\n\t\t\t\t\t\t\t\t\t\t<\/div>\n\t\t\t\t\t\t\t\t\t<\/div><!--work-item-->\n\t\t\t\t\t\t\t\t\t\n\t\t\t\t\t\t\t\t\t\t\t\t\t\t\t\t\n\t\t\t\t\t\t\t\t\n\t\t\t\t\t\t\t<\/div><!--\/inner-wrap-->\n\t\t\t\t\t\t<\/div><!--\/col-->\n\t\t\t\t\t\t\n\t\t\t\t\t\t\t\t\t\t\n\t\t\t\t<\/div><!--\/portfolio-->\n\t\t\t<\/div><!--\/portfolio wrap-->\n\t\t\t\n\t\t\t\n\t\t\t<\/div> \n\t\t<\/div>\n\t<\/div> \n<\/div><\/div>\n\t\t<div id=\"ondoliva\"  data-column-margin=\"default\" data-midnight=\"dark\"  class=\"wpb_row vc_row-fluid vc_row full-width-section vc_row-o-equal-height vc_row-flex marcas-representadas top_margin_0px bottom_margin_0px\"  style=\"padding-top: 100px; padding-bottom: 100px; \"><div class=\"row-bg-wrap\" data-bg-animation=\"none\" data-bg-animation-delay=\"\" data-bg-overlay=\"false\"><div class=\"inner-wrap row-bg-layer\" ><div class=\"row-bg viewport-desktop using-bg-color\"  style=\"background-color: #f7f5ed; \"><\/div><\/div><\/div><div class=\"row_col_wrap_12 col span_12 dark left\">\n\t<div  class=\"vc_col-sm-3 wpb_column column_container vc_column_container col no-extra-padding inherit_tablet inherit_phone \"  data-padding-pos=\"all\" data-has-bg-color=\"false\" data-bg-color=\"\" data-bg-opacity=\"1\" data-animation=\"\" data-delay=\"0\" >\n\t\t<div class=\"vc_column-inner\" >\n\t\t\t<div class=\"wpb_wrapper\">\n\t\t\t\t<div class=\"img-with-aniamtion-wrap right\" data-max-width=\"100%\" data-max-width-mobile=\"default\" data-shadow=\"none\" data-animation=\"none\" >\n      <div class=\"inner\">\n        <div class=\"hover-wrap\"> \n          <div class=\"hover-wrap-inner\">\n            <img loading=\"lazy\" decoding=\"async\" class=\"img-with-animation skip-lazy\" data-delay=\"0\" height=\"250\" width=\"250\" data-animation=\"none\" src=\"https:\/\/manolos.org\/wp-content\/uploads\/2024\/11\/ondoliva-logo.jpg\" alt=\"\" srcset=\"https:\/\/manolos.org\/wp-content\/uploads\/2024\/11\/ondoliva-logo.jpg 250w, https:\/\/manolos.org\/wp-content\/uploads\/2024\/11\/ondoliva-logo-150x150.jpg 150w, https:\/\/manolos.org\/wp-content\/uploads\/2024\/11\/ondoliva-logo-140x140.jpg 140w, https:\/\/manolos.org\/wp-content\/uploads\/2024\/11\/ondoliva-logo-100x100.jpg 100w, https:\/\/manolos.org\/wp-content\/uploads\/2024\/11\/ondoliva-logo-120x120.jpg 120w\" sizes=\"auto, (max-width: 250px) 100vw, 250px\" \/>\n          <\/div>\n        <\/div>\n      <\/div>\n    <\/div>\n\t\t\t<\/div> \n\t\t<\/div>\n\t<\/div> \n\n\t<div  class=\"vc_col-sm-9 wpb_column column_container vc_column_container col no-extra-padding inherit_tablet inherit_phone \"  data-padding-pos=\"all\" data-has-bg-color=\"false\" data-bg-color=\"\" data-bg-opacity=\"1\" data-animation=\"\" data-delay=\"0\" >\n\t\t<div class=\"vc_column-inner\" >\n\t\t\t<div class=\"wpb_wrapper\">\n\t\t\t\t\n<div class=\"wpb_text_column wpb_content_element \" >\n\t<div class=\"wpb_wrapper\">\n\t\t<h3>Ondoliva<\/h3>\n\t<\/div>\n<\/div>\n\n\n\n\n<div class=\"wpb_text_column wpb_content_element  vc_custom_1714815989649\" >\n\t<div class=\"wpb_wrapper\">\n\t\t<p>Urzante ist mit seiner mehr als 50-j\u00e4hrigen Geschichte Teil der gastronomischen Tradition Spaniens geworden und zeichnet sich durch die sorgf\u00e4ltige Herstellung seines \u00d6ls aus. Das Unternehmen setzt auf Anpassung und Innovation und investiert in Technologien und Projekte, um Produkte zu verbessern und nachhaltigere Produktionssysteme zu schaffen. Urzante stellt unter seinen verschiedenen Marken eine gro\u00dfe Vielfalt an hochwertigen \u00d6len her, darunter das Oliven\u00f6l der Marke Nahon und das Avocado\u00f6l der Marke Ondoliva.<\/p>\n\t<\/div>\n<\/div>\n\n\n\n\t\t\t\t\n\t\t\t\t\n\t\t\t\t\n\t\t\t\t<div class=\"portfolio-wrap \">\n\t\t\t\t\t\n\t\t\t\t\t\t\t\t\t\t\n\t\t\t\t\t<span class=\"portfolio-loading  none\">   <\/span>\n\t\t\t\t\t\n\t\t\t\t\t\t\t\t\t\t\n\t\t\t\t\t<div class=\"row portfolio-items no-masonry  \" data-rcp=\"false\" data-masonry-type=\"default\" data-ps=\"7\" data-starting-filter=\"\" data-gutter=\"default\" data-categories-to-show=\"ondoliva\" data-bypass-cropping=\"\" data-lightbox-only=\"0\" data-col-num=\"cols-4\">\n\t\t\t\t\t\t\t\t\t\t\t\t\n\t\t\t\t\t\t\t\t\t\t\t\t\n\t\t\t\t\t\t<div class=\"col span_3  element oele-und-essigsorten ondoliva-de produkte vertretene-marken \"  data-project-cat=\"oele-und-essigsorten ondoliva-de produkte vertretene-marken \" data-default-color=\"true\" data-title-color=\"\" data-subtitle-color=\"\">\n\t\t\t\t\t\t\t\n\t\t\t\t\t\t\t<div class=\"inner-wrap animated\" data-animation=\"none\">\n\t\t\t\t\t\t\t\t\n\t\t\t\t\t\t\t\t\t\t\t\t\t\t\t\t\t\n\t\t\t\t\t\t\t\t\t<div class=\"work-item style-2\" data-custom-content=\"off\">\n\t\t\t\t\t\t\t\t\t\t\n\t\t\t\t\t\t\t\t\t\t<img decoding=\"async\" class=\"custom-thumbnail skip-lazy\" src=\"https:\/\/manolos.org\/wp-content\/uploads\/2024\/11\/Ondoliva-aceiteAguacate.jpg\" alt=\"Ondoliva. Kaltgepresstes Avocado\u00f6l\" \/>\t\t\t\t\t\t\t\t\t\t\n\t\t\t\t\t\t\t\t\t\t<div class=\"work-info-bg\"><\/div>\n\t\t\t\t\t\t\t\t\t\t<div class=\"work-info\">\n\t\t\t\t\t\t\t\t\t\t\t\n\t\t\t\t\t\t\t\t\t\t\t\t\t\t\t\t\t\t\t\t\t\t\t\n\t\t\t\t\t\t\t\t\t\t\t\t\n\t\t\t\t\t\t\t\t\t\t\t\t\t\t\t\t\t\t\t\t\t\t\t\t\t\n\t\t\t\t\t\t\t\t\t\t\t\t\t<a href=\"https:\/\/manolos.org\/de\/prod\/ondoliva-kaltgepresstes-avocadooel\/\"><\/a>\n\t\t\t\t\t\t\t\t\t\t\t\t\t\n\t\t\t\t\t\t\t\t\t\t\t\t\t\t\t\t\t\t\t\t\t\t\t\n\t\t\t\t\t\t\t\t\t\t\t\n\t\t\t\t\t\t\t\t\t\t\t<div class=\"vert-center\">\n\t\t\t\t\t\t\t\t\t\t\t\t\t\n\t\t\t\t\t\t\t\t\t\t\t\t\t<h3>Ondoliva. Kaltgepresstes Avocado\u00f6l<\/h3> \n\t\t\t\t\t\t\t\t\t\t\t\t\t\t\t\t\t\t\t\t\t\t\t\t<\/div><!--\/vert-center-->\n\t\t\t\t\t\t\t\t\t\t\t\n\t\t\t\t\t\t\t\t\t\t<\/div>\n\t\t\t\t\t\t\t\t\t<\/div><!--work-item-->\n\t\t\t\t\t\t\t\t\t\n\t\t\t\t\t\t\t\t\t\t\t\t\t\t\t\t\n\t\t\t\t\t\t\t\t\n\t\t\t\t\t\t\t<\/div><!--\/inner-wrap-->\n\t\t\t\t\t\t<\/div><!--\/col-->\n\t\t\t\t\t\t\n\t\t\t\t\t\t\t\t\t\t\n\t\t\t\t<\/div><!--\/portfolio-->\n\t\t\t<\/div><!--\/portfolio wrap-->\n\t\t\t\n\t\t\t\n\t\t\t<\/div> \n\t\t<\/div>\n\t<\/div> \n<\/div><\/div>\n\t\t<div id=\"ortiz\"  data-column-margin=\"default\" data-midnight=\"dark\"  class=\"wpb_row vc_row-fluid vc_row full-width-section vc_row-o-equal-height vc_row-flex marcas-representadas top_margin_0px bottom_margin_0px\"  style=\"padding-top: 100px; padding-bottom: 100px; \"><div class=\"row-bg-wrap\" data-bg-animation=\"none\" data-bg-animation-delay=\"\" data-bg-overlay=\"false\"><div class=\"inner-wrap row-bg-layer\" ><div class=\"row-bg viewport-desktop using-bg-color\"  style=\"background-color: #ffffff; \"><\/div><\/div><\/div><div class=\"row_col_wrap_12 col span_12 dark left\">\n\t<div  class=\"vc_col-sm-3 wpb_column column_container vc_column_container col no-extra-padding inherit_tablet inherit_phone \"  data-padding-pos=\"all\" data-has-bg-color=\"false\" data-bg-color=\"\" data-bg-opacity=\"1\" data-animation=\"\" data-delay=\"0\" >\n\t\t<div class=\"vc_column-inner\" >\n\t\t\t<div class=\"wpb_wrapper\">\n\t\t\t\t<div class=\"img-with-aniamtion-wrap right\" data-max-width=\"100%\" data-max-width-mobile=\"default\" data-shadow=\"none\" data-animation=\"none\" >\n      <div class=\"inner\">\n        <div class=\"hover-wrap\"> \n          <div class=\"hover-wrap-inner\">\n            <img loading=\"lazy\" decoding=\"async\" class=\"img-with-animation skip-lazy\" data-delay=\"0\" height=\"250\" width=\"250\" data-animation=\"none\" src=\"https:\/\/manolos.org\/wp-content\/uploads\/2024\/11\/logo-ortiz.jpg\" alt=\"\" srcset=\"https:\/\/manolos.org\/wp-content\/uploads\/2024\/11\/logo-ortiz.jpg 250w, https:\/\/manolos.org\/wp-content\/uploads\/2024\/11\/logo-ortiz-150x150.jpg 150w, https:\/\/manolos.org\/wp-content\/uploads\/2024\/11\/logo-ortiz-140x140.jpg 140w, https:\/\/manolos.org\/wp-content\/uploads\/2024\/11\/logo-ortiz-100x100.jpg 100w, https:\/\/manolos.org\/wp-content\/uploads\/2024\/11\/logo-ortiz-120x120.jpg 120w\" sizes=\"auto, (max-width: 250px) 100vw, 250px\" \/>\n          <\/div>\n        <\/div>\n      <\/div>\n    <\/div>\n\t\t\t<\/div> \n\t\t<\/div>\n\t<\/div> \n\n\t<div  class=\"vc_col-sm-9 wpb_column column_container vc_column_container col no-extra-padding inherit_tablet inherit_phone \"  data-padding-pos=\"all\" data-has-bg-color=\"false\" data-bg-color=\"\" data-bg-opacity=\"1\" data-animation=\"\" data-delay=\"0\" >\n\t\t<div class=\"vc_column-inner\" >\n\t\t\t<div class=\"wpb_wrapper\">\n\t\t\t\t\n<div class=\"wpb_text_column wpb_content_element \" >\n\t<div class=\"wpb_wrapper\">\n\t\t<h3>Ortiz<\/h3>\n\t<\/div>\n<\/div>\n\n\n\n\n<div class=\"wpb_text_column wpb_content_element  vc_custom_1714816318480\" >\n\t<div class=\"wpb_wrapper\">\n\t\t<p>Conservas Ortiz ist eine spanische Marke, die f\u00fcr die Herstellung hochwertiger Fisch- und Meeresfr\u00fcchtekonserven, insbesondere Sardellen und Thunfisch, nach traditionellen und nachhaltigen Methoden bekannt ist. Die Marke, deren Tradition bis ins Jahr 1891 zur\u00fcckreicht, legt gro\u00dfen Wert auf die Bewahrung der reichen Aromen des Meeres, indem sie handwerkliche Techniken anwendet und erstklassige Zutaten beschafft. Conservas Ortiz ist bekannt f\u00fcr sein Engagement f\u00fcr Qualit\u00e4t, Authentizit\u00e4t und Umweltverantwortung bei der Herstellung seiner Gourmet-Meeresfr\u00fcchteprodukte.<\/p>\n\t<\/div>\n<\/div>\n\n\n\n\t\t\t\t\n\t\t\t\t\n\t\t\t\t\n\t\t\t\t<div class=\"portfolio-wrap \">\n\t\t\t\t\t\n\t\t\t\t\t\t\t\t\t\t\n\t\t\t\t\t<span class=\"portfolio-loading  none\">   <\/span>\n\t\t\t\t\t\n\t\t\t\t\t\t\t\t\t\t\n\t\t\t\t\t<div class=\"row portfolio-items no-masonry  \" data-rcp=\"false\" data-masonry-type=\"default\" data-ps=\"7\" data-starting-filter=\"\" data-gutter=\"default\" data-categories-to-show=\"ortiz\" data-bypass-cropping=\"\" data-lightbox-only=\"0\" data-col-num=\"cols-4\">\n\t\t\t\t\t\t\t\t\t\t\t\t\n\t\t\t\t\t\t\t\t\t\t\t\t\n\t\t\t\t\t\t<div class=\"col span_3  element fischkonserven ortiz-de produkte vertretene-marken \"  data-project-cat=\"fischkonserven ortiz-de produkte vertretene-marken \" data-default-color=\"true\" data-title-color=\"\" data-subtitle-color=\"\">\n\t\t\t\t\t\t\t\n\t\t\t\t\t\t\t<div class=\"inner-wrap animated\" data-animation=\"none\">\n\t\t\t\t\t\t\t\t\n\t\t\t\t\t\t\t\t\t\t\t\t\t\t\t\t\t\n\t\t\t\t\t\t\t\t\t<div class=\"work-item style-2\" data-custom-content=\"off\">\n\t\t\t\t\t\t\t\t\t\t\n\t\t\t\t\t\t\t\t\t\t<img decoding=\"async\" class=\"custom-thumbnail skip-lazy\" src=\"https:\/\/manolos.org\/wp-content\/uploads\/2024\/11\/Ortiz-sardinas.jpg\" alt=\"Ortiz. Sardinen in Oliven\u00f6l\" \/>\t\t\t\t\t\t\t\t\t\t\n\t\t\t\t\t\t\t\t\t\t<div class=\"work-info-bg\"><\/div>\n\t\t\t\t\t\t\t\t\t\t<div class=\"work-info\">\n\t\t\t\t\t\t\t\t\t\t\t\n\t\t\t\t\t\t\t\t\t\t\t\t\t\t\t\t\t\t\t\t\t\t\t\n\t\t\t\t\t\t\t\t\t\t\t\t\n\t\t\t\t\t\t\t\t\t\t\t\t\t\t\t\t\t\t\t\t\t\t\t\t\t\n\t\t\t\t\t\t\t\t\t\t\t\t\t<a href=\"https:\/\/manolos.org\/de\/prod\/ortiz-sardinen-in-olivenoel\/\"><\/a>\n\t\t\t\t\t\t\t\t\t\t\t\t\t\n\t\t\t\t\t\t\t\t\t\t\t\t\t\t\t\t\t\t\t\t\t\t\t\n\t\t\t\t\t\t\t\t\t\t\t\n\t\t\t\t\t\t\t\t\t\t\t<div class=\"vert-center\">\n\t\t\t\t\t\t\t\t\t\t\t\t\t\n\t\t\t\t\t\t\t\t\t\t\t\t\t<h3>Ortiz. Sardinen in Oliven\u00f6l<\/h3> \n\t\t\t\t\t\t\t\t\t\t\t\t\t\t\t\t\t\t\t\t\t\t\t\t<\/div><!--\/vert-center-->\n\t\t\t\t\t\t\t\t\t\t\t\n\t\t\t\t\t\t\t\t\t\t<\/div>\n\t\t\t\t\t\t\t\t\t<\/div><!--work-item-->\n\t\t\t\t\t\t\t\t\t\n\t\t\t\t\t\t\t\t\t\t\t\t\t\t\t\t\n\t\t\t\t\t\t\t\t\n\t\t\t\t\t\t\t<\/div><!--\/inner-wrap-->\n\t\t\t\t\t\t<\/div><!--\/col-->\n\t\t\t\t\t\t\n\t\t\t\t\t\t\t\t\t\t\t\n\t\t\t\t\t\t\t\t\t\t\t\t\n\t\t\t\t\t\t<div class=\"col span_3  element fischkonserven ortiz-de produkte vertretene-marken \"  data-project-cat=\"fischkonserven ortiz-de produkte vertretene-marken \" data-default-color=\"true\" data-title-color=\"\" data-subtitle-color=\"\">\n\t\t\t\t\t\t\t\n\t\t\t\t\t\t\t<div class=\"inner-wrap animated\" data-animation=\"none\">\n\t\t\t\t\t\t\t\t\n\t\t\t\t\t\t\t\t\t\t\t\t\t\t\t\t\t\n\t\t\t\t\t\t\t\t\t<div class=\"work-item style-2\" data-custom-content=\"off\">\n\t\t\t\t\t\t\t\t\t\t\n\t\t\t\t\t\t\t\t\t\t<img decoding=\"async\" class=\"custom-thumbnail skip-lazy\" src=\"https:\/\/manolos.org\/wp-content\/uploads\/2024\/11\/Ortiz-bonitoNatural.jpg\" alt=\"Ortiz. Wei\u00dfer Thunfisch Natur\" \/>\t\t\t\t\t\t\t\t\t\t\n\t\t\t\t\t\t\t\t\t\t<div class=\"work-info-bg\"><\/div>\n\t\t\t\t\t\t\t\t\t\t<div class=\"work-info\">\n\t\t\t\t\t\t\t\t\t\t\t\n\t\t\t\t\t\t\t\t\t\t\t\t\t\t\t\t\t\t\t\t\t\t\t\n\t\t\t\t\t\t\t\t\t\t\t\t\n\t\t\t\t\t\t\t\t\t\t\t\t\t\t\t\t\t\t\t\t\t\t\t\t\t\n\t\t\t\t\t\t\t\t\t\t\t\t\t<a href=\"https:\/\/manolos.org\/de\/prod\/ortiz-weisser-thunfisch-natur\/\"><\/a>\n\t\t\t\t\t\t\t\t\t\t\t\t\t\n\t\t\t\t\t\t\t\t\t\t\t\t\t\t\t\t\t\t\t\t\t\t\t\n\t\t\t\t\t\t\t\t\t\t\t\n\t\t\t\t\t\t\t\t\t\t\t<div class=\"vert-center\">\n\t\t\t\t\t\t\t\t\t\t\t\t\t\n\t\t\t\t\t\t\t\t\t\t\t\t\t<h3>Ortiz. Wei\u00dfer Thunfisch Natur<\/h3> \n\t\t\t\t\t\t\t\t\t\t\t\t\t\t\t\t\t\t\t\t\t\t\t\t<\/div><!--\/vert-center-->\n\t\t\t\t\t\t\t\t\t\t\t\n\t\t\t\t\t\t\t\t\t\t<\/div>\n\t\t\t\t\t\t\t\t\t<\/div><!--work-item-->\n\t\t\t\t\t\t\t\t\t\n\t\t\t\t\t\t\t\t\t\t\t\t\t\t\t\t\n\t\t\t\t\t\t\t\t\n\t\t\t\t\t\t\t<\/div><!--\/inner-wrap-->\n\t\t\t\t\t\t<\/div><!--\/col-->\n\t\t\t\t\t\t\n\t\t\t\t\t\t\t\t\t\t\t\n\t\t\t\t\t\t\t\t\t\t\t\t\n\t\t\t\t\t\t<div class=\"col span_3  element fischkonserven ortiz-de produkte vertretene-marken \"  data-project-cat=\"fischkonserven ortiz-de produkte vertretene-marken \" data-default-color=\"true\" data-title-color=\"\" data-subtitle-color=\"\">\n\t\t\t\t\t\t\t\n\t\t\t\t\t\t\t<div class=\"inner-wrap animated\" data-animation=\"none\">\n\t\t\t\t\t\t\t\t\n\t\t\t\t\t\t\t\t\t\t\t\t\t\t\t\t\t\n\t\t\t\t\t\t\t\t\t<div class=\"work-item style-2\" data-custom-content=\"off\">\n\t\t\t\t\t\t\t\t\t\t\n\t\t\t\t\t\t\t\t\t\t<img decoding=\"async\" class=\"custom-thumbnail skip-lazy\" src=\"https:\/\/manolos.org\/wp-content\/uploads\/2024\/11\/Ortiz-bonitoAceite.jpg\" alt=\"Ortiz. Wei\u00dfer Thunfisch in Oliven\u00f6l\" \/>\t\t\t\t\t\t\t\t\t\t\n\t\t\t\t\t\t\t\t\t\t<div class=\"work-info-bg\"><\/div>\n\t\t\t\t\t\t\t\t\t\t<div class=\"work-info\">\n\t\t\t\t\t\t\t\t\t\t\t\n\t\t\t\t\t\t\t\t\t\t\t\t\t\t\t\t\t\t\t\t\t\t\t\n\t\t\t\t\t\t\t\t\t\t\t\t\n\t\t\t\t\t\t\t\t\t\t\t\t\t\t\t\t\t\t\t\t\t\t\t\t\t\n\t\t\t\t\t\t\t\t\t\t\t\t\t<a href=\"https:\/\/manolos.org\/de\/prod\/ortiz-weisser-thunfisch-in-olivenoel-2\/\"><\/a>\n\t\t\t\t\t\t\t\t\t\t\t\t\t\n\t\t\t\t\t\t\t\t\t\t\t\t\t\t\t\t\t\t\t\t\t\t\t\n\t\t\t\t\t\t\t\t\t\t\t\n\t\t\t\t\t\t\t\t\t\t\t<div class=\"vert-center\">\n\t\t\t\t\t\t\t\t\t\t\t\t\t\n\t\t\t\t\t\t\t\t\t\t\t\t\t<h3>Ortiz. Wei\u00dfer Thunfisch in Oliven\u00f6l<\/h3> \n\t\t\t\t\t\t\t\t\t\t\t\t\t\t\t\t\t\t\t\t\t\t\t\t<\/div><!--\/vert-center-->\n\t\t\t\t\t\t\t\t\t\t\t\n\t\t\t\t\t\t\t\t\t\t<\/div>\n\t\t\t\t\t\t\t\t\t<\/div><!--work-item-->\n\t\t\t\t\t\t\t\t\t\n\t\t\t\t\t\t\t\t\t\t\t\t\t\t\t\t\n\t\t\t\t\t\t\t\t\n\t\t\t\t\t\t\t<\/div><!--\/inner-wrap-->\n\t\t\t\t\t\t<\/div><!--\/col-->\n\t\t\t\t\t\t\n\t\t\t\t\t\t\t\t\t\t\t\n\t\t\t\t\t\t\t\t\t\t\t\t\n\t\t\t\t\t\t<div class=\"col span_3  element fischkonserven ortiz-de produkte vertretene-marken \"  data-project-cat=\"fischkonserven ortiz-de produkte vertretene-marken \" data-default-color=\"true\" data-title-color=\"\" data-subtitle-color=\"\">\n\t\t\t\t\t\t\t\n\t\t\t\t\t\t\t<div class=\"inner-wrap animated\" data-animation=\"none\">\n\t\t\t\t\t\t\t\t\n\t\t\t\t\t\t\t\t\t\t\t\t\t\t\t\t\t\n\t\t\t\t\t\t\t\t\t<div class=\"work-item style-2\" data-custom-content=\"off\">\n\t\t\t\t\t\t\t\t\t\t\n\t\t\t\t\t\t\t\t\t\t<img decoding=\"async\" class=\"custom-thumbnail skip-lazy\" src=\"https:\/\/manolos.org\/wp-content\/uploads\/2024\/11\/Ortiz-AtunBlanco.jpg\" alt=\"Ortiz. Wei\u00dfer Thunfisch in Oliven\u00f6l\" \/>\t\t\t\t\t\t\t\t\t\t\n\t\t\t\t\t\t\t\t\t\t<div class=\"work-info-bg\"><\/div>\n\t\t\t\t\t\t\t\t\t\t<div class=\"work-info\">\n\t\t\t\t\t\t\t\t\t\t\t\n\t\t\t\t\t\t\t\t\t\t\t\t\t\t\t\t\t\t\t\t\t\t\t\n\t\t\t\t\t\t\t\t\t\t\t\t\n\t\t\t\t\t\t\t\t\t\t\t\t\t\t\t\t\t\t\t\t\t\t\t\t\t\n\t\t\t\t\t\t\t\t\t\t\t\t\t<a href=\"https:\/\/manolos.org\/de\/prod\/ortiz-weisser-thunfisch-in-olivenoel\/\"><\/a>\n\t\t\t\t\t\t\t\t\t\t\t\t\t\n\t\t\t\t\t\t\t\t\t\t\t\t\t\t\t\t\t\t\t\t\t\t\t\n\t\t\t\t\t\t\t\t\t\t\t\n\t\t\t\t\t\t\t\t\t\t\t<div class=\"vert-center\">\n\t\t\t\t\t\t\t\t\t\t\t\t\t\n\t\t\t\t\t\t\t\t\t\t\t\t\t<h3>Ortiz. Wei\u00dfer Thunfisch in Oliven\u00f6l<\/h3> \n\t\t\t\t\t\t\t\t\t\t\t\t\t\t\t\t\t\t\t\t\t\t\t\t<\/div><!--\/vert-center-->\n\t\t\t\t\t\t\t\t\t\t\t\n\t\t\t\t\t\t\t\t\t\t<\/div>\n\t\t\t\t\t\t\t\t\t<\/div><!--work-item-->\n\t\t\t\t\t\t\t\t\t\n\t\t\t\t\t\t\t\t\t\t\t\t\t\t\t\t\n\t\t\t\t\t\t\t\t\n\t\t\t\t\t\t\t<\/div><!--\/inner-wrap-->\n\t\t\t\t\t\t<\/div><!--\/col-->\n\t\t\t\t\t\t\n\t\t\t\t\t\t\t\t\t\t\n\t\t\t\t<\/div><!--\/portfolio-->\n\t\t\t<\/div><!--\/portfolio wrap-->\n\t\t\t\n\t\t\t\n\t\t\t<\/div> \n\t\t<\/div>\n\t<\/div> \n<\/div><\/div>\n\t\t<div id=\"gallo\"  data-column-margin=\"default\" data-midnight=\"dark\"  class=\"wpb_row vc_row-fluid vc_row full-width-section vc_row-o-equal-height vc_row-flex marcas-representadas top_margin_0px bottom_margin_0px\"  style=\"padding-top: 100px; padding-bottom: 100px; \"><div class=\"row-bg-wrap\" data-bg-animation=\"none\" data-bg-animation-delay=\"\" data-bg-overlay=\"false\"><div class=\"inner-wrap row-bg-layer\" ><div class=\"row-bg viewport-desktop using-bg-color\"  style=\"background-color: #f7f5ed; \"><\/div><\/div><\/div><div class=\"row_col_wrap_12 col span_12 dark left\">\n\t<div  class=\"vc_col-sm-3 wpb_column column_container vc_column_container col no-extra-padding inherit_tablet inherit_phone \"  data-padding-pos=\"all\" data-has-bg-color=\"false\" data-bg-color=\"\" data-bg-opacity=\"1\" data-animation=\"\" data-delay=\"0\" >\n\t\t<div class=\"vc_column-inner\" >\n\t\t\t<div class=\"wpb_wrapper\">\n\t\t\t\t<div class=\"img-with-aniamtion-wrap right\" data-max-width=\"100%\" data-max-width-mobile=\"default\" data-shadow=\"none\" data-animation=\"none\" >\n      <div class=\"inner\">\n        <div class=\"hover-wrap\"> \n          <div class=\"hover-wrap-inner\">\n            <img loading=\"lazy\" decoding=\"async\" class=\"img-with-animation skip-lazy\" data-delay=\"0\" height=\"250\" width=\"250\" data-animation=\"none\" src=\"https:\/\/manolos.org\/wp-content\/uploads\/2026\/02\/logo-gallo.jpg\" alt=\"\" srcset=\"https:\/\/manolos.org\/wp-content\/uploads\/2026\/02\/logo-gallo.jpg 250w, https:\/\/manolos.org\/wp-content\/uploads\/2026\/02\/logo-gallo-150x150.jpg 150w, https:\/\/manolos.org\/wp-content\/uploads\/2026\/02\/logo-gallo-140x140.jpg 140w, https:\/\/manolos.org\/wp-content\/uploads\/2026\/02\/logo-gallo-100x100.jpg 100w, https:\/\/manolos.org\/wp-content\/uploads\/2026\/02\/logo-gallo-120x120.jpg 120w\" sizes=\"auto, (max-width: 250px) 100vw, 250px\" \/>\n          <\/div>\n        <\/div>\n      <\/div>\n    <\/div>\n\t\t\t<\/div> \n\t\t<\/div>\n\t<\/div> \n\n\t<div  class=\"vc_col-sm-9 wpb_column column_container vc_column_container col no-extra-padding inherit_tablet inherit_phone \"  data-padding-pos=\"all\" data-has-bg-color=\"false\" data-bg-color=\"\" data-bg-opacity=\"1\" data-animation=\"\" data-delay=\"0\" >\n\t\t<div class=\"vc_column-inner\" >\n\t\t\t<div class=\"wpb_wrapper\">\n\t\t\t\t\n<div class=\"wpb_text_column wpb_content_element \" >\n\t<div class=\"wpb_wrapper\">\n\t\t<h3>Pastas Gallo<\/h3>\n\t<\/div>\n<\/div>\n\n\n\n\n<div class=\"wpb_text_column wpb_content_element  vc_custom_1770678679187\" >\n\t<div class=\"wpb_wrapper\">\n\t\t<p class=\"p1\">Pastas Gallo ist eine spanische Marke, die 1946 gegr\u00fcndet wurde und sich auf die Herstellung von Teigwaren spezialisiert hat. Sie ist f\u00fcr ihre gro\u00dfe Auswahl an Formaten und ihre starke Pr\u00e4senz auf dem spanischen Markt bekannt. Das Unternehmen verwendet ausgew\u00e4hlten Hartweizengrie\u00df und kontrollierte Produktionsprozesse, die eine feste Textur und ein gleichm\u00e4\u00dfiges Garen gew\u00e4hrleisten. Ihr Engagement f\u00fcr Qualit\u00e4t, Innovation und Lebensmittelsicherheit hat Pastas Gallo sowohl im privaten Alltag als auch im professionellen Bereich zu einer etablierten Wahl gemacht.<\/p>\n\t<\/div>\n<\/div>\n\n\n\n\t\t\t\t\n\t\t\t\t\n\t\t\t\t\n\t\t\t\t<div class=\"portfolio-wrap \">\n\t\t\t\t\t\n\t\t\t\t\t\t\t\t\t\t\n\t\t\t\t\t<span class=\"portfolio-loading  none\">   <\/span>\n\t\t\t\t\t\n\t\t\t\t\t\t\t\t\t\t\n\t\t\t\t\t<div class=\"row portfolio-items no-masonry  \" data-rcp=\"false\" data-masonry-type=\"default\" data-ps=\"7\" data-starting-filter=\"\" data-gutter=\"default\" data-categories-to-show=\"gallo\" data-bypass-cropping=\"\" data-lightbox-only=\"0\" data-col-num=\"cols-4\">\n\t\t\t\t\t\t\t\t\t\t\t\t\n\t\t\t\t\t\t\t\t\t\t\t\t\n\t\t\t\t\t\t<div class=\"col span_3  element gallo pasta produkte vertretene-marken \"  data-project-cat=\"gallo pasta produkte vertretene-marken \" data-default-color=\"true\" data-title-color=\"\" data-subtitle-color=\"\">\n\t\t\t\t\t\t\t\n\t\t\t\t\t\t\t<div class=\"inner-wrap animated\" data-animation=\"none\">\n\t\t\t\t\t\t\t\t\n\t\t\t\t\t\t\t\t\t\t\t\t\t\t\t\t\t\n\t\t\t\t\t\t\t\t\t<div class=\"work-item style-2\" data-custom-content=\"off\">\n\t\t\t\t\t\t\t\t\t\t\n\t\t\t\t\t\t\t\t\t\t<img decoding=\"async\" class=\"custom-thumbnail skip-lazy\" src=\"https:\/\/manolos.org\/wp-content\/uploads\/2026\/02\/mickey-disney.png\" alt=\"Pasta GALLO. Disney Mickey\" \/>\t\t\t\t\t\t\t\t\t\t\n\t\t\t\t\t\t\t\t\t\t<div class=\"work-info-bg\"><\/div>\n\t\t\t\t\t\t\t\t\t\t<div class=\"work-info\">\n\t\t\t\t\t\t\t\t\t\t\t\n\t\t\t\t\t\t\t\t\t\t\t\t\t\t\t\t\t\t\t\t\t\t\t\n\t\t\t\t\t\t\t\t\t\t\t\t\n\t\t\t\t\t\t\t\t\t\t\t\t\t\t\t\t\t\t\t\t\t\t\t\t\t\n\t\t\t\t\t\t\t\t\t\t\t\t\t<a href=\"https:\/\/manolos.org\/de\/prod\/pasta-gallo-disney-mickey\/\"><\/a>\n\t\t\t\t\t\t\t\t\t\t\t\t\t\n\t\t\t\t\t\t\t\t\t\t\t\t\t\t\t\t\t\t\t\t\t\t\t\n\t\t\t\t\t\t\t\t\t\t\t\n\t\t\t\t\t\t\t\t\t\t\t<div class=\"vert-center\">\n\t\t\t\t\t\t\t\t\t\t\t\t\t\n\t\t\t\t\t\t\t\t\t\t\t\t\t<h3>Pasta GALLO. Disney Mickey<\/h3> \n\t\t\t\t\t\t\t\t\t\t\t\t\t\t\t\t\t\t\t\t\t\t\t\t<\/div><!--\/vert-center-->\n\t\t\t\t\t\t\t\t\t\t\t\n\t\t\t\t\t\t\t\t\t\t<\/div>\n\t\t\t\t\t\t\t\t\t<\/div><!--work-item-->\n\t\t\t\t\t\t\t\t\t\n\t\t\t\t\t\t\t\t\t\t\t\t\t\t\t\t\n\t\t\t\t\t\t\t\t\n\t\t\t\t\t\t\t<\/div><!--\/inner-wrap-->\n\t\t\t\t\t\t<\/div><!--\/col-->\n\t\t\t\t\t\t\n\t\t\t\t\t\t\t\t\t\t\t\n\t\t\t\t\t\t\t\t\t\t\t\t\n\t\t\t\t\t\t<div class=\"col span_3  element gallo pasta produkte vertretene-marken \"  data-project-cat=\"gallo pasta produkte vertretene-marken \" data-default-color=\"true\" data-title-color=\"\" data-subtitle-color=\"\">\n\t\t\t\t\t\t\t\n\t\t\t\t\t\t\t<div class=\"inner-wrap animated\" data-animation=\"none\">\n\t\t\t\t\t\t\t\t\n\t\t\t\t\t\t\t\t\t\t\t\t\t\t\t\t\t\n\t\t\t\t\t\t\t\t\t<div class=\"work-item style-2\" data-custom-content=\"off\">\n\t\t\t\t\t\t\t\t\t\t\n\t\t\t\t\t\t\t\t\t\t<img decoding=\"async\" class=\"custom-thumbnail skip-lazy\" src=\"https:\/\/manolos.org\/wp-content\/uploads\/2026\/02\/spiderman-disney.png\" alt=\"Pasta GALLO. Marvel Spiderman\" \/>\t\t\t\t\t\t\t\t\t\t\n\t\t\t\t\t\t\t\t\t\t<div class=\"work-info-bg\"><\/div>\n\t\t\t\t\t\t\t\t\t\t<div class=\"work-info\">\n\t\t\t\t\t\t\t\t\t\t\t\n\t\t\t\t\t\t\t\t\t\t\t\t\t\t\t\t\t\t\t\t\t\t\t\n\t\t\t\t\t\t\t\t\t\t\t\t\n\t\t\t\t\t\t\t\t\t\t\t\t\t\t\t\t\t\t\t\t\t\t\t\t\t\n\t\t\t\t\t\t\t\t\t\t\t\t\t<a href=\"https:\/\/manolos.org\/de\/prod\/pasta-gallo-marvel-spiderman\/\"><\/a>\n\t\t\t\t\t\t\t\t\t\t\t\t\t\n\t\t\t\t\t\t\t\t\t\t\t\t\t\t\t\t\t\t\t\t\t\t\t\n\t\t\t\t\t\t\t\t\t\t\t\n\t\t\t\t\t\t\t\t\t\t\t<div class=\"vert-center\">\n\t\t\t\t\t\t\t\t\t\t\t\t\t\n\t\t\t\t\t\t\t\t\t\t\t\t\t<h3>Pasta GALLO. Marvel Spiderman<\/h3> \n\t\t\t\t\t\t\t\t\t\t\t\t\t\t\t\t\t\t\t\t\t\t\t\t<\/div><!--\/vert-center-->\n\t\t\t\t\t\t\t\t\t\t\t\n\t\t\t\t\t\t\t\t\t\t<\/div>\n\t\t\t\t\t\t\t\t\t<\/div><!--work-item-->\n\t\t\t\t\t\t\t\t\t\n\t\t\t\t\t\t\t\t\t\t\t\t\t\t\t\t\n\t\t\t\t\t\t\t\t\n\t\t\t\t\t\t\t<\/div><!--\/inner-wrap-->\n\t\t\t\t\t\t<\/div><!--\/col-->\n\t\t\t\t\t\t\n\t\t\t\t\t\t\t\t\t\t\t\n\t\t\t\t\t\t\t\t\t\t\t\t\n\t\t\t\t\t\t<div class=\"col span_3  element gallo pasta produkte vertretene-marken \"  data-project-cat=\"gallo pasta produkte vertretene-marken \" data-default-color=\"true\" data-title-color=\"\" data-subtitle-color=\"\">\n\t\t\t\t\t\t\t\n\t\t\t\t\t\t\t<div class=\"inner-wrap animated\" data-animation=\"none\">\n\t\t\t\t\t\t\t\t\n\t\t\t\t\t\t\t\t\t\t\t\t\t\t\t\t\t\n\t\t\t\t\t\t\t\t\t<div class=\"work-item style-2\" data-custom-content=\"off\">\n\t\t\t\t\t\t\t\t\t\t\n\t\t\t\t\t\t\t\t\t\t<img decoding=\"async\" class=\"custom-thumbnail skip-lazy\" src=\"https:\/\/manolos.org\/wp-content\/uploads\/2026\/02\/spaguetti-disney.png\" alt=\"Pasta GALLO. Spaghetti Disney Mickey\" \/>\t\t\t\t\t\t\t\t\t\t\n\t\t\t\t\t\t\t\t\t\t<div class=\"work-info-bg\"><\/div>\n\t\t\t\t\t\t\t\t\t\t<div class=\"work-info\">\n\t\t\t\t\t\t\t\t\t\t\t\n\t\t\t\t\t\t\t\t\t\t\t\t\t\t\t\t\t\t\t\t\t\t\t\n\t\t\t\t\t\t\t\t\t\t\t\t\n\t\t\t\t\t\t\t\t\t\t\t\t\t\t\t\t\t\t\t\t\t\t\t\t\t\n\t\t\t\t\t\t\t\t\t\t\t\t\t<a href=\"https:\/\/manolos.org\/de\/prod\/pasta-gallo-spaghetti-disney-mickey\/\"><\/a>\n\t\t\t\t\t\t\t\t\t\t\t\t\t\n\t\t\t\t\t\t\t\t\t\t\t\t\t\t\t\t\t\t\t\t\t\t\t\n\t\t\t\t\t\t\t\t\t\t\t\n\t\t\t\t\t\t\t\t\t\t\t<div class=\"vert-center\">\n\t\t\t\t\t\t\t\t\t\t\t\t\t\n\t\t\t\t\t\t\t\t\t\t\t\t\t<h3>Pasta GALLO. Spaghetti Disney Mickey<\/h3> \n\t\t\t\t\t\t\t\t\t\t\t\t\t\t\t\t\t\t\t\t\t\t\t\t<\/div><!--\/vert-center-->\n\t\t\t\t\t\t\t\t\t\t\t\n\t\t\t\t\t\t\t\t\t\t<\/div>\n\t\t\t\t\t\t\t\t\t<\/div><!--work-item-->\n\t\t\t\t\t\t\t\t\t\n\t\t\t\t\t\t\t\t\t\t\t\t\t\t\t\t\n\t\t\t\t\t\t\t\t\n\t\t\t\t\t\t\t<\/div><!--\/inner-wrap-->\n\t\t\t\t\t\t<\/div><!--\/col-->\n\t\t\t\t\t\t\n\t\t\t\t\t\t\t\t\t\t\t\n\t\t\t\t\t\t\t\t\t\t\t\t\n\t\t\t\t\t\t<div class=\"col span_3  element gallo pasta produkte vertretene-marken \"  data-project-cat=\"gallo pasta produkte vertretene-marken \" data-default-color=\"true\" data-title-color=\"\" data-subtitle-color=\"\">\n\t\t\t\t\t\t\t\n\t\t\t\t\t\t\t<div class=\"inner-wrap animated\" data-animation=\"none\">\n\t\t\t\t\t\t\t\t\n\t\t\t\t\t\t\t\t\t\t\t\t\t\t\t\t\t\n\t\t\t\t\t\t\t\t\t<div class=\"work-item style-2\" data-custom-content=\"off\">\n\t\t\t\t\t\t\t\t\t\t\n\t\t\t\t\t\t\t\t\t\t<img decoding=\"async\" class=\"custom-thumbnail skip-lazy\" src=\"https:\/\/manolos.org\/wp-content\/uploads\/2026\/02\/hallowen-disney.png\" alt=\"Pasta GALLO. Disney Mickey Halloween\" \/>\t\t\t\t\t\t\t\t\t\t\n\t\t\t\t\t\t\t\t\t\t<div class=\"work-info-bg\"><\/div>\n\t\t\t\t\t\t\t\t\t\t<div class=\"work-info\">\n\t\t\t\t\t\t\t\t\t\t\t\n\t\t\t\t\t\t\t\t\t\t\t\t\t\t\t\t\t\t\t\t\t\t\t\n\t\t\t\t\t\t\t\t\t\t\t\t\n\t\t\t\t\t\t\t\t\t\t\t\t\t\t\t\t\t\t\t\t\t\t\t\t\t\n\t\t\t\t\t\t\t\t\t\t\t\t\t<a href=\"https:\/\/manolos.org\/de\/prod\/pasta-gallo-disney-mickey-halloween\/\"><\/a>\n\t\t\t\t\t\t\t\t\t\t\t\t\t\n\t\t\t\t\t\t\t\t\t\t\t\t\t\t\t\t\t\t\t\t\t\t\t\n\t\t\t\t\t\t\t\t\t\t\t\n\t\t\t\t\t\t\t\t\t\t\t<div class=\"vert-center\">\n\t\t\t\t\t\t\t\t\t\t\t\t\t\n\t\t\t\t\t\t\t\t\t\t\t\t\t<h3>Pasta GALLO. Disney Mickey Halloween<\/h3> \n\t\t\t\t\t\t\t\t\t\t\t\t\t\t\t\t\t\t\t\t\t\t\t\t<\/div><!--\/vert-center-->\n\t\t\t\t\t\t\t\t\t\t\t\n\t\t\t\t\t\t\t\t\t\t<\/div>\n\t\t\t\t\t\t\t\t\t<\/div><!--work-item-->\n\t\t\t\t\t\t\t\t\t\n\t\t\t\t\t\t\t\t\t\t\t\t\t\t\t\t\n\t\t\t\t\t\t\t\t\n\t\t\t\t\t\t\t<\/div><!--\/inner-wrap-->\n\t\t\t\t\t\t<\/div><!--\/col-->\n\t\t\t\t\t\t\n\t\t\t\t\t\t\t\t\t\t\t\n\t\t\t\t\t\t\t\t\t\t\t\t\n\t\t\t\t\t\t<div class=\"col span_3  element gallo pasta produkte vertretene-marken \"  data-project-cat=\"gallo pasta produkte vertretene-marken \" data-default-color=\"true\" data-title-color=\"\" data-subtitle-color=\"\">\n\t\t\t\t\t\t\t\n\t\t\t\t\t\t\t<div class=\"inner-wrap animated\" data-animation=\"none\">\n\t\t\t\t\t\t\t\t\n\t\t\t\t\t\t\t\t\t\t\t\t\t\t\t\t\t\n\t\t\t\t\t\t\t\t\t<div class=\"work-item style-2\" data-custom-content=\"off\">\n\t\t\t\t\t\t\t\t\t\t\n\t\t\t\t\t\t\t\t\t\t<img decoding=\"async\" class=\"custom-thumbnail skip-lazy\" src=\"https:\/\/manolos.org\/wp-content\/uploads\/2026\/02\/frozen-disney.png\" alt=\"Pasta GALLO. Disney Frozen\" \/>\t\t\t\t\t\t\t\t\t\t\n\t\t\t\t\t\t\t\t\t\t<div class=\"work-info-bg\"><\/div>\n\t\t\t\t\t\t\t\t\t\t<div class=\"work-info\">\n\t\t\t\t\t\t\t\t\t\t\t\n\t\t\t\t\t\t\t\t\t\t\t\t\t\t\t\t\t\t\t\t\t\t\t\n\t\t\t\t\t\t\t\t\t\t\t\t\n\t\t\t\t\t\t\t\t\t\t\t\t\t\t\t\t\t\t\t\t\t\t\t\t\t\n\t\t\t\t\t\t\t\t\t\t\t\t\t<a href=\"https:\/\/manolos.org\/de\/prod\/pasta-gallo-disney-frozen\/\"><\/a>\n\t\t\t\t\t\t\t\t\t\t\t\t\t\n\t\t\t\t\t\t\t\t\t\t\t\t\t\t\t\t\t\t\t\t\t\t\t\n\t\t\t\t\t\t\t\t\t\t\t\n\t\t\t\t\t\t\t\t\t\t\t<div class=\"vert-center\">\n\t\t\t\t\t\t\t\t\t\t\t\t\t\n\t\t\t\t\t\t\t\t\t\t\t\t\t<h3>Pasta GALLO. Disney Frozen<\/h3> \n\t\t\t\t\t\t\t\t\t\t\t\t\t\t\t\t\t\t\t\t\t\t\t\t<\/div><!--\/vert-center-->\n\t\t\t\t\t\t\t\t\t\t\t\n\t\t\t\t\t\t\t\t\t\t<\/div>\n\t\t\t\t\t\t\t\t\t<\/div><!--work-item-->\n\t\t\t\t\t\t\t\t\t\n\t\t\t\t\t\t\t\t\t\t\t\t\t\t\t\t\n\t\t\t\t\t\t\t\t\n\t\t\t\t\t\t\t<\/div><!--\/inner-wrap-->\n\t\t\t\t\t\t<\/div><!--\/col-->\n\t\t\t\t\t\t\n\t\t\t\t\t\t\t\t\t\t\t\n\t\t\t\t\t\t\t\t\t\t\t\t\n\t\t\t\t\t\t<div class=\"col span_3  element gallo pasta produkte vertretene-marken \"  data-project-cat=\"gallo pasta produkte vertretene-marken \" data-default-color=\"true\" data-title-color=\"\" data-subtitle-color=\"\">\n\t\t\t\t\t\t\t\n\t\t\t\t\t\t\t<div class=\"inner-wrap animated\" data-animation=\"none\">\n\t\t\t\t\t\t\t\t\n\t\t\t\t\t\t\t\t\t\t\t\t\t\t\t\t\t\n\t\t\t\t\t\t\t\t\t<div class=\"work-item style-2\" data-custom-content=\"off\">\n\t\t\t\t\t\t\t\t\t\t\n\t\t\t\t\t\t\t\t\t\t<img decoding=\"async\" class=\"custom-thumbnail skip-lazy\" src=\"https:\/\/manolos.org\/wp-content\/uploads\/2026\/02\/cars-disney.png\" alt=\"Pasta GALLO. Disney Cars\" \/>\t\t\t\t\t\t\t\t\t\t\n\t\t\t\t\t\t\t\t\t\t<div class=\"work-info-bg\"><\/div>\n\t\t\t\t\t\t\t\t\t\t<div class=\"work-info\">\n\t\t\t\t\t\t\t\t\t\t\t\n\t\t\t\t\t\t\t\t\t\t\t\t\t\t\t\t\t\t\t\t\t\t\t\n\t\t\t\t\t\t\t\t\t\t\t\t\n\t\t\t\t\t\t\t\t\t\t\t\t\t\t\t\t\t\t\t\t\t\t\t\t\t\n\t\t\t\t\t\t\t\t\t\t\t\t\t<a href=\"https:\/\/manolos.org\/de\/prod\/pasta-gallo-disney-cars\/\"><\/a>\n\t\t\t\t\t\t\t\t\t\t\t\t\t\n\t\t\t\t\t\t\t\t\t\t\t\t\t\t\t\t\t\t\t\t\t\t\t\n\t\t\t\t\t\t\t\t\t\t\t\n\t\t\t\t\t\t\t\t\t\t\t<div class=\"vert-center\">\n\t\t\t\t\t\t\t\t\t\t\t\t\t\n\t\t\t\t\t\t\t\t\t\t\t\t\t<h3>Pasta GALLO. Disney Cars<\/h3> \n\t\t\t\t\t\t\t\t\t\t\t\t\t\t\t\t\t\t\t\t\t\t\t\t<\/div><!--\/vert-center-->\n\t\t\t\t\t\t\t\t\t\t\t\n\t\t\t\t\t\t\t\t\t\t<\/div>\n\t\t\t\t\t\t\t\t\t<\/div><!--work-item-->\n\t\t\t\t\t\t\t\t\t\n\t\t\t\t\t\t\t\t\t\t\t\t\t\t\t\t\n\t\t\t\t\t\t\t\t\n\t\t\t\t\t\t\t<\/div><!--\/inner-wrap-->\n\t\t\t\t\t\t<\/div><!--\/col-->\n\t\t\t\t\t\t\n\t\t\t\t\t\t\t\t\t\t\n\t\t\t\t<\/div><!--\/portfolio-->\n\t\t\t<\/div><!--\/portfolio wrap-->\n\t\t\t\n\t\t\t\n\t\t\t<\/div> \n\t\t<\/div>\n\t<\/div> \n<\/div><\/div>\n\t\t<div id=\"pesasur\"  data-column-margin=\"default\" data-midnight=\"dark\"  class=\"wpb_row vc_row-fluid vc_row full-width-section vc_row-o-equal-height vc_row-flex marcas-representadas top_margin_0px bottom_margin_0px\"  style=\"padding-top: 100px; padding-bottom: 100px; \"><div class=\"row-bg-wrap\" data-bg-animation=\"none\" data-bg-animation-delay=\"\" data-bg-overlay=\"false\"><div class=\"inner-wrap row-bg-layer\" ><div class=\"row-bg viewport-desktop using-bg-color\"  style=\"background-color: #ffffff; \"><\/div><\/div><\/div><div class=\"row_col_wrap_12 col span_12 dark left\">\n\t<div  class=\"vc_col-sm-3 wpb_column column_container vc_column_container col no-extra-padding inherit_tablet inherit_phone \"  data-padding-pos=\"all\" data-has-bg-color=\"false\" data-bg-color=\"\" data-bg-opacity=\"1\" data-animation=\"\" data-delay=\"0\" >\n\t\t<div class=\"vc_column-inner\" >\n\t\t\t<div class=\"wpb_wrapper\">\n\t\t\t\t<div class=\"img-with-aniamtion-wrap right\" data-max-width=\"100%\" data-max-width-mobile=\"default\" data-shadow=\"none\" data-animation=\"none\" >\n      <div class=\"inner\">\n        <div class=\"hover-wrap\"> \n          <div class=\"hover-wrap-inner\">\n            <img loading=\"lazy\" decoding=\"async\" class=\"img-with-animation skip-lazy\" data-delay=\"0\" height=\"250\" width=\"250\" data-animation=\"none\" src=\"https:\/\/manolos.org\/wp-content\/uploads\/2024\/11\/logo-pesasur.jpg\" alt=\"\" srcset=\"https:\/\/manolos.org\/wp-content\/uploads\/2024\/11\/logo-pesasur.jpg 250w, https:\/\/manolos.org\/wp-content\/uploads\/2024\/11\/logo-pesasur-150x150.jpg 150w, https:\/\/manolos.org\/wp-content\/uploads\/2024\/11\/logo-pesasur-140x140.jpg 140w, https:\/\/manolos.org\/wp-content\/uploads\/2024\/11\/logo-pesasur-100x100.jpg 100w, https:\/\/manolos.org\/wp-content\/uploads\/2024\/11\/logo-pesasur-120x120.jpg 120w\" sizes=\"auto, (max-width: 250px) 100vw, 250px\" \/>\n          <\/div>\n        <\/div>\n      <\/div>\n    <\/div>\n\t\t\t<\/div> \n\t\t<\/div>\n\t<\/div> \n\n\t<div  class=\"vc_col-sm-9 wpb_column column_container vc_column_container col no-extra-padding inherit_tablet inherit_phone \"  data-padding-pos=\"all\" data-has-bg-color=\"false\" data-bg-color=\"\" data-bg-opacity=\"1\" data-animation=\"\" data-delay=\"0\" >\n\t\t<div class=\"vc_column-inner\" >\n\t\t\t<div class=\"wpb_wrapper\">\n\t\t\t\t\n<div class=\"wpb_text_column wpb_content_element \" >\n\t<div class=\"wpb_wrapper\">\n\t\t<h3>Pesasur<\/h3>\n\t<\/div>\n<\/div>\n\n\n\n\n<div class=\"wpb_text_column wpb_content_element  vc_custom_1715173691936\" >\n\t<div class=\"wpb_wrapper\">\n\t\t<p>Pesasur hat seinen Standort in Ayamonte, einem Fischerdorf an der Grenze zwischen Spanien und Portugal. Somit genie\u00dft Pesasur eine vorteilhafte geografische Lage f\u00fcr die Herstellung von Fischkonserven. Gegenw\u00e4rtig produziert und vertreibt Pesasur nicht nur ein reichhaltiges Angebot an traditionellen Fischkonserven, sondern auch Konservengerichte, die nach Rezepten von gro\u00dfem historischem und gastronomischem Wert zubereitet werden.<\/p>\n\t<\/div>\n<\/div>\n\n\n\n\t\t\t\t\n\t\t\t\t\n\t\t\t\t\n\t\t\t\t<div class=\"portfolio-wrap \">\n\t\t\t\t\t\n\t\t\t\t\t\t\t\t\t\t\n\t\t\t\t\t<span class=\"portfolio-loading  none\">   <\/span>\n\t\t\t\t\t\n\t\t\t\t\t\t\t\t\t\t\n\t\t\t\t\t<div class=\"row portfolio-items no-masonry  \" data-rcp=\"false\" data-masonry-type=\"default\" data-ps=\"7\" data-starting-filter=\"\" data-gutter=\"default\" data-categories-to-show=\"pesasur\" data-bypass-cropping=\"\" data-lightbox-only=\"0\" data-col-num=\"cols-4\">\n\t\t\t\t\t\t\t\t\t\t\t\t\n\t\t\t\t\t\t\t\t\t\t\t\t\n\t\t\t\t\t\t<div class=\"col span_3  element fischkonserven pesasur-de produkte vertretene-marken \"  data-project-cat=\"fischkonserven pesasur-de produkte vertretene-marken \" data-default-color=\"true\" data-title-color=\"\" data-subtitle-color=\"\">\n\t\t\t\t\t\t\t\n\t\t\t\t\t\t\t<div class=\"inner-wrap animated\" data-animation=\"none\">\n\t\t\t\t\t\t\t\t\n\t\t\t\t\t\t\t\t\t\t\t\t\t\t\t\t\t\n\t\t\t\t\t\t\t\t\t<div class=\"work-item style-2\" data-custom-content=\"off\">\n\t\t\t\t\t\t\t\t\t\t\n\t\t\t\t\t\t\t\t\t\t<img decoding=\"async\" class=\"custom-thumbnail skip-lazy\" src=\"https:\/\/manolos.org\/wp-content\/uploads\/2024\/11\/Pesasur-filetesAtun.jpg\" alt=\"Pesasur. Thunfisch-Filets in Oliven\u00f6l\" \/>\t\t\t\t\t\t\t\t\t\t\n\t\t\t\t\t\t\t\t\t\t<div class=\"work-info-bg\"><\/div>\n\t\t\t\t\t\t\t\t\t\t<div class=\"work-info\">\n\t\t\t\t\t\t\t\t\t\t\t\n\t\t\t\t\t\t\t\t\t\t\t\t\t\t\t\t\t\t\t\t\t\t\t\n\t\t\t\t\t\t\t\t\t\t\t\t\n\t\t\t\t\t\t\t\t\t\t\t\t\t\t\t\t\t\t\t\t\t\t\t\t\t\n\t\t\t\t\t\t\t\t\t\t\t\t\t<a href=\"https:\/\/manolos.org\/de\/prod\/pesasur-thunfisch-filets-in-olivenoel\/\"><\/a>\n\t\t\t\t\t\t\t\t\t\t\t\t\t\n\t\t\t\t\t\t\t\t\t\t\t\t\t\t\t\t\t\t\t\t\t\t\t\n\t\t\t\t\t\t\t\t\t\t\t\n\t\t\t\t\t\t\t\t\t\t\t<div class=\"vert-center\">\n\t\t\t\t\t\t\t\t\t\t\t\t\t\n\t\t\t\t\t\t\t\t\t\t\t\t\t<h3>Pesasur. Thunfisch-Filets in Oliven\u00f6l<\/h3> \n\t\t\t\t\t\t\t\t\t\t\t\t\t\t\t\t\t\t\t\t\t\t\t\t<\/div><!--\/vert-center-->\n\t\t\t\t\t\t\t\t\t\t\t\n\t\t\t\t\t\t\t\t\t\t<\/div>\n\t\t\t\t\t\t\t\t\t<\/div><!--work-item-->\n\t\t\t\t\t\t\t\t\t\n\t\t\t\t\t\t\t\t\t\t\t\t\t\t\t\t\n\t\t\t\t\t\t\t\t\n\t\t\t\t\t\t\t<\/div><!--\/inner-wrap-->\n\t\t\t\t\t\t<\/div><!--\/col-->\n\t\t\t\t\t\t\n\t\t\t\t\t\t\t\t\t\t\t\n\t\t\t\t\t\t\t\t\t\t\t\t\n\t\t\t\t\t\t<div class=\"col span_3  element fischkonserven pesasur-de produkte vertretene-marken \"  data-project-cat=\"fischkonserven pesasur-de produkte vertretene-marken \" data-default-color=\"true\" data-title-color=\"\" data-subtitle-color=\"\">\n\t\t\t\t\t\t\t\n\t\t\t\t\t\t\t<div class=\"inner-wrap animated\" data-animation=\"none\">\n\t\t\t\t\t\t\t\t\n\t\t\t\t\t\t\t\t\t\t\t\t\t\t\t\t\t\n\t\t\t\t\t\t\t\t\t<div class=\"work-item style-2\" data-custom-content=\"off\">\n\t\t\t\t\t\t\t\t\t\t\n\t\t\t\t\t\t\t\t\t\t<img decoding=\"async\" class=\"custom-thumbnail skip-lazy\" src=\"https:\/\/manolos.org\/wp-content\/uploads\/2024\/11\/Pesasur-bonitoAceite400.jpg\" alt=\"Pesasur. Wei\u00dfer Thunfisch in Oliven\u00f6l\" \/>\t\t\t\t\t\t\t\t\t\t\n\t\t\t\t\t\t\t\t\t\t<div class=\"work-info-bg\"><\/div>\n\t\t\t\t\t\t\t\t\t\t<div class=\"work-info\">\n\t\t\t\t\t\t\t\t\t\t\t\n\t\t\t\t\t\t\t\t\t\t\t\t\t\t\t\t\t\t\t\t\t\t\t\n\t\t\t\t\t\t\t\t\t\t\t\t\n\t\t\t\t\t\t\t\t\t\t\t\t\t\t\t\t\t\t\t\t\t\t\t\t\t\n\t\t\t\t\t\t\t\t\t\t\t\t\t<a href=\"https:\/\/manolos.org\/de\/prod\/pesasur-weisser-thunfisch-in-olivenoel-2\/\"><\/a>\n\t\t\t\t\t\t\t\t\t\t\t\t\t\n\t\t\t\t\t\t\t\t\t\t\t\t\t\t\t\t\t\t\t\t\t\t\t\n\t\t\t\t\t\t\t\t\t\t\t\n\t\t\t\t\t\t\t\t\t\t\t<div class=\"vert-center\">\n\t\t\t\t\t\t\t\t\t\t\t\t\t\n\t\t\t\t\t\t\t\t\t\t\t\t\t<h3>Pesasur. Wei\u00dfer Thunfisch in Oliven\u00f6l<\/h3> \n\t\t\t\t\t\t\t\t\t\t\t\t\t\t\t\t\t\t\t\t\t\t\t\t<\/div><!--\/vert-center-->\n\t\t\t\t\t\t\t\t\t\t\t\n\t\t\t\t\t\t\t\t\t\t<\/div>\n\t\t\t\t\t\t\t\t\t<\/div><!--work-item-->\n\t\t\t\t\t\t\t\t\t\n\t\t\t\t\t\t\t\t\t\t\t\t\t\t\t\t\n\t\t\t\t\t\t\t\t\n\t\t\t\t\t\t\t<\/div><!--\/inner-wrap-->\n\t\t\t\t\t\t<\/div><!--\/col-->\n\t\t\t\t\t\t\n\t\t\t\t\t\t\t\t\t\t\t\n\t\t\t\t\t\t\t\t\t\t\t\t\n\t\t\t\t\t\t<div class=\"col span_3  element fischkonserven pesasur-de produkte vertretene-marken \"  data-project-cat=\"fischkonserven pesasur-de produkte vertretene-marken \" data-default-color=\"true\" data-title-color=\"\" data-subtitle-color=\"\">\n\t\t\t\t\t\t\t\n\t\t\t\t\t\t\t<div class=\"inner-wrap animated\" data-animation=\"none\">\n\t\t\t\t\t\t\t\t\n\t\t\t\t\t\t\t\t\t\t\t\t\t\t\t\t\t\n\t\t\t\t\t\t\t\t\t<div class=\"work-item style-2\" data-custom-content=\"off\">\n\t\t\t\t\t\t\t\t\t\t\n\t\t\t\t\t\t\t\t\t\t<img decoding=\"async\" class=\"custom-thumbnail skip-lazy\" src=\"https:\/\/manolos.org\/wp-content\/uploads\/2024\/11\/Pesasur-bonitoAceite240.jpg\" alt=\"Pesasur. Wei\u00dfer Thunfisch in Oliven\u00f6l\" \/>\t\t\t\t\t\t\t\t\t\t\n\t\t\t\t\t\t\t\t\t\t<div class=\"work-info-bg\"><\/div>\n\t\t\t\t\t\t\t\t\t\t<div class=\"work-info\">\n\t\t\t\t\t\t\t\t\t\t\t\n\t\t\t\t\t\t\t\t\t\t\t\t\t\t\t\t\t\t\t\t\t\t\t\n\t\t\t\t\t\t\t\t\t\t\t\t\n\t\t\t\t\t\t\t\t\t\t\t\t\t\t\t\t\t\t\t\t\t\t\t\t\t\n\t\t\t\t\t\t\t\t\t\t\t\t\t<a href=\"https:\/\/manolos.org\/de\/prod\/pesasur-weisser-thunfisch-in-olivenoel\/\"><\/a>\n\t\t\t\t\t\t\t\t\t\t\t\t\t\n\t\t\t\t\t\t\t\t\t\t\t\t\t\t\t\t\t\t\t\t\t\t\t\n\t\t\t\t\t\t\t\t\t\t\t\n\t\t\t\t\t\t\t\t\t\t\t<div class=\"vert-center\">\n\t\t\t\t\t\t\t\t\t\t\t\t\t\n\t\t\t\t\t\t\t\t\t\t\t\t\t<h3>Pesasur. Wei\u00dfer Thunfisch in Oliven\u00f6l<\/h3> \n\t\t\t\t\t\t\t\t\t\t\t\t\t\t\t\t\t\t\t\t\t\t\t\t<\/div><!--\/vert-center-->\n\t\t\t\t\t\t\t\t\t\t\t\n\t\t\t\t\t\t\t\t\t\t<\/div>\n\t\t\t\t\t\t\t\t\t<\/div><!--work-item-->\n\t\t\t\t\t\t\t\t\t\n\t\t\t\t\t\t\t\t\t\t\t\t\t\t\t\t\n\t\t\t\t\t\t\t\t\n\t\t\t\t\t\t\t<\/div><!--\/inner-wrap-->\n\t\t\t\t\t\t<\/div><!--\/col-->\n\t\t\t\t\t\t\n\t\t\t\t\t\t\t\t\t\t\n\t\t\t\t<\/div><!--\/portfolio-->\n\t\t\t<\/div><!--\/portfolio wrap-->\n\t\t\t\n\t\t\t\n\t\t\t<\/div> \n\t\t<\/div>\n\t<\/div> \n<\/div><\/div>\n\t\t<div id=\"plantin\"  data-column-margin=\"default\" data-midnight=\"dark\"  class=\"wpb_row vc_row-fluid vc_row full-width-section vc_row-o-equal-height vc_row-flex marcas-representadas top_margin_0px bottom_margin_0px\"  style=\"padding-top: 100px; padding-bottom: 100px; \"><div class=\"row-bg-wrap\" data-bg-animation=\"none\" data-bg-animation-delay=\"\" data-bg-overlay=\"false\"><div class=\"inner-wrap row-bg-layer\" ><div class=\"row-bg viewport-desktop using-bg-color\"  style=\"background-color: #f7f5ed; \"><\/div><\/div><\/div><div class=\"row_col_wrap_12 col span_12 dark left\">\n\t<div  class=\"vc_col-sm-3 wpb_column column_container vc_column_container col no-extra-padding inherit_tablet inherit_phone \"  data-padding-pos=\"all\" data-has-bg-color=\"false\" data-bg-color=\"\" data-bg-opacity=\"1\" data-animation=\"\" data-delay=\"0\" >\n\t\t<div class=\"vc_column-inner\" >\n\t\t\t<div class=\"wpb_wrapper\">\n\t\t\t\t<div class=\"img-with-aniamtion-wrap right\" data-max-width=\"100%\" data-max-width-mobile=\"default\" data-shadow=\"none\" data-animation=\"none\" >\n      <div class=\"inner\">\n        <div class=\"hover-wrap\"> \n          <div class=\"hover-wrap-inner\">\n            <img loading=\"lazy\" decoding=\"async\" class=\"img-with-animation skip-lazy\" data-delay=\"0\" height=\"250\" width=\"250\" data-animation=\"none\" src=\"https:\/\/manolos.org\/wp-content\/uploads\/2024\/11\/truffes.jpg\" alt=\"\" srcset=\"https:\/\/manolos.org\/wp-content\/uploads\/2024\/11\/truffes.jpg 250w, https:\/\/manolos.org\/wp-content\/uploads\/2024\/11\/truffes-150x150.jpg 150w, https:\/\/manolos.org\/wp-content\/uploads\/2024\/11\/truffes-140x140.jpg 140w, https:\/\/manolos.org\/wp-content\/uploads\/2024\/11\/truffes-100x100.jpg 100w, https:\/\/manolos.org\/wp-content\/uploads\/2024\/11\/truffes-120x120.jpg 120w\" sizes=\"auto, (max-width: 250px) 100vw, 250px\" \/>\n          <\/div>\n        <\/div>\n      <\/div>\n    <\/div>\n\t\t\t<\/div> \n\t\t<\/div>\n\t<\/div> \n\n\t<div  class=\"vc_col-sm-9 wpb_column column_container vc_column_container col no-extra-padding inherit_tablet inherit_phone \"  data-padding-pos=\"all\" data-has-bg-color=\"false\" data-bg-color=\"\" data-bg-opacity=\"1\" data-animation=\"\" data-delay=\"0\" >\n\t\t<div class=\"vc_column-inner\" >\n\t\t\t<div class=\"wpb_wrapper\">\n\t\t\t\t\n<div class=\"wpb_text_column wpb_content_element \" >\n\t<div class=\"wpb_wrapper\">\n\t\t<h3>Plantin<\/h3>\n\t<\/div>\n<\/div>\n\n\n\n\n<div class=\"wpb_text_column wpb_content_element  vc_custom_1715173804503\" >\n\t<div class=\"wpb_wrapper\">\n\t\t<p>Das Unternehmen PLANTIN zeichnet sich durch die Verfolgung von Exzellenz aus und sucht st\u00e4ndig nach hochwertigen Tr\u00fcffeln. Unter der Leitung von erfahrenen Ma\u00eetres Truffiers werden die Tr\u00fcffel durch Expertise in Konservierung, Pasteurisierung und Tiefk\u00fchlung das ganze Jahr \u00fcber angeboten. PLANTIN&#8217;s einzigartiges Know-how erm\u00f6glicht es, Tr\u00fcffel in verschiedenen Formen anzubieten. Neben der Ernte von Tr\u00fcffeln spezialisiert sich Plantin mittlerweile auch auf andere Pilzsorten, wie Steinpilze.<\/p>\n\t<\/div>\n<\/div>\n\n\n\n\t\t\t\t\n\t\t\t\t\n\t\t\t\t\n\t\t\t\t<div class=\"portfolio-wrap \">\n\t\t\t\t\t\n\t\t\t\t\t\t\t\t\t\t\n\t\t\t\t\t<span class=\"portfolio-loading  none\">   <\/span>\n\t\t\t\t\t\n\t\t\t\t\t\t\t\t\t\t\n\t\t\t\t\t<div class=\"row portfolio-items no-masonry  \" data-rcp=\"false\" data-masonry-type=\"default\" data-ps=\"7\" data-starting-filter=\"\" data-gutter=\"default\" data-categories-to-show=\"plantin\" data-bypass-cropping=\"\" data-lightbox-only=\"0\" data-col-num=\"cols-4\">\n\t\t\t\t\t\t\t\t\t\t\t\t\n\t\t\t\t\t\t\t\t\t\t\t\t\n\t\t\t\t\t\t<div class=\"col span_3  element plantin-de produkte trueffel-produkte vertretene-marken \"  data-project-cat=\"plantin-de produkte trueffel-produkte vertretene-marken \" data-default-color=\"true\" data-title-color=\"\" data-subtitle-color=\"\">\n\t\t\t\t\t\t\t\n\t\t\t\t\t\t\t<div class=\"inner-wrap animated\" data-animation=\"none\">\n\t\t\t\t\t\t\t\t\n\t\t\t\t\t\t\t\t\t\t\t\t\t\t\t\t\t\n\t\t\t\t\t\t\t\t\t<div class=\"work-item style-2\" data-custom-content=\"off\">\n\t\t\t\t\t\t\t\t\t\t\n\t\t\t\t\t\t\t\t\t\t<img decoding=\"async\" class=\"custom-thumbnail skip-lazy\" src=\"https:\/\/manolos.org\/wp-content\/uploads\/2024\/10\/Plantin-comte.jpg\" alt=\"Jean Baudoin-Plantin. Comt\u00e9-K\u00e4se mit schwarzem Tr\u00fcffel\" \/>\t\t\t\t\t\t\t\t\t\t\n\t\t\t\t\t\t\t\t\t\t<div class=\"work-info-bg\"><\/div>\n\t\t\t\t\t\t\t\t\t\t<div class=\"work-info\">\n\t\t\t\t\t\t\t\t\t\t\t\n\t\t\t\t\t\t\t\t\t\t\t\t\t\t\t\t\t\t\t\t\t\t\t\n\t\t\t\t\t\t\t\t\t\t\t\t\n\t\t\t\t\t\t\t\t\t\t\t\t\t\t\t\t\t\t\t\t\t\t\t\t\t\n\t\t\t\t\t\t\t\t\t\t\t\t\t<a href=\"https:\/\/manolos.org\/de\/prod\/jean-baudoin-plantin-comte-kaese-mit-schwarzem-trueffel\/\"><\/a>\n\t\t\t\t\t\t\t\t\t\t\t\t\t\n\t\t\t\t\t\t\t\t\t\t\t\t\t\t\t\t\t\t\t\t\t\t\t\n\t\t\t\t\t\t\t\t\t\t\t\n\t\t\t\t\t\t\t\t\t\t\t<div class=\"vert-center\">\n\t\t\t\t\t\t\t\t\t\t\t\t\t\n\t\t\t\t\t\t\t\t\t\t\t\t\t<h3>Jean Baudoin-Plantin. Comt\u00e9-K\u00e4se mit schwarzem Tr\u00fcffel<\/h3> \n\t\t\t\t\t\t\t\t\t\t\t\t\t\t\t\t\t\t\t\t\t\t\t\t<\/div><!--\/vert-center-->\n\t\t\t\t\t\t\t\t\t\t\t\n\t\t\t\t\t\t\t\t\t\t<\/div>\n\t\t\t\t\t\t\t\t\t<\/div><!--work-item-->\n\t\t\t\t\t\t\t\t\t\n\t\t\t\t\t\t\t\t\t\t\t\t\t\t\t\t\n\t\t\t\t\t\t\t\t\n\t\t\t\t\t\t\t<\/div><!--\/inner-wrap-->\n\t\t\t\t\t\t<\/div><!--\/col-->\n\t\t\t\t\t\t\n\t\t\t\t\t\t\t\t\t\t\t\n\t\t\t\t\t\t\t\t\t\t\t\t\n\t\t\t\t\t\t<div class=\"col span_3  element oele-und-essigsorten plantin-de produkte trueffel-produkte vertretene-marken \"  data-project-cat=\"oele-und-essigsorten plantin-de produkte trueffel-produkte vertretene-marken \" data-default-color=\"true\" data-title-color=\"\" data-subtitle-color=\"\">\n\t\t\t\t\t\t\t\n\t\t\t\t\t\t\t<div class=\"inner-wrap animated\" data-animation=\"none\">\n\t\t\t\t\t\t\t\t\n\t\t\t\t\t\t\t\t\t\t\t\t\t\t\t\t\t\n\t\t\t\t\t\t\t\t\t<div class=\"work-item style-2\" data-custom-content=\"off\">\n\t\t\t\t\t\t\t\t\t\t\n\t\t\t\t\t\t\t\t\t\t<img decoding=\"async\" class=\"custom-thumbnail skip-lazy\" src=\"https:\/\/manolos.org\/wp-content\/uploads\/2024\/10\/Plantin-aceite.jpg\" alt=\"Jean Baudoin-Plantin. Oliven\u00f6l E.V. mit schwarzen Tr\u00fcffelst\u00fccken und Aroma\" \/>\t\t\t\t\t\t\t\t\t\t\n\t\t\t\t\t\t\t\t\t\t<div class=\"work-info-bg\"><\/div>\n\t\t\t\t\t\t\t\t\t\t<div class=\"work-info\">\n\t\t\t\t\t\t\t\t\t\t\t\n\t\t\t\t\t\t\t\t\t\t\t\t\t\t\t\t\t\t\t\t\t\t\t\n\t\t\t\t\t\t\t\t\t\t\t\t\n\t\t\t\t\t\t\t\t\t\t\t\t\t\t\t\t\t\t\t\t\t\t\t\t\t\n\t\t\t\t\t\t\t\t\t\t\t\t\t<a href=\"https:\/\/manolos.org\/de\/prod\/jean-baudoin-plantin-olivenoel-e-v-mit-schwarzen-trueffelstuecken-und-aroma\/\"><\/a>\n\t\t\t\t\t\t\t\t\t\t\t\t\t\n\t\t\t\t\t\t\t\t\t\t\t\t\t\t\t\t\t\t\t\t\t\t\t\n\t\t\t\t\t\t\t\t\t\t\t\n\t\t\t\t\t\t\t\t\t\t\t<div class=\"vert-center\">\n\t\t\t\t\t\t\t\t\t\t\t\t\t\n\t\t\t\t\t\t\t\t\t\t\t\t\t<h3>Jean Baudoin-Plantin. Oliven\u00f6l E.V. mit schwarzen Tr\u00fcffelst\u00fccken und Aroma<\/h3> \n\t\t\t\t\t\t\t\t\t\t\t\t\t\t\t\t\t\t\t\t\t\t\t\t<\/div><!--\/vert-center-->\n\t\t\t\t\t\t\t\t\t\t\t\n\t\t\t\t\t\t\t\t\t\t<\/div>\n\t\t\t\t\t\t\t\t\t<\/div><!--work-item-->\n\t\t\t\t\t\t\t\t\t\n\t\t\t\t\t\t\t\t\t\t\t\t\t\t\t\t\n\t\t\t\t\t\t\t\t\n\t\t\t\t\t\t\t<\/div><!--\/inner-wrap-->\n\t\t\t\t\t\t<\/div><!--\/col-->\n\t\t\t\t\t\t\n\t\t\t\t\t\t\t\t\t\t\t\n\t\t\t\t\t\t\t\t\t\t\t\t\n\t\t\t\t\t\t<div class=\"col span_3  element plantin-de produkte trueffel-produkte vertretene-marken \"  data-project-cat=\"plantin-de produkte trueffel-produkte vertretene-marken \" data-default-color=\"true\" data-title-color=\"\" data-subtitle-color=\"\">\n\t\t\t\t\t\t\t\n\t\t\t\t\t\t\t<div class=\"inner-wrap animated\" data-animation=\"none\">\n\t\t\t\t\t\t\t\t\n\t\t\t\t\t\t\t\t\t\t\t\t\t\t\t\t\t\n\t\t\t\t\t\t\t\t\t<div class=\"work-item style-2\" data-custom-content=\"off\">\n\t\t\t\t\t\t\t\t\t\t\n\t\t\t\t\t\t\t\t\t\t<img decoding=\"async\" class=\"custom-thumbnail skip-lazy\" src=\"https:\/\/manolos.org\/wp-content\/uploads\/2024\/10\/Plantin-salsatrufa.jpg\" alt=\"Jean Baudoin-Plantin. Tr\u00fcffelsalsa\" \/>\t\t\t\t\t\t\t\t\t\t\n\t\t\t\t\t\t\t\t\t\t<div class=\"work-info-bg\"><\/div>\n\t\t\t\t\t\t\t\t\t\t<div class=\"work-info\">\n\t\t\t\t\t\t\t\t\t\t\t\n\t\t\t\t\t\t\t\t\t\t\t\t\t\t\t\t\t\t\t\t\t\t\t\n\t\t\t\t\t\t\t\t\t\t\t\t\n\t\t\t\t\t\t\t\t\t\t\t\t\t\t\t\t\t\t\t\t\t\t\t\t\t\n\t\t\t\t\t\t\t\t\t\t\t\t\t<a href=\"https:\/\/manolos.org\/de\/prod\/jean-baudoin-plantin-trueffelsalsa\/\"><\/a>\n\t\t\t\t\t\t\t\t\t\t\t\t\t\n\t\t\t\t\t\t\t\t\t\t\t\t\t\t\t\t\t\t\t\t\t\t\t\n\t\t\t\t\t\t\t\t\t\t\t\n\t\t\t\t\t\t\t\t\t\t\t<div class=\"vert-center\">\n\t\t\t\t\t\t\t\t\t\t\t\t\t\n\t\t\t\t\t\t\t\t\t\t\t\t\t<h3>Jean Baudoin-Plantin. Tr\u00fcffelsalsa<\/h3> \n\t\t\t\t\t\t\t\t\t\t\t\t\t\t\t\t\t\t\t\t\t\t\t\t<\/div><!--\/vert-center-->\n\t\t\t\t\t\t\t\t\t\t\t\n\t\t\t\t\t\t\t\t\t\t<\/div>\n\t\t\t\t\t\t\t\t\t<\/div><!--work-item-->\n\t\t\t\t\t\t\t\t\t\n\t\t\t\t\t\t\t\t\t\t\t\t\t\t\t\t\n\t\t\t\t\t\t\t\t\n\t\t\t\t\t\t\t<\/div><!--\/inner-wrap-->\n\t\t\t\t\t\t<\/div><!--\/col-->\n\t\t\t\t\t\t\n\t\t\t\t\t\t\t\t\t\t\t\n\t\t\t\t\t\t\t\t\t\t\t\t\n\t\t\t\t\t\t<div class=\"col span_3  element plantin-de produkte salze-und-gewuerze trueffel-produkte vertretene-marken \"  data-project-cat=\"plantin-de produkte salze-und-gewuerze trueffel-produkte vertretene-marken \" data-default-color=\"true\" data-title-color=\"\" data-subtitle-color=\"\">\n\t\t\t\t\t\t\t\n\t\t\t\t\t\t\t<div class=\"inner-wrap animated\" data-animation=\"none\">\n\t\t\t\t\t\t\t\t\n\t\t\t\t\t\t\t\t\t\t\t\t\t\t\t\t\t\n\t\t\t\t\t\t\t\t\t<div class=\"work-item style-2\" data-custom-content=\"off\">\n\t\t\t\t\t\t\t\t\t\t\n\t\t\t\t\t\t\t\t\t\t<img decoding=\"async\" class=\"custom-thumbnail skip-lazy\" src=\"https:\/\/manolos.org\/wp-content\/uploads\/2024\/10\/Plantin-boletus.jpg\" alt=\"Jean Baudoin-Plantin. Steinpilzm\u00fchle\" \/>\t\t\t\t\t\t\t\t\t\t\n\t\t\t\t\t\t\t\t\t\t<div class=\"work-info-bg\"><\/div>\n\t\t\t\t\t\t\t\t\t\t<div class=\"work-info\">\n\t\t\t\t\t\t\t\t\t\t\t\n\t\t\t\t\t\t\t\t\t\t\t\t\t\t\t\t\t\t\t\t\t\t\t\n\t\t\t\t\t\t\t\t\t\t\t\t\n\t\t\t\t\t\t\t\t\t\t\t\t\t\t\t\t\t\t\t\t\t\t\t\t\t\n\t\t\t\t\t\t\t\t\t\t\t\t\t<a href=\"https:\/\/manolos.org\/de\/prod\/jean-baudoin-plantin-steinpilzmuehle\/\"><\/a>\n\t\t\t\t\t\t\t\t\t\t\t\t\t\n\t\t\t\t\t\t\t\t\t\t\t\t\t\t\t\t\t\t\t\t\t\t\t\n\t\t\t\t\t\t\t\t\t\t\t\n\t\t\t\t\t\t\t\t\t\t\t<div class=\"vert-center\">\n\t\t\t\t\t\t\t\t\t\t\t\t\t\n\t\t\t\t\t\t\t\t\t\t\t\t\t<h3>Jean Baudoin-Plantin. Steinpilzm\u00fchle<\/h3> \n\t\t\t\t\t\t\t\t\t\t\t\t\t\t\t\t\t\t\t\t\t\t\t\t<\/div><!--\/vert-center-->\n\t\t\t\t\t\t\t\t\t\t\t\n\t\t\t\t\t\t\t\t\t\t<\/div>\n\t\t\t\t\t\t\t\t\t<\/div><!--work-item-->\n\t\t\t\t\t\t\t\t\t\n\t\t\t\t\t\t\t\t\t\t\t\t\t\t\t\t\n\t\t\t\t\t\t\t\t\n\t\t\t\t\t\t\t<\/div><!--\/inner-wrap-->\n\t\t\t\t\t\t<\/div><!--\/col-->\n\t\t\t\t\t\t\n\t\t\t\t\t\t\t\t\t\t\t\n\t\t\t\t\t\t\t\t\t\t\t\t\n\t\t\t\t\t\t<div class=\"col span_3  element plantin-de produkte trueffel-produkte vertretene-marken \"  data-project-cat=\"plantin-de produkte trueffel-produkte vertretene-marken \" data-default-color=\"true\" data-title-color=\"\" data-subtitle-color=\"\">\n\t\t\t\t\t\t\t\n\t\t\t\t\t\t\t<div class=\"inner-wrap animated\" data-animation=\"none\">\n\t\t\t\t\t\t\t\t\n\t\t\t\t\t\t\t\t\t\t\t\t\t\t\t\t\t\n\t\t\t\t\t\t\t\t\t<div class=\"work-item style-2\" data-custom-content=\"off\">\n\t\t\t\t\t\t\t\t\t\t\n\t\t\t\t\t\t\t\t\t\t<img decoding=\"async\" class=\"custom-thumbnail skip-lazy\" src=\"https:\/\/manolos.org\/wp-content\/uploads\/2024\/10\/Plantin-trufaverano.jpg\" alt=\"Jean Baudoin-Plantin. Sommertr\u00fcffel, ganz mit Aroma (tuber aestivum)\" \/>\t\t\t\t\t\t\t\t\t\t\n\t\t\t\t\t\t\t\t\t\t<div class=\"work-info-bg\"><\/div>\n\t\t\t\t\t\t\t\t\t\t<div class=\"work-info\">\n\t\t\t\t\t\t\t\t\t\t\t\n\t\t\t\t\t\t\t\t\t\t\t\t\t\t\t\t\t\t\t\t\t\t\t\n\t\t\t\t\t\t\t\t\t\t\t\t\n\t\t\t\t\t\t\t\t\t\t\t\t\t\t\t\t\t\t\t\t\t\t\t\t\t\n\t\t\t\t\t\t\t\t\t\t\t\t\t<a href=\"https:\/\/manolos.org\/de\/prod\/jean-baudoin-plantin-sommertrueffel-ganz-mit-aroma-tuber-aestivum\/\"><\/a>\n\t\t\t\t\t\t\t\t\t\t\t\t\t\n\t\t\t\t\t\t\t\t\t\t\t\t\t\t\t\t\t\t\t\t\t\t\t\n\t\t\t\t\t\t\t\t\t\t\t\n\t\t\t\t\t\t\t\t\t\t\t<div class=\"vert-center\">\n\t\t\t\t\t\t\t\t\t\t\t\t\t\n\t\t\t\t\t\t\t\t\t\t\t\t\t<h3>Jean Baudoin-Plantin. Sommertr\u00fcffel, ganz mit Aroma (tuber aestivum)<\/h3> \n\t\t\t\t\t\t\t\t\t\t\t\t\t\t\t\t\t\t\t\t\t\t\t\t<\/div><!--\/vert-center-->\n\t\t\t\t\t\t\t\t\t\t\t\n\t\t\t\t\t\t\t\t\t\t<\/div>\n\t\t\t\t\t\t\t\t\t<\/div><!--work-item-->\n\t\t\t\t\t\t\t\t\t\n\t\t\t\t\t\t\t\t\t\t\t\t\t\t\t\t\n\t\t\t\t\t\t\t\t\n\t\t\t\t\t\t\t<\/div><!--\/inner-wrap-->\n\t\t\t\t\t\t<\/div><!--\/col-->\n\t\t\t\t\t\t\n\t\t\t\t\t\t\t\t\t\t\t\n\t\t\t\t\t\t\t\t\t\t\t\t\n\t\t\t\t\t\t<div class=\"col span_3  element plantin-de produkte salze-und-gewuerze trueffel-produkte vertretene-marken \"  data-project-cat=\"plantin-de produkte salze-und-gewuerze trueffel-produkte vertretene-marken \" data-default-color=\"true\" data-title-color=\"\" data-subtitle-color=\"\">\n\t\t\t\t\t\t\t\n\t\t\t\t\t\t\t<div class=\"inner-wrap animated\" data-animation=\"none\">\n\t\t\t\t\t\t\t\t\n\t\t\t\t\t\t\t\t\t\t\t\t\t\t\t\t\t\n\t\t\t\t\t\t\t\t\t<div class=\"work-item style-2\" data-custom-content=\"off\">\n\t\t\t\t\t\t\t\t\t\t\n\t\t\t\t\t\t\t\t\t\t<img decoding=\"async\" class=\"custom-thumbnail skip-lazy\" src=\"https:\/\/manolos.org\/wp-content\/uploads\/2024\/10\/Plantin-trufanegra.jpg\" alt=\"Jean Baudoin-Plantin. Meersalz mit schwarzem Tr\u00fcffel\" \/>\t\t\t\t\t\t\t\t\t\t\n\t\t\t\t\t\t\t\t\t\t<div class=\"work-info-bg\"><\/div>\n\t\t\t\t\t\t\t\t\t\t<div class=\"work-info\">\n\t\t\t\t\t\t\t\t\t\t\t\n\t\t\t\t\t\t\t\t\t\t\t\t\t\t\t\t\t\t\t\t\t\t\t\n\t\t\t\t\t\t\t\t\t\t\t\t\n\t\t\t\t\t\t\t\t\t\t\t\t\t\t\t\t\t\t\t\t\t\t\t\t\t\n\t\t\t\t\t\t\t\t\t\t\t\t\t<a href=\"https:\/\/manolos.org\/de\/prod\/jean-baudoin-plantin-meersalz-mit-schwarzem-trueffel\/\"><\/a>\n\t\t\t\t\t\t\t\t\t\t\t\t\t\n\t\t\t\t\t\t\t\t\t\t\t\t\t\t\t\t\t\t\t\t\t\t\t\n\t\t\t\t\t\t\t\t\t\t\t\n\t\t\t\t\t\t\t\t\t\t\t<div class=\"vert-center\">\n\t\t\t\t\t\t\t\t\t\t\t\t\t\n\t\t\t\t\t\t\t\t\t\t\t\t\t<h3>Jean Baudoin-Plantin. Meersalz mit schwarzem Tr\u00fcffel<\/h3> \n\t\t\t\t\t\t\t\t\t\t\t\t\t\t\t\t\t\t\t\t\t\t\t\t<\/div><!--\/vert-center-->\n\t\t\t\t\t\t\t\t\t\t\t\n\t\t\t\t\t\t\t\t\t\t<\/div>\n\t\t\t\t\t\t\t\t\t<\/div><!--work-item-->\n\t\t\t\t\t\t\t\t\t\n\t\t\t\t\t\t\t\t\t\t\t\t\t\t\t\t\n\t\t\t\t\t\t\t\t\n\t\t\t\t\t\t\t<\/div><!--\/inner-wrap-->\n\t\t\t\t\t\t<\/div><!--\/col-->\n\t\t\t\t\t\t\n\t\t\t\t\t\t\t\t\t\t\t\n\t\t\t\t\t\t\t\t\t\t\t\t\n\t\t\t\t\t\t<div class=\"col span_3  element plantin-de produkte trueffel-produkte vertretene-marken \"  data-project-cat=\"plantin-de produkte trueffel-produkte vertretene-marken \" data-default-color=\"true\" data-title-color=\"\" data-subtitle-color=\"\">\n\t\t\t\t\t\t\t\n\t\t\t\t\t\t\t<div class=\"inner-wrap animated\" data-animation=\"none\">\n\t\t\t\t\t\t\t\t\n\t\t\t\t\t\t\t\t\t\t\t\t\t\t\t\t\t\n\t\t\t\t\t\t\t\t\t<div class=\"work-item style-2\" data-custom-content=\"off\">\n\t\t\t\t\t\t\t\t\t\t\n\t\t\t\t\t\t\t\t\t\t<img decoding=\"async\" class=\"custom-thumbnail skip-lazy\" src=\"https:\/\/manolos.org\/wp-content\/uploads\/2024\/10\/Plantin-trufacarpaccio.jpg\" alt=\"Jean Baudoin-Plantin. Sommertr\u00fcffel-Carpaccio (tuber aestivum)\" \/>\t\t\t\t\t\t\t\t\t\t\n\t\t\t\t\t\t\t\t\t\t<div class=\"work-info-bg\"><\/div>\n\t\t\t\t\t\t\t\t\t\t<div class=\"work-info\">\n\t\t\t\t\t\t\t\t\t\t\t\n\t\t\t\t\t\t\t\t\t\t\t\t\t\t\t\t\t\t\t\t\t\t\t\n\t\t\t\t\t\t\t\t\t\t\t\t\n\t\t\t\t\t\t\t\t\t\t\t\t\t\t\t\t\t\t\t\t\t\t\t\t\t\n\t\t\t\t\t\t\t\t\t\t\t\t\t<a href=\"https:\/\/manolos.org\/de\/prod\/jean-baudoin-plantin-sommertrueffel-carpaccio-tuber-aestivum\/\"><\/a>\n\t\t\t\t\t\t\t\t\t\t\t\t\t\n\t\t\t\t\t\t\t\t\t\t\t\t\t\t\t\t\t\t\t\t\t\t\t\n\t\t\t\t\t\t\t\t\t\t\t\n\t\t\t\t\t\t\t\t\t\t\t<div class=\"vert-center\">\n\t\t\t\t\t\t\t\t\t\t\t\t\t\n\t\t\t\t\t\t\t\t\t\t\t\t\t<h3>Jean Baudoin-Plantin. Sommertr\u00fcffel-Carpaccio (tuber aestivum)<\/h3> \n\t\t\t\t\t\t\t\t\t\t\t\t\t\t\t\t\t\t\t\t\t\t\t\t<\/div><!--\/vert-center-->\n\t\t\t\t\t\t\t\t\t\t\t\n\t\t\t\t\t\t\t\t\t\t<\/div>\n\t\t\t\t\t\t\t\t\t<\/div><!--work-item-->\n\t\t\t\t\t\t\t\t\t\n\t\t\t\t\t\t\t\t\t\t\t\t\t\t\t\t\n\t\t\t\t\t\t\t\t\n\t\t\t\t\t\t\t<\/div><!--\/inner-wrap-->\n\t\t\t\t\t\t<\/div><!--\/col-->\n\t\t\t\t\t\t\n\t\t\t\t\t\t\t\t\t\t\t\n\t\t\t\t\t\t\t\t\t\t\t\t\n\t\t\t\t\t\t<div class=\"col span_3  element plantin-de produkte salze-und-gewuerze trueffel-produkte vertretene-marken \"  data-project-cat=\"plantin-de produkte salze-und-gewuerze trueffel-produkte vertretene-marken \" data-default-color=\"true\" data-title-color=\"\" data-subtitle-color=\"\">\n\t\t\t\t\t\t\t\n\t\t\t\t\t\t\t<div class=\"inner-wrap animated\" data-animation=\"none\">\n\t\t\t\t\t\t\t\t\n\t\t\t\t\t\t\t\t\t\t\t\t\t\t\t\t\t\n\t\t\t\t\t\t\t\t\t<div class=\"work-item style-2\" data-custom-content=\"off\">\n\t\t\t\t\t\t\t\t\t\t\n\t\t\t\t\t\t\t\t\t\t<img decoding=\"async\" class=\"custom-thumbnail skip-lazy\" src=\"https:\/\/manolos.org\/wp-content\/uploads\/2024\/10\/Plantin-trufablanca.jpg\" alt=\"Jean Baudoin-Plantin. Meersalz mit wei\u00dfem Tr\u00fcffel\" \/>\t\t\t\t\t\t\t\t\t\t\n\t\t\t\t\t\t\t\t\t\t<div class=\"work-info-bg\"><\/div>\n\t\t\t\t\t\t\t\t\t\t<div class=\"work-info\">\n\t\t\t\t\t\t\t\t\t\t\t\n\t\t\t\t\t\t\t\t\t\t\t\t\t\t\t\t\t\t\t\t\t\t\t\n\t\t\t\t\t\t\t\t\t\t\t\t\n\t\t\t\t\t\t\t\t\t\t\t\t\t\t\t\t\t\t\t\t\t\t\t\t\t\n\t\t\t\t\t\t\t\t\t\t\t\t\t<a href=\"https:\/\/manolos.org\/de\/prod\/jean-baudoin-plantin-meersalz-mit-weissem-trueffel\/\"><\/a>\n\t\t\t\t\t\t\t\t\t\t\t\t\t\n\t\t\t\t\t\t\t\t\t\t\t\t\t\t\t\t\t\t\t\t\t\t\t\n\t\t\t\t\t\t\t\t\t\t\t\n\t\t\t\t\t\t\t\t\t\t\t<div class=\"vert-center\">\n\t\t\t\t\t\t\t\t\t\t\t\t\t\n\t\t\t\t\t\t\t\t\t\t\t\t\t<h3>Jean Baudoin-Plantin. Meersalz mit wei\u00dfem Tr\u00fcffel<\/h3> \n\t\t\t\t\t\t\t\t\t\t\t\t\t\t\t\t\t\t\t\t\t\t\t\t<\/div><!--\/vert-center-->\n\t\t\t\t\t\t\t\t\t\t\t\n\t\t\t\t\t\t\t\t\t\t<\/div>\n\t\t\t\t\t\t\t\t\t<\/div><!--work-item-->\n\t\t\t\t\t\t\t\t\t\n\t\t\t\t\t\t\t\t\t\t\t\t\t\t\t\t\n\t\t\t\t\t\t\t\t\n\t\t\t\t\t\t\t<\/div><!--\/inner-wrap-->\n\t\t\t\t\t\t<\/div><!--\/col-->\n\t\t\t\t\t\t\n\t\t\t\t\t\t\t\t\t\t\t\n\t\t\t\t\t\t\t\t\t\t\t\t\n\t\t\t\t\t\t<div class=\"col span_3  element plantin-de produkte trueffel-produkte vertretene-marken \"  data-project-cat=\"plantin-de produkte trueffel-produkte vertretene-marken \" data-default-color=\"true\" data-title-color=\"\" data-subtitle-color=\"\">\n\t\t\t\t\t\t\t\n\t\t\t\t\t\t\t<div class=\"inner-wrap animated\" data-animation=\"none\">\n\t\t\t\t\t\t\t\t\n\t\t\t\t\t\t\t\t\t\t\t\t\t\t\t\t\t\n\t\t\t\t\t\t\t\t\t<div class=\"work-item style-2\" data-custom-content=\"off\">\n\t\t\t\t\t\t\t\t\t\t\n\t\t\t\t\t\t\t\t\t\t<img decoding=\"async\" class=\"custom-thumbnail skip-lazy\" src=\"https:\/\/manolos.org\/wp-content\/uploads\/2024\/10\/Plantin-tabla.jpg\" alt=\"Jean Baudoin-Plantin. Tr\u00fcffelhobel aus Olivenholz\" \/>\t\t\t\t\t\t\t\t\t\t\n\t\t\t\t\t\t\t\t\t\t<div class=\"work-info-bg\"><\/div>\n\t\t\t\t\t\t\t\t\t\t<div class=\"work-info\">\n\t\t\t\t\t\t\t\t\t\t\t\n\t\t\t\t\t\t\t\t\t\t\t\t\t\t\t\t\t\t\t\t\t\t\t\n\t\t\t\t\t\t\t\t\t\t\t\t\n\t\t\t\t\t\t\t\t\t\t\t\t\t\t\t\t\t\t\t\t\t\t\t\t\t\n\t\t\t\t\t\t\t\t\t\t\t\t\t<a href=\"https:\/\/manolos.org\/de\/prod\/jean-baudoin-plantin-trueffelhobel-aus-olivenholz\/\"><\/a>\n\t\t\t\t\t\t\t\t\t\t\t\t\t\n\t\t\t\t\t\t\t\t\t\t\t\t\t\t\t\t\t\t\t\t\t\t\t\n\t\t\t\t\t\t\t\t\t\t\t\n\t\t\t\t\t\t\t\t\t\t\t<div class=\"vert-center\">\n\t\t\t\t\t\t\t\t\t\t\t\t\t\n\t\t\t\t\t\t\t\t\t\t\t\t\t<h3>Jean Baudoin-Plantin. Tr\u00fcffelhobel aus Olivenholz<\/h3> \n\t\t\t\t\t\t\t\t\t\t\t\t\t\t\t\t\t\t\t\t\t\t\t\t<\/div><!--\/vert-center-->\n\t\t\t\t\t\t\t\t\t\t\t\n\t\t\t\t\t\t\t\t\t\t<\/div>\n\t\t\t\t\t\t\t\t\t<\/div><!--work-item-->\n\t\t\t\t\t\t\t\t\t\n\t\t\t\t\t\t\t\t\t\t\t\t\t\t\t\t\n\t\t\t\t\t\t\t\t\n\t\t\t\t\t\t\t<\/div><!--\/inner-wrap-->\n\t\t\t\t\t\t<\/div><!--\/col-->\n\t\t\t\t\t\t\n\t\t\t\t\t\t\t\t\t\t\t\n\t\t\t\t\t\t\t\t\t\t\t\t\n\t\t\t\t\t\t<div class=\"col span_3  element plantin-de produkte salze-und-gewuerze trueffel-produkte vertretene-marken \"  data-project-cat=\"plantin-de produkte salze-und-gewuerze trueffel-produkte vertretene-marken \" data-default-color=\"true\" data-title-color=\"\" data-subtitle-color=\"\">\n\t\t\t\t\t\t\t\n\t\t\t\t\t\t\t<div class=\"inner-wrap animated\" data-animation=\"none\">\n\t\t\t\t\t\t\t\t\n\t\t\t\t\t\t\t\t\t\t\t\t\t\t\t\t\t\n\t\t\t\t\t\t\t\t\t<div class=\"work-item style-2\" data-custom-content=\"off\">\n\t\t\t\t\t\t\t\t\t\t\n\t\t\t\t\t\t\t\t\t\t<img decoding=\"async\" class=\"custom-thumbnail skip-lazy\" src=\"https:\/\/manolos.org\/wp-content\/uploads\/2024\/10\/Plantin-polvotrufa.jpg\" alt=\"Jean Baudoin-Plantin. Tr\u00fcffelgew\u00fcrz\" \/>\t\t\t\t\t\t\t\t\t\t\n\t\t\t\t\t\t\t\t\t\t<div class=\"work-info-bg\"><\/div>\n\t\t\t\t\t\t\t\t\t\t<div class=\"work-info\">\n\t\t\t\t\t\t\t\t\t\t\t\n\t\t\t\t\t\t\t\t\t\t\t\t\t\t\t\t\t\t\t\t\t\t\t\n\t\t\t\t\t\t\t\t\t\t\t\t\n\t\t\t\t\t\t\t\t\t\t\t\t\t\t\t\t\t\t\t\t\t\t\t\t\t\n\t\t\t\t\t\t\t\t\t\t\t\t\t<a href=\"https:\/\/manolos.org\/de\/prod\/jean-baudoin-plantin-trueffelgewuerz\/\"><\/a>\n\t\t\t\t\t\t\t\t\t\t\t\t\t\n\t\t\t\t\t\t\t\t\t\t\t\t\t\t\t\t\t\t\t\t\t\t\t\n\t\t\t\t\t\t\t\t\t\t\t\n\t\t\t\t\t\t\t\t\t\t\t<div class=\"vert-center\">\n\t\t\t\t\t\t\t\t\t\t\t\t\t\n\t\t\t\t\t\t\t\t\t\t\t\t\t<h3>Jean Baudoin-Plantin. Tr\u00fcffelgew\u00fcrz<\/h3> \n\t\t\t\t\t\t\t\t\t\t\t\t\t\t\t\t\t\t\t\t\t\t\t\t<\/div><!--\/vert-center-->\n\t\t\t\t\t\t\t\t\t\t\t\n\t\t\t\t\t\t\t\t\t\t<\/div>\n\t\t\t\t\t\t\t\t\t<\/div><!--work-item-->\n\t\t\t\t\t\t\t\t\t\n\t\t\t\t\t\t\t\t\t\t\t\t\t\t\t\t\n\t\t\t\t\t\t\t\t\n\t\t\t\t\t\t\t<\/div><!--\/inner-wrap-->\n\t\t\t\t\t\t<\/div><!--\/col-->\n\t\t\t\t\t\t\n\t\t\t\t\t\t\t\t\t\t\t\n\t\t\t\t\t\t\t\t\t\t\t\t\n\t\t\t\t\t\t<div class=\"col span_3  element plantin-de produkte trueffel-produkte vertretene-marken \"  data-project-cat=\"plantin-de produkte trueffel-produkte vertretene-marken \" data-default-color=\"true\" data-title-color=\"\" data-subtitle-color=\"\">\n\t\t\t\t\t\t\t\n\t\t\t\t\t\t\t<div class=\"inner-wrap animated\" data-animation=\"none\">\n\t\t\t\t\t\t\t\t\n\t\t\t\t\t\t\t\t\t\t\t\t\t\t\t\t\t\n\t\t\t\t\t\t\t\t\t<div class=\"work-item style-2\" data-custom-content=\"off\">\n\t\t\t\t\t\t\t\t\t\t\n\t\t\t\t\t\t\t\t\t\t<img decoding=\"async\" class=\"custom-thumbnail skip-lazy\" src=\"https:\/\/manolos.org\/wp-content\/uploads\/2024\/10\/Plantin-mieltrufa.jpg\" alt=\"Jean Baudoin-Plantin. Akazienhonig mit Sommertr\u00fcffeln (tuber aestivum)\" \/>\t\t\t\t\t\t\t\t\t\t\n\t\t\t\t\t\t\t\t\t\t<div class=\"work-info-bg\"><\/div>\n\t\t\t\t\t\t\t\t\t\t<div class=\"work-info\">\n\t\t\t\t\t\t\t\t\t\t\t\n\t\t\t\t\t\t\t\t\t\t\t\t\t\t\t\t\t\t\t\t\t\t\t\n\t\t\t\t\t\t\t\t\t\t\t\t\n\t\t\t\t\t\t\t\t\t\t\t\t\t\t\t\t\t\t\t\t\t\t\t\t\t\n\t\t\t\t\t\t\t\t\t\t\t\t\t<a href=\"https:\/\/manolos.org\/de\/prod\/jean-baudoin-plantin-akazienhonig-mit-sommertrueffeln-tuber-aestivum\/\"><\/a>\n\t\t\t\t\t\t\t\t\t\t\t\t\t\n\t\t\t\t\t\t\t\t\t\t\t\t\t\t\t\t\t\t\t\t\t\t\t\n\t\t\t\t\t\t\t\t\t\t\t\n\t\t\t\t\t\t\t\t\t\t\t<div class=\"vert-center\">\n\t\t\t\t\t\t\t\t\t\t\t\t\t\n\t\t\t\t\t\t\t\t\t\t\t\t\t<h3>Jean Baudoin-Plantin. Akazienhonig mit Sommertr\u00fcffeln (tuber aestivum)<\/h3> \n\t\t\t\t\t\t\t\t\t\t\t\t\t\t\t\t\t\t\t\t\t\t\t\t<\/div><!--\/vert-center-->\n\t\t\t\t\t\t\t\t\t\t\t\n\t\t\t\t\t\t\t\t\t\t<\/div>\n\t\t\t\t\t\t\t\t\t<\/div><!--work-item-->\n\t\t\t\t\t\t\t\t\t\n\t\t\t\t\t\t\t\t\t\t\t\t\t\t\t\t\n\t\t\t\t\t\t\t\t\n\t\t\t\t\t\t\t<\/div><!--\/inner-wrap-->\n\t\t\t\t\t\t<\/div><!--\/col-->\n\t\t\t\t\t\t\n\t\t\t\t\t\t\t\t\t\t\t\n\t\t\t\t\t\t\t\t\t\t\t\t\n\t\t\t\t\t\t<div class=\"col span_3  element plantin-de produkte salze-und-gewuerze trueffel-produkte vertretene-marken \"  data-project-cat=\"plantin-de produkte salze-und-gewuerze trueffel-produkte vertretene-marken \" data-default-color=\"true\" data-title-color=\"\" data-subtitle-color=\"\">\n\t\t\t\t\t\t\t\n\t\t\t\t\t\t\t<div class=\"inner-wrap animated\" data-animation=\"none\">\n\t\t\t\t\t\t\t\t\n\t\t\t\t\t\t\t\t\t\t\t\t\t\t\t\t\t\n\t\t\t\t\t\t\t\t\t<div class=\"work-item style-2\" data-custom-content=\"off\">\n\t\t\t\t\t\t\t\t\t\t\n\t\t\t\t\t\t\t\t\t\t<img decoding=\"async\" class=\"custom-thumbnail skip-lazy\" src=\"https:\/\/manolos.org\/wp-content\/uploads\/2024\/10\/Plantin-brouillade-1.jpg\" alt=\"Jean Baudoin-Plantin. R\u00fchreigew\u00fcrz mit Sommertr\u00fcffeln (tuber aestivum)\" \/>\t\t\t\t\t\t\t\t\t\t\n\t\t\t\t\t\t\t\t\t\t<div class=\"work-info-bg\"><\/div>\n\t\t\t\t\t\t\t\t\t\t<div class=\"work-info\">\n\t\t\t\t\t\t\t\t\t\t\t\n\t\t\t\t\t\t\t\t\t\t\t\t\t\t\t\t\t\t\t\t\t\t\t\n\t\t\t\t\t\t\t\t\t\t\t\t\n\t\t\t\t\t\t\t\t\t\t\t\t\t\t\t\t\t\t\t\t\t\t\t\t\t\n\t\t\t\t\t\t\t\t\t\t\t\t\t<a href=\"https:\/\/manolos.org\/de\/prod\/jean-baudoin-plantin-ruehreigewuerz-mit-sommertrueffeln-tuber-aestivum\/\"><\/a>\n\t\t\t\t\t\t\t\t\t\t\t\t\t\n\t\t\t\t\t\t\t\t\t\t\t\t\t\t\t\t\t\t\t\t\t\t\t\n\t\t\t\t\t\t\t\t\t\t\t\n\t\t\t\t\t\t\t\t\t\t\t<div class=\"vert-center\">\n\t\t\t\t\t\t\t\t\t\t\t\t\t\n\t\t\t\t\t\t\t\t\t\t\t\t\t<h3>Jean Baudoin-Plantin. R\u00fchreigew\u00fcrz mit Sommertr\u00fcffeln (tuber aestivum)<\/h3> \n\t\t\t\t\t\t\t\t\t\t\t\t\t\t\t\t\t\t\t\t\t\t\t\t<\/div><!--\/vert-center-->\n\t\t\t\t\t\t\t\t\t\t\t\n\t\t\t\t\t\t\t\t\t\t<\/div>\n\t\t\t\t\t\t\t\t\t<\/div><!--work-item-->\n\t\t\t\t\t\t\t\t\t\n\t\t\t\t\t\t\t\t\t\t\t\t\t\t\t\t\n\t\t\t\t\t\t\t\t\n\t\t\t\t\t\t\t<\/div><!--\/inner-wrap-->\n\t\t\t\t\t\t<\/div><!--\/col-->\n\t\t\t\t\t\t\n\t\t\t\t\t\t\t\t\t\t\t\n\t\t\t\t\t\t\t\t\t\t\t\t\n\t\t\t\t\t\t<div class=\"col span_3  element plantin-de produkte salze-und-gewuerze trueffel-produkte vertretene-marken \"  data-project-cat=\"plantin-de produkte salze-und-gewuerze trueffel-produkte vertretene-marken \" data-default-color=\"true\" data-title-color=\"\" data-subtitle-color=\"\">\n\t\t\t\t\t\t\t\n\t\t\t\t\t\t\t<div class=\"inner-wrap animated\" data-animation=\"none\">\n\t\t\t\t\t\t\t\t\n\t\t\t\t\t\t\t\t\t\t\t\t\t\t\t\t\t\n\t\t\t\t\t\t\t\t\t<div class=\"work-item style-2\" data-custom-content=\"off\">\n\t\t\t\t\t\t\t\t\t\t\n\t\t\t\t\t\t\t\t\t\t<img decoding=\"async\" class=\"custom-thumbnail skip-lazy\" src=\"https:\/\/manolos.org\/wp-content\/uploads\/2024\/10\/Plantin-himalayatrufa.jpg\" alt=\"Jean Baudoin-Plantin. Tr\u00fcffelm\u00fchle mit Himalayasalz\" \/>\t\t\t\t\t\t\t\t\t\t\n\t\t\t\t\t\t\t\t\t\t<div class=\"work-info-bg\"><\/div>\n\t\t\t\t\t\t\t\t\t\t<div class=\"work-info\">\n\t\t\t\t\t\t\t\t\t\t\t\n\t\t\t\t\t\t\t\t\t\t\t\t\t\t\t\t\t\t\t\t\t\t\t\n\t\t\t\t\t\t\t\t\t\t\t\t\n\t\t\t\t\t\t\t\t\t\t\t\t\t\t\t\t\t\t\t\t\t\t\t\t\t\n\t\t\t\t\t\t\t\t\t\t\t\t\t<a href=\"https:\/\/manolos.org\/de\/prod\/jean-baudoin-plantin-trueffelmuehle-mit-himalayasalz\/\"><\/a>\n\t\t\t\t\t\t\t\t\t\t\t\t\t\n\t\t\t\t\t\t\t\t\t\t\t\t\t\t\t\t\t\t\t\t\t\t\t\n\t\t\t\t\t\t\t\t\t\t\t\n\t\t\t\t\t\t\t\t\t\t\t<div class=\"vert-center\">\n\t\t\t\t\t\t\t\t\t\t\t\t\t\n\t\t\t\t\t\t\t\t\t\t\t\t\t<h3>Jean Baudoin-Plantin. Tr\u00fcffelm\u00fchle mit Himalayasalz<\/h3> \n\t\t\t\t\t\t\t\t\t\t\t\t\t\t\t\t\t\t\t\t\t\t\t\t<\/div><!--\/vert-center-->\n\t\t\t\t\t\t\t\t\t\t\t\n\t\t\t\t\t\t\t\t\t\t<\/div>\n\t\t\t\t\t\t\t\t\t<\/div><!--work-item-->\n\t\t\t\t\t\t\t\t\t\n\t\t\t\t\t\t\t\t\t\t\t\t\t\t\t\t\n\t\t\t\t\t\t\t\t\n\t\t\t\t\t\t\t<\/div><!--\/inner-wrap-->\n\t\t\t\t\t\t<\/div><!--\/col-->\n\t\t\t\t\t\t\n\t\t\t\t\t\t\t\t\t\t\t\n\t\t\t\t\t\t\t\t\t\t\t\t\n\t\t\t\t\t\t<div class=\"col span_3  element oele-und-essigsorten plantin-de produkte trueffel-produkte vertretene-marken \"  data-project-cat=\"oele-und-essigsorten plantin-de produkte trueffel-produkte vertretene-marken \" data-default-color=\"true\" data-title-color=\"\" data-subtitle-color=\"\">\n\t\t\t\t\t\t\t\n\t\t\t\t\t\t\t<div class=\"inner-wrap animated\" data-animation=\"none\">\n\t\t\t\t\t\t\t\t\n\t\t\t\t\t\t\t\t\t\t\t\t\t\t\t\t\t\n\t\t\t\t\t\t\t\t\t<div class=\"work-item style-2\" data-custom-content=\"off\">\n\t\t\t\t\t\t\t\t\t\t\n\t\t\t\t\t\t\t\t\t\t<img decoding=\"async\" class=\"custom-thumbnail skip-lazy\" src=\"https:\/\/manolos.org\/wp-content\/uploads\/2024\/10\/Plantin-aceitedetrufa.jpg\" alt=\"Jean Baudoin-Plantin. Oliven\u00f6l E.V. mit wei\u00dfen Tr\u00fcffelst\u00fccken und Aroma\" \/>\t\t\t\t\t\t\t\t\t\t\n\t\t\t\t\t\t\t\t\t\t<div class=\"work-info-bg\"><\/div>\n\t\t\t\t\t\t\t\t\t\t<div class=\"work-info\">\n\t\t\t\t\t\t\t\t\t\t\t\n\t\t\t\t\t\t\t\t\t\t\t\t\t\t\t\t\t\t\t\t\t\t\t\n\t\t\t\t\t\t\t\t\t\t\t\t\n\t\t\t\t\t\t\t\t\t\t\t\t\t\t\t\t\t\t\t\t\t\t\t\t\t\n\t\t\t\t\t\t\t\t\t\t\t\t\t<a href=\"https:\/\/manolos.org\/de\/prod\/jean-baudoin-plantin-olivenoel-e-v-mit-weissen-trueffelstuecken-und-aroma\/\"><\/a>\n\t\t\t\t\t\t\t\t\t\t\t\t\t\n\t\t\t\t\t\t\t\t\t\t\t\t\t\t\t\t\t\t\t\t\t\t\t\n\t\t\t\t\t\t\t\t\t\t\t\n\t\t\t\t\t\t\t\t\t\t\t<div class=\"vert-center\">\n\t\t\t\t\t\t\t\t\t\t\t\t\t\n\t\t\t\t\t\t\t\t\t\t\t\t\t<h3>Jean Baudoin-Plantin. Oliven\u00f6l E.V. mit wei\u00dfen Tr\u00fcffelst\u00fccken und Aroma<\/h3> \n\t\t\t\t\t\t\t\t\t\t\t\t\t\t\t\t\t\t\t\t\t\t\t\t<\/div><!--\/vert-center-->\n\t\t\t\t\t\t\t\t\t\t\t\n\t\t\t\t\t\t\t\t\t\t<\/div>\n\t\t\t\t\t\t\t\t\t<\/div><!--work-item-->\n\t\t\t\t\t\t\t\t\t\n\t\t\t\t\t\t\t\t\t\t\t\t\t\t\t\t\n\t\t\t\t\t\t\t\t\n\t\t\t\t\t\t\t<\/div><!--\/inner-wrap-->\n\t\t\t\t\t\t<\/div><!--\/col-->\n\t\t\t\t\t\t\n\t\t\t\t\t\t\t\t\t\t\n\t\t\t\t<\/div><!--\/portfolio-->\n\t\t\t<\/div><!--\/portfolio wrap-->\n\t\t\t\n\t\t\t\n\t\t\t<\/div> \n\t\t<\/div>\n\t<\/div> \n<\/div><\/div>\n\t\t<div id=\"rey\"  data-column-margin=\"default\" data-midnight=\"dark\"  class=\"wpb_row vc_row-fluid vc_row full-width-section vc_row-o-equal-height vc_row-flex marcas-representadas top_margin_0px bottom_margin_0px\"  style=\"padding-top: 100px; padding-bottom: 100px; \"><div class=\"row-bg-wrap\" data-bg-animation=\"none\" data-bg-animation-delay=\"\" data-bg-overlay=\"false\"><div class=\"inner-wrap row-bg-layer\" ><div class=\"row-bg viewport-desktop using-bg-color\"  style=\"background-color: #ffffff; \"><\/div><\/div><\/div><div class=\"row_col_wrap_12 col span_12 dark left\">\n\t<div  class=\"vc_col-sm-3 wpb_column column_container vc_column_container col no-extra-padding inherit_tablet inherit_phone \"  data-padding-pos=\"all\" data-has-bg-color=\"false\" data-bg-color=\"\" data-bg-opacity=\"1\" data-animation=\"\" data-delay=\"0\" >\n\t\t<div class=\"vc_column-inner\" >\n\t\t\t<div class=\"wpb_wrapper\">\n\t\t\t\t<div class=\"img-with-aniamtion-wrap right\" data-max-width=\"100%\" data-max-width-mobile=\"default\" data-shadow=\"none\" data-animation=\"none\" >\n      <div class=\"inner\">\n        <div class=\"hover-wrap\"> \n          <div class=\"hover-wrap-inner\">\n            <img loading=\"lazy\" decoding=\"async\" class=\"img-with-animation skip-lazy\" data-delay=\"0\" height=\"250\" width=\"250\" data-animation=\"none\" src=\"https:\/\/manolos.org\/wp-content\/uploads\/2025\/06\/logo-rey.jpg\" alt=\"\" srcset=\"https:\/\/manolos.org\/wp-content\/uploads\/2025\/06\/logo-rey.jpg 250w, https:\/\/manolos.org\/wp-content\/uploads\/2025\/06\/logo-rey-150x150.jpg 150w, https:\/\/manolos.org\/wp-content\/uploads\/2025\/06\/logo-rey-140x140.jpg 140w, https:\/\/manolos.org\/wp-content\/uploads\/2025\/06\/logo-rey-100x100.jpg 100w, https:\/\/manolos.org\/wp-content\/uploads\/2025\/06\/logo-rey-120x120.jpg 120w\" sizes=\"auto, (max-width: 250px) 100vw, 250px\" \/>\n          <\/div>\n        <\/div>\n      <\/div>\n    <\/div>\n\t\t\t<\/div> \n\t\t<\/div>\n\t<\/div> \n\n\t<div  class=\"vc_col-sm-9 wpb_column column_container vc_column_container col no-extra-padding inherit_tablet inherit_phone \"  data-padding-pos=\"all\" data-has-bg-color=\"false\" data-bg-color=\"\" data-bg-opacity=\"1\" data-animation=\"\" data-delay=\"0\" >\n\t\t<div class=\"vc_column-inner\" >\n\t\t\t<div class=\"wpb_wrapper\">\n\t\t\t\t\n<div class=\"wpb_text_column wpb_content_element \" >\n\t<div class=\"wpb_wrapper\">\n\t\t<h3>Rey<\/h3>\n\t<\/div>\n<\/div>\n\n\n\n\t\t\t\t\n\t\t\t\t\n\t\t\t\t\n\t\t\t\t<div class=\"portfolio-wrap \">\n\t\t\t\t\t\n\t\t\t\t\t\t\t\t\t\t\n\t\t\t\t\t<span class=\"portfolio-loading  none\">   <\/span>\n\t\t\t\t\t\n\t\t\t\t\t\t\t\t\t\t\n\t\t\t\t\t<div class=\"row portfolio-items no-masonry  \" data-rcp=\"false\" data-masonry-type=\"default\" data-ps=\"7\" data-starting-filter=\"\" data-gutter=\"default\" data-categories-to-show=\"rey-de\" data-bypass-cropping=\"\" data-lightbox-only=\"0\" data-col-num=\"cols-4\">\n\t\t\t\t\t\t\t\t\t\t\t\t\n\t\t\t\t\t\t\t\t\t\t\t\t\n\t\t\t\t\t\t<div class=\"col span_3  element produkte rey-de suesses vertretene-marken \"  data-project-cat=\"produkte rey-de suesses vertretene-marken \" data-default-color=\"true\" data-title-color=\"\" data-subtitle-color=\"\">\n\t\t\t\t\t\t\t\n\t\t\t\t\t\t\t<div class=\"inner-wrap animated\" data-animation=\"none\">\n\t\t\t\t\t\t\t\t\n\t\t\t\t\t\t\t\t\t\t\t\t\t\t\t\t\t\n\t\t\t\t\t\t\t\t\t<div class=\"work-item style-2\" data-custom-content=\"off\">\n\t\t\t\t\t\t\t\t\t\t\n\t\t\t\t\t\t\t\t\t\t<img decoding=\"async\" class=\"custom-thumbnail skip-lazy\" src=\"https:\/\/manolos.org\/wp-content\/uploads\/2025\/06\/torta-imperial.jpg\" alt=\"Rey. Torta Turr\u00f3n Imperial Mandel hart\" \/>\t\t\t\t\t\t\t\t\t\t\n\t\t\t\t\t\t\t\t\t\t<div class=\"work-info-bg\"><\/div>\n\t\t\t\t\t\t\t\t\t\t<div class=\"work-info\">\n\t\t\t\t\t\t\t\t\t\t\t\n\t\t\t\t\t\t\t\t\t\t\t\t\t\t\t\t\t\t\t\t\t\t\t\n\t\t\t\t\t\t\t\t\t\t\t\t\n\t\t\t\t\t\t\t\t\t\t\t\t\t\t\t\t\t\t\t\t\t\t\t\t\t\n\t\t\t\t\t\t\t\t\t\t\t\t\t<a href=\"https:\/\/manolos.org\/de\/prod\/rey-torta-turron-imperial-mandel-hart\/\"><\/a>\n\t\t\t\t\t\t\t\t\t\t\t\t\t\n\t\t\t\t\t\t\t\t\t\t\t\t\t\t\t\t\t\t\t\t\t\t\t\n\t\t\t\t\t\t\t\t\t\t\t\n\t\t\t\t\t\t\t\t\t\t\t<div class=\"vert-center\">\n\t\t\t\t\t\t\t\t\t\t\t\t\t\n\t\t\t\t\t\t\t\t\t\t\t\t\t<h3>Rey. Torta Turr\u00f3n Imperial Mandel hart<\/h3> \n\t\t\t\t\t\t\t\t\t\t\t\t\t\t\t\t\t\t\t\t\t\t\t\t<\/div><!--\/vert-center-->\n\t\t\t\t\t\t\t\t\t\t\t\n\t\t\t\t\t\t\t\t\t\t<\/div>\n\t\t\t\t\t\t\t\t\t<\/div><!--work-item-->\n\t\t\t\t\t\t\t\t\t\n\t\t\t\t\t\t\t\t\t\t\t\t\t\t\t\t\n\t\t\t\t\t\t\t\t\n\t\t\t\t\t\t\t<\/div><!--\/inner-wrap-->\n\t\t\t\t\t\t<\/div><!--\/col-->\n\t\t\t\t\t\t\n\t\t\t\t\t\t\t\t\t\t\n\t\t\t\t<\/div><!--\/portfolio-->\n\t\t\t<\/div><!--\/portfolio wrap-->\n\t\t\t\n\t\t\t\n\t\t\t<\/div> \n\t\t<\/div>\n\t<\/div> \n<\/div><\/div>\n\t\t<div id=\"saldeibiza\"  data-column-margin=\"default\" data-midnight=\"dark\"  class=\"wpb_row vc_row-fluid vc_row full-width-section vc_row-o-equal-height vc_row-flex marcas-representadas top_margin_0px bottom_margin_0px\"  style=\"padding-top: 100px; padding-bottom: 100px; \"><div class=\"row-bg-wrap\" data-bg-animation=\"none\" data-bg-animation-delay=\"\" data-bg-overlay=\"false\"><div class=\"inner-wrap row-bg-layer\" ><div class=\"row-bg viewport-desktop using-bg-color\"  style=\"background-color: #f7f5ed; \"><\/div><\/div><\/div><div class=\"row_col_wrap_12 col span_12 dark left\">\n\t<div  class=\"vc_col-sm-3 wpb_column column_container vc_column_container col no-extra-padding inherit_tablet inherit_phone \"  data-padding-pos=\"all\" data-has-bg-color=\"false\" data-bg-color=\"\" data-bg-opacity=\"1\" data-animation=\"\" data-delay=\"0\" >\n\t\t<div class=\"vc_column-inner\" >\n\t\t\t<div class=\"wpb_wrapper\">\n\t\t\t\t<div class=\"img-with-aniamtion-wrap right\" data-max-width=\"100%\" data-max-width-mobile=\"default\" data-shadow=\"none\" data-animation=\"none\" >\n      <div class=\"inner\">\n        <div class=\"hover-wrap\"> \n          <div class=\"hover-wrap-inner\">\n            <img loading=\"lazy\" decoding=\"async\" class=\"img-with-animation skip-lazy\" data-delay=\"0\" height=\"250\" width=\"250\" data-animation=\"none\" src=\"https:\/\/manolos.org\/wp-content\/uploads\/2024\/11\/logo-salibiza.png\" alt=\"\" srcset=\"https:\/\/manolos.org\/wp-content\/uploads\/2024\/11\/logo-salibiza.png 250w, https:\/\/manolos.org\/wp-content\/uploads\/2024\/11\/logo-salibiza-150x150.png 150w, https:\/\/manolos.org\/wp-content\/uploads\/2024\/11\/logo-salibiza-140x140.png 140w, https:\/\/manolos.org\/wp-content\/uploads\/2024\/11\/logo-salibiza-100x100.png 100w, https:\/\/manolos.org\/wp-content\/uploads\/2024\/11\/logo-salibiza-120x120.png 120w\" sizes=\"auto, (max-width: 250px) 100vw, 250px\" \/>\n          <\/div>\n        <\/div>\n      <\/div>\n    <\/div>\n\t\t\t<\/div> \n\t\t<\/div>\n\t<\/div> \n\n\t<div  class=\"vc_col-sm-9 wpb_column column_container vc_column_container col no-extra-padding inherit_tablet inherit_phone \"  data-padding-pos=\"all\" data-has-bg-color=\"false\" data-bg-color=\"\" data-bg-opacity=\"1\" data-animation=\"\" data-delay=\"0\" >\n\t\t<div class=\"vc_column-inner\" >\n\t\t\t<div class=\"wpb_wrapper\">\n\t\t\t\t\n<div class=\"wpb_text_column wpb_content_element \" >\n\t<div class=\"wpb_wrapper\">\n\t\t<h3>Sal de Ibiza<\/h3>\n\t<\/div>\n<\/div>\n\n\n\n\n<div class=\"wpb_text_column wpb_content_element  vc_custom_1715174412527\" >\n\t<div class=\"wpb_wrapper\">\n\t\t<p>Das in den Verdunstungsbecken der Baleareninsel Ibiza geerntete Fleur de Sel von SAL DE IBIZA ist charakteristisch mild im Geschmack und hat einen relativ hohen Gehalt an nat\u00fcrlicher Feuchtigkeit. Das Salz von SAL DE IBIZA wird als Gourmet-Tafelsalz in sch\u00f6nen, hochwertigen Porzellangef\u00e4\u00dfen vermarktet. Seit kurzem wird es aber auch f\u00fcr die eigene Gourmet-Chips-Marke von SAL DE IBIZA verwendet. Diese Chips umfassen Geschmacksrichtungen wie reines Salz, Salz und Essig, ger\u00e4ucherte Paprika und wei\u00dfe Tr\u00fcffel.<\/p>\n\t<\/div>\n<\/div>\n\n\n\n\t\t\t\t\n\t\t\t\t\n\t\t\t\t\n\t\t\t\t<div class=\"portfolio-wrap \">\n\t\t\t\t\t\n\t\t\t\t\t\t\t\t\t\t\n\t\t\t\t\t<span class=\"portfolio-loading  none\">   <\/span>\n\t\t\t\t\t\n\t\t\t\t\t\t\t\t\t\t\n\t\t\t\t\t<div class=\"row portfolio-items no-masonry  \" data-rcp=\"false\" data-masonry-type=\"default\" data-ps=\"7\" data-starting-filter=\"\" data-gutter=\"default\" data-categories-to-show=\"sal-de-ibiza\" data-bypass-cropping=\"\" data-lightbox-only=\"0\" data-col-num=\"cols-4\">\n\t\t\t\t\t\t\t\t\t\t\t\t\n\t\t\t\t\t\t\t\t\t\t\t\t\n\t\t\t\t\t\t<div class=\"col span_3  element produkte sal-de-ibiza-de snacks-de vertretene-marken \"  data-project-cat=\"produkte sal-de-ibiza-de snacks-de vertretene-marken \" data-default-color=\"true\" data-title-color=\"\" data-subtitle-color=\"\">\n\t\t\t\t\t\t\t\n\t\t\t\t\t\t\t<div class=\"inner-wrap animated\" data-animation=\"none\">\n\t\t\t\t\t\t\t\t\n\t\t\t\t\t\t\t\t\t\t\t\t\t\t\t\t\t\n\t\t\t\t\t\t\t\t\t<div class=\"work-item style-2\" data-custom-content=\"off\">\n\t\t\t\t\t\t\t\t\t\t\n\t\t\t\t\t\t\t\t\t\t<img decoding=\"async\" class=\"custom-thumbnail skip-lazy\" src=\"https:\/\/manolos.org\/wp-content\/uploads\/2024\/10\/SalDeIbiza-paprika.jpg\" alt=\"Sal de Ibiza. Smoky Paprika Chips\" \/>\t\t\t\t\t\t\t\t\t\t\n\t\t\t\t\t\t\t\t\t\t<div class=\"work-info-bg\"><\/div>\n\t\t\t\t\t\t\t\t\t\t<div class=\"work-info\">\n\t\t\t\t\t\t\t\t\t\t\t\n\t\t\t\t\t\t\t\t\t\t\t\t\t\t\t\t\t\t\t\t\t\t\t\n\t\t\t\t\t\t\t\t\t\t\t\t\n\t\t\t\t\t\t\t\t\t\t\t\t\t\t\t\t\t\t\t\t\t\t\t\t\t\n\t\t\t\t\t\t\t\t\t\t\t\t\t<a href=\"https:\/\/manolos.org\/de\/prod\/sal-de-ibiza-chips-con-pimenton-ahumado\/\"><\/a>\n\t\t\t\t\t\t\t\t\t\t\t\t\t\n\t\t\t\t\t\t\t\t\t\t\t\t\t\t\t\t\t\t\t\t\t\t\t\n\t\t\t\t\t\t\t\t\t\t\t\n\t\t\t\t\t\t\t\t\t\t\t<div class=\"vert-center\">\n\t\t\t\t\t\t\t\t\t\t\t\t\t\n\t\t\t\t\t\t\t\t\t\t\t\t\t<h3>Sal de Ibiza. Smoky Paprika Chips<\/h3> \n\t\t\t\t\t\t\t\t\t\t\t\t\t\t\t\t\t\t\t\t\t\t\t\t<\/div><!--\/vert-center-->\n\t\t\t\t\t\t\t\t\t\t\t\n\t\t\t\t\t\t\t\t\t\t<\/div>\n\t\t\t\t\t\t\t\t\t<\/div><!--work-item-->\n\t\t\t\t\t\t\t\t\t\n\t\t\t\t\t\t\t\t\t\t\t\t\t\t\t\t\n\t\t\t\t\t\t\t\t\n\t\t\t\t\t\t\t<\/div><!--\/inner-wrap-->\n\t\t\t\t\t\t<\/div><!--\/col-->\n\t\t\t\t\t\t\n\t\t\t\t\t\t\t\t\t\t\t\n\t\t\t\t\t\t\t\t\t\t\t\t\n\t\t\t\t\t\t<div class=\"col span_3  element produkte sal-de-ibiza-de salze-und-gewuerze vertretene-marken \"  data-project-cat=\"produkte sal-de-ibiza-de salze-und-gewuerze vertretene-marken \" data-default-color=\"true\" data-title-color=\"\" data-subtitle-color=\"\">\n\t\t\t\t\t\t\t\n\t\t\t\t\t\t\t<div class=\"inner-wrap animated\" data-animation=\"none\">\n\t\t\t\t\t\t\t\t\n\t\t\t\t\t\t\t\t\t\t\t\t\t\t\t\t\t\n\t\t\t\t\t\t\t\t\t<div class=\"work-item style-2\" data-custom-content=\"off\">\n\t\t\t\t\t\t\t\t\t\t\n\t\t\t\t\t\t\t\t\t\t<img decoding=\"async\" class=\"custom-thumbnail skip-lazy\" src=\"https:\/\/manolos.org\/wp-content\/uploads\/2024\/10\/saldeibiza-flordesal.jpg\" alt=\"Sal de Ibiza. Fleur de Sel\" \/>\t\t\t\t\t\t\t\t\t\t\n\t\t\t\t\t\t\t\t\t\t<div class=\"work-info-bg\"><\/div>\n\t\t\t\t\t\t\t\t\t\t<div class=\"work-info\">\n\t\t\t\t\t\t\t\t\t\t\t\n\t\t\t\t\t\t\t\t\t\t\t\t\t\t\t\t\t\t\t\t\t\t\t\n\t\t\t\t\t\t\t\t\t\t\t\t\n\t\t\t\t\t\t\t\t\t\t\t\t\t\t\t\t\t\t\t\t\t\t\t\t\t\n\t\t\t\t\t\t\t\t\t\t\t\t\t<a href=\"https:\/\/manolos.org\/de\/prod\/sal-de-ibiza-fleur-de-sel\/\"><\/a>\n\t\t\t\t\t\t\t\t\t\t\t\t\t\n\t\t\t\t\t\t\t\t\t\t\t\t\t\t\t\t\t\t\t\t\t\t\t\n\t\t\t\t\t\t\t\t\t\t\t\n\t\t\t\t\t\t\t\t\t\t\t<div class=\"vert-center\">\n\t\t\t\t\t\t\t\t\t\t\t\t\t\n\t\t\t\t\t\t\t\t\t\t\t\t\t<h3>Sal de Ibiza. Fleur de Sel<\/h3> \n\t\t\t\t\t\t\t\t\t\t\t\t\t\t\t\t\t\t\t\t\t\t\t\t<\/div><!--\/vert-center-->\n\t\t\t\t\t\t\t\t\t\t\t\n\t\t\t\t\t\t\t\t\t\t<\/div>\n\t\t\t\t\t\t\t\t\t<\/div><!--work-item-->\n\t\t\t\t\t\t\t\t\t\n\t\t\t\t\t\t\t\t\t\t\t\t\t\t\t\t\n\t\t\t\t\t\t\t\t\n\t\t\t\t\t\t\t<\/div><!--\/inner-wrap-->\n\t\t\t\t\t\t<\/div><!--\/col-->\n\t\t\t\t\t\t\n\t\t\t\t\t\t\t\t\t\t\t\n\t\t\t\t\t\t\t\t\t\t\t\t\n\t\t\t\t\t\t<div class=\"col span_3  element produkte sal-de-ibiza-de snacks-de vertretene-marken \"  data-project-cat=\"produkte sal-de-ibiza-de snacks-de vertretene-marken \" data-default-color=\"true\" data-title-color=\"\" data-subtitle-color=\"\">\n\t\t\t\t\t\t\t\n\t\t\t\t\t\t\t<div class=\"inner-wrap animated\" data-animation=\"none\">\n\t\t\t\t\t\t\t\t\n\t\t\t\t\t\t\t\t\t\t\t\t\t\t\t\t\t\n\t\t\t\t\t\t\t\t\t<div class=\"work-item style-2\" data-custom-content=\"off\">\n\t\t\t\t\t\t\t\t\t\t\n\t\t\t\t\t\t\t\t\t\t<img decoding=\"async\" class=\"custom-thumbnail skip-lazy\" src=\"https:\/\/manolos.org\/wp-content\/uploads\/2024\/10\/SalDeIbiza-vinegar.jpg\" alt=\"Sal de Ibiza. Salt and Vinegar Chips\" \/>\t\t\t\t\t\t\t\t\t\t\n\t\t\t\t\t\t\t\t\t\t<div class=\"work-info-bg\"><\/div>\n\t\t\t\t\t\t\t\t\t\t<div class=\"work-info\">\n\t\t\t\t\t\t\t\t\t\t\t\n\t\t\t\t\t\t\t\t\t\t\t\t\t\t\t\t\t\t\t\t\t\t\t\n\t\t\t\t\t\t\t\t\t\t\t\t\n\t\t\t\t\t\t\t\t\t\t\t\t\t\t\t\t\t\t\t\t\t\t\t\t\t\n\t\t\t\t\t\t\t\t\t\t\t\t\t<a href=\"https:\/\/manolos.org\/de\/prod\/sal-de-ibiza-salt-and-vinegar-chips\/\"><\/a>\n\t\t\t\t\t\t\t\t\t\t\t\t\t\n\t\t\t\t\t\t\t\t\t\t\t\t\t\t\t\t\t\t\t\t\t\t\t\n\t\t\t\t\t\t\t\t\t\t\t\n\t\t\t\t\t\t\t\t\t\t\t<div class=\"vert-center\">\n\t\t\t\t\t\t\t\t\t\t\t\t\t\n\t\t\t\t\t\t\t\t\t\t\t\t\t<h3>Sal de Ibiza. Salt and Vinegar Chips<\/h3> \n\t\t\t\t\t\t\t\t\t\t\t\t\t\t\t\t\t\t\t\t\t\t\t\t<\/div><!--\/vert-center-->\n\t\t\t\t\t\t\t\t\t\t\t\n\t\t\t\t\t\t\t\t\t\t<\/div>\n\t\t\t\t\t\t\t\t\t<\/div><!--work-item-->\n\t\t\t\t\t\t\t\t\t\n\t\t\t\t\t\t\t\t\t\t\t\t\t\t\t\t\n\t\t\t\t\t\t\t\t\n\t\t\t\t\t\t\t<\/div><!--\/inner-wrap-->\n\t\t\t\t\t\t<\/div><!--\/col-->\n\t\t\t\t\t\t\n\t\t\t\t\t\t\t\t\t\t\t\n\t\t\t\t\t\t\t\t\t\t\t\t\n\t\t\t\t\t\t<div class=\"col span_3  element produkte sal-de-ibiza-de snacks-de vertretene-marken \"  data-project-cat=\"produkte sal-de-ibiza-de snacks-de vertretene-marken \" data-default-color=\"true\" data-title-color=\"\" data-subtitle-color=\"\">\n\t\t\t\t\t\t\t\n\t\t\t\t\t\t\t<div class=\"inner-wrap animated\" data-animation=\"none\">\n\t\t\t\t\t\t\t\t\n\t\t\t\t\t\t\t\t\t\t\t\t\t\t\t\t\t\n\t\t\t\t\t\t\t\t\t<div class=\"work-item style-2\" data-custom-content=\"off\">\n\t\t\t\t\t\t\t\t\t\t\n\t\t\t\t\t\t\t\t\t\t<img decoding=\"async\" class=\"custom-thumbnail skip-lazy\" src=\"https:\/\/manolos.org\/wp-content\/uploads\/2024\/10\/SalDeIbiza-salibiza.jpg\" alt=\"Sal de Ibiza. Fleur de Sel Chips\" \/>\t\t\t\t\t\t\t\t\t\t\n\t\t\t\t\t\t\t\t\t\t<div class=\"work-info-bg\"><\/div>\n\t\t\t\t\t\t\t\t\t\t<div class=\"work-info\">\n\t\t\t\t\t\t\t\t\t\t\t\n\t\t\t\t\t\t\t\t\t\t\t\t\t\t\t\t\t\t\t\t\t\t\t\n\t\t\t\t\t\t\t\t\t\t\t\t\n\t\t\t\t\t\t\t\t\t\t\t\t\t\t\t\t\t\t\t\t\t\t\t\t\t\n\t\t\t\t\t\t\t\t\t\t\t\t\t<a href=\"https:\/\/manolos.org\/de\/prod\/sal-de-ibiza-fleur-de-sel-chips\/\"><\/a>\n\t\t\t\t\t\t\t\t\t\t\t\t\t\n\t\t\t\t\t\t\t\t\t\t\t\t\t\t\t\t\t\t\t\t\t\t\t\n\t\t\t\t\t\t\t\t\t\t\t\n\t\t\t\t\t\t\t\t\t\t\t<div class=\"vert-center\">\n\t\t\t\t\t\t\t\t\t\t\t\t\t\n\t\t\t\t\t\t\t\t\t\t\t\t\t<h3>Sal de Ibiza. Fleur de Sel Chips<\/h3> \n\t\t\t\t\t\t\t\t\t\t\t\t\t\t\t\t\t\t\t\t\t\t\t\t<\/div><!--\/vert-center-->\n\t\t\t\t\t\t\t\t\t\t\t\n\t\t\t\t\t\t\t\t\t\t<\/div>\n\t\t\t\t\t\t\t\t\t<\/div><!--work-item-->\n\t\t\t\t\t\t\t\t\t\n\t\t\t\t\t\t\t\t\t\t\t\t\t\t\t\t\n\t\t\t\t\t\t\t\t\n\t\t\t\t\t\t\t<\/div><!--\/inner-wrap-->\n\t\t\t\t\t\t<\/div><!--\/col-->\n\t\t\t\t\t\t\n\t\t\t\t\t\t\t\t\t\t\t\n\t\t\t\t\t\t\t\t\t\t\t\t\n\t\t\t\t\t\t<div class=\"col span_3  element produkte sal-de-ibiza-de snacks-de vertretene-marken \"  data-project-cat=\"produkte sal-de-ibiza-de snacks-de vertretene-marken \" data-default-color=\"true\" data-title-color=\"\" data-subtitle-color=\"\">\n\t\t\t\t\t\t\t\n\t\t\t\t\t\t\t<div class=\"inner-wrap animated\" data-animation=\"none\">\n\t\t\t\t\t\t\t\t\n\t\t\t\t\t\t\t\t\t\t\t\t\t\t\t\t\t\n\t\t\t\t\t\t\t\t\t<div class=\"work-item style-2\" data-custom-content=\"off\">\n\t\t\t\t\t\t\t\t\t\t\n\t\t\t\t\t\t\t\t\t\t<img decoding=\"async\" class=\"custom-thumbnail skip-lazy\" src=\"https:\/\/manolos.org\/wp-content\/uploads\/2024\/10\/SalDeIbiza-lavieenrose125.jpg\" alt=\"Sal de Ibiza. La Vie en Rose Chips\" \/>\t\t\t\t\t\t\t\t\t\t\n\t\t\t\t\t\t\t\t\t\t<div class=\"work-info-bg\"><\/div>\n\t\t\t\t\t\t\t\t\t\t<div class=\"work-info\">\n\t\t\t\t\t\t\t\t\t\t\t\n\t\t\t\t\t\t\t\t\t\t\t\t\t\t\t\t\t\t\t\t\t\t\t\n\t\t\t\t\t\t\t\t\t\t\t\t\n\t\t\t\t\t\t\t\t\t\t\t\t\t\t\t\t\t\t\t\t\t\t\t\t\t\n\t\t\t\t\t\t\t\t\t\t\t\t\t<a href=\"https:\/\/manolos.org\/de\/prod\/sal-de-ibiza-la-vie-en-rose-chips\/\"><\/a>\n\t\t\t\t\t\t\t\t\t\t\t\t\t\n\t\t\t\t\t\t\t\t\t\t\t\t\t\t\t\t\t\t\t\t\t\t\t\n\t\t\t\t\t\t\t\t\t\t\t\n\t\t\t\t\t\t\t\t\t\t\t<div class=\"vert-center\">\n\t\t\t\t\t\t\t\t\t\t\t\t\t\n\t\t\t\t\t\t\t\t\t\t\t\t\t<h3>Sal de Ibiza. La Vie en Rose Chips<\/h3> \n\t\t\t\t\t\t\t\t\t\t\t\t\t\t\t\t\t\t\t\t\t\t\t\t<\/div><!--\/vert-center-->\n\t\t\t\t\t\t\t\t\t\t\t\n\t\t\t\t\t\t\t\t\t\t<\/div>\n\t\t\t\t\t\t\t\t\t<\/div><!--work-item-->\n\t\t\t\t\t\t\t\t\t\n\t\t\t\t\t\t\t\t\t\t\t\t\t\t\t\t\n\t\t\t\t\t\t\t\t\n\t\t\t\t\t\t\t<\/div><!--\/inner-wrap-->\n\t\t\t\t\t\t<\/div><!--\/col-->\n\t\t\t\t\t\t\n\t\t\t\t\t\t\t\t\t\t\t\n\t\t\t\t\t\t\t\t\t\t\t\t\n\t\t\t\t\t\t<div class=\"col span_3  element produkte sal-de-ibiza-de snacks-de trueffel-produkte vertretene-marken \"  data-project-cat=\"produkte sal-de-ibiza-de snacks-de trueffel-produkte vertretene-marken \" data-default-color=\"true\" data-title-color=\"\" data-subtitle-color=\"\">\n\t\t\t\t\t\t\t\n\t\t\t\t\t\t\t<div class=\"inner-wrap animated\" data-animation=\"none\">\n\t\t\t\t\t\t\t\t\n\t\t\t\t\t\t\t\t\t\t\t\t\t\t\t\t\t\n\t\t\t\t\t\t\t\t\t<div class=\"work-item style-2\" data-custom-content=\"off\">\n\t\t\t\t\t\t\t\t\t\t\n\t\t\t\t\t\t\t\t\t\t<img decoding=\"async\" class=\"custom-thumbnail skip-lazy\" src=\"https:\/\/manolos.org\/wp-content\/uploads\/2024\/10\/SalDeIbiza-chipsTrufa-1.jpg\" alt=\"Sal de Ibiza. White Truffle Chips\" \/>\t\t\t\t\t\t\t\t\t\t\n\t\t\t\t\t\t\t\t\t\t<div class=\"work-info-bg\"><\/div>\n\t\t\t\t\t\t\t\t\t\t<div class=\"work-info\">\n\t\t\t\t\t\t\t\t\t\t\t\n\t\t\t\t\t\t\t\t\t\t\t\t\t\t\t\t\t\t\t\t\t\t\t\n\t\t\t\t\t\t\t\t\t\t\t\t\n\t\t\t\t\t\t\t\t\t\t\t\t\t\t\t\t\t\t\t\t\t\t\t\t\t\n\t\t\t\t\t\t\t\t\t\t\t\t\t<a href=\"https:\/\/manolos.org\/de\/prod\/sal-de-ibiza-white-truffle-chips\/\"><\/a>\n\t\t\t\t\t\t\t\t\t\t\t\t\t\n\t\t\t\t\t\t\t\t\t\t\t\t\t\t\t\t\t\t\t\t\t\t\t\n\t\t\t\t\t\t\t\t\t\t\t\n\t\t\t\t\t\t\t\t\t\t\t<div class=\"vert-center\">\n\t\t\t\t\t\t\t\t\t\t\t\t\t\n\t\t\t\t\t\t\t\t\t\t\t\t\t<h3>Sal de Ibiza. White Truffle Chips<\/h3> \n\t\t\t\t\t\t\t\t\t\t\t\t\t\t\t\t\t\t\t\t\t\t\t\t<\/div><!--\/vert-center-->\n\t\t\t\t\t\t\t\t\t\t\t\n\t\t\t\t\t\t\t\t\t\t<\/div>\n\t\t\t\t\t\t\t\t\t<\/div><!--work-item-->\n\t\t\t\t\t\t\t\t\t\n\t\t\t\t\t\t\t\t\t\t\t\t\t\t\t\t\n\t\t\t\t\t\t\t\t\n\t\t\t\t\t\t\t<\/div><!--\/inner-wrap-->\n\t\t\t\t\t\t<\/div><!--\/col-->\n\t\t\t\t\t\t\n\t\t\t\t\t\t\t\t\t\t\n\t\t\t\t<\/div><!--\/portfolio-->\n\t\t\t<\/div><!--\/portfolio wrap-->\n\t\t\t\n\t\t\t\n\t\t\t<\/div> \n\t\t<\/div>\n\t<\/div> \n<\/div><\/div>\n\t\t<div id=\"serpis\"  data-column-margin=\"default\" data-midnight=\"dark\"  class=\"wpb_row vc_row-fluid vc_row full-width-section vc_row-o-equal-height vc_row-flex marcas-representadas top_margin_0px bottom_margin_0px\"  style=\"padding-top: 100px; padding-bottom: 100px; \"><div class=\"row-bg-wrap\" data-bg-animation=\"none\" data-bg-animation-delay=\"\" data-bg-overlay=\"false\"><div class=\"inner-wrap row-bg-layer\" ><div class=\"row-bg viewport-desktop using-bg-color\"  style=\"background-color: #ffffff; \"><\/div><\/div><\/div><div class=\"row_col_wrap_12 col span_12 dark left\">\n\t<div  class=\"vc_col-sm-3 wpb_column column_container vc_column_container col no-extra-padding inherit_tablet inherit_phone \"  data-padding-pos=\"all\" data-has-bg-color=\"false\" data-bg-color=\"\" data-bg-opacity=\"1\" data-animation=\"\" data-delay=\"0\" >\n\t\t<div class=\"vc_column-inner\" >\n\t\t\t<div class=\"wpb_wrapper\">\n\t\t\t\t<div class=\"img-with-aniamtion-wrap right\" data-max-width=\"100%\" data-max-width-mobile=\"default\" data-shadow=\"none\" data-animation=\"none\" >\n      <div class=\"inner\">\n        <div class=\"hover-wrap\"> \n          <div class=\"hover-wrap-inner\">\n            <img loading=\"lazy\" decoding=\"async\" class=\"img-with-animation skip-lazy\" data-delay=\"0\" height=\"250\" width=\"250\" data-animation=\"none\" src=\"https:\/\/manolos.org\/wp-content\/uploads\/2024\/11\/logo-serpis.png\" alt=\"\" srcset=\"https:\/\/manolos.org\/wp-content\/uploads\/2024\/11\/logo-serpis.png 250w, https:\/\/manolos.org\/wp-content\/uploads\/2024\/11\/logo-serpis-150x150.png 150w, https:\/\/manolos.org\/wp-content\/uploads\/2024\/11\/logo-serpis-140x140.png 140w, https:\/\/manolos.org\/wp-content\/uploads\/2024\/11\/logo-serpis-100x100.png 100w, https:\/\/manolos.org\/wp-content\/uploads\/2024\/11\/logo-serpis-120x120.png 120w\" sizes=\"auto, (max-width: 250px) 100vw, 250px\" \/>\n          <\/div>\n        <\/div>\n      <\/div>\n    <\/div>\n\t\t\t<\/div> \n\t\t<\/div>\n\t<\/div> \n\n\t<div  class=\"vc_col-sm-9 wpb_column column_container vc_column_container col no-extra-padding inherit_tablet inherit_phone \"  data-padding-pos=\"all\" data-has-bg-color=\"false\" data-bg-color=\"\" data-bg-opacity=\"1\" data-animation=\"\" data-delay=\"0\" >\n\t\t<div class=\"vc_column-inner\" >\n\t\t\t<div class=\"wpb_wrapper\">\n\t\t\t\t\n<div class=\"wpb_text_column wpb_content_element \" >\n\t<div class=\"wpb_wrapper\">\n\t\t<h3>Serpis<\/h3>\n\t<\/div>\n<\/div>\n\n\n\n\n<div class=\"wpb_text_column wpb_content_element  vc_custom_1715174447075\" >\n\t<div class=\"wpb_wrapper\">\n\t\t<p>Aceitunas Serpis zeichnet sich durch seine gro\u00dfe Produktvielfalt aus, die von traditionellen Varianten bis hin zu den neuesten Innovationen bei Olivenf\u00fcllungen, Essiggurken und Konserven reicht, und blickt auf eine fast 100-j\u00e4hrige Erfahrung in diesem Sektor zur\u00fcck. Auf einer Fl\u00e4che von 25.000 m\u00b2 und mit einem Team von mehr als 100 Fachleuten arbeitet die Fabrik mit fortschrittlicher Technologie und modernsten Maschinen. Das Unternehmen hat sich im Laufe der Jahre dank strenger Qualit\u00e4tskontrollen einen Namen gemacht und ist seit 2007 nach BRC und IFS f\u00fcr Lebensmittelsicherheit sowie nach dem MSC-Siegel f\u00fcr nachhaltige Fischerei zertifiziert.<\/p>\n\t<\/div>\n<\/div>\n\n\n\n\t\t\t\t\n\t\t\t\t\n\t\t\t\t\n\t\t\t\t<div class=\"portfolio-wrap \">\n\t\t\t\t\t\n\t\t\t\t\t\t\t\t\t\t\n\t\t\t\t\t<span class=\"portfolio-loading  none\">   <\/span>\n\t\t\t\t\t\n\t\t\t\t\t\t\t\t\t\t\n\t\t\t\t\t<div class=\"row portfolio-items no-masonry  \" data-rcp=\"false\" data-masonry-type=\"default\" data-ps=\"7\" data-starting-filter=\"\" data-gutter=\"default\" data-categories-to-show=\"serpis\" data-bypass-cropping=\"\" data-lightbox-only=\"0\" data-col-num=\"cols-4\">\n\t\t\t\t\t\t\t\t\t\t\t\t\n\t\t\t\t\t\t\t\t\t\t\t\t\n\t\t\t\t\t\t<div class=\"col span_3  element oliven-und-essiggurken produkte serpis-de vertretene-marken \"  data-project-cat=\"oliven-und-essiggurken produkte serpis-de vertretene-marken \" data-default-color=\"true\" data-title-color=\"\" data-subtitle-color=\"\">\n\t\t\t\t\t\t\t\n\t\t\t\t\t\t\t<div class=\"inner-wrap animated\" data-animation=\"none\">\n\t\t\t\t\t\t\t\t\n\t\t\t\t\t\t\t\t\t\t\t\t\t\t\t\t\t\n\t\t\t\t\t\t\t\t\t<div class=\"work-item style-2\" data-custom-content=\"off\">\n\t\t\t\t\t\t\t\t\t\t\n\t\t\t\t\t\t\t\t\t\t<img decoding=\"async\" class=\"custom-thumbnail skip-lazy\" src=\"https:\/\/manolos.org\/wp-content\/uploads\/2024\/10\/serpis-tabascoOlives-1.jpg\" alt=\"Serpis. Gr\u00fcne Oliven, gef\u00fcllt mit Tabasco-Paprika\" \/>\t\t\t\t\t\t\t\t\t\t\n\t\t\t\t\t\t\t\t\t\t<div class=\"work-info-bg\"><\/div>\n\t\t\t\t\t\t\t\t\t\t<div class=\"work-info\">\n\t\t\t\t\t\t\t\t\t\t\t\n\t\t\t\t\t\t\t\t\t\t\t\t\t\t\t\t\t\t\t\t\t\t\t\n\t\t\t\t\t\t\t\t\t\t\t\t\n\t\t\t\t\t\t\t\t\t\t\t\t\t\t\t\t\t\t\t\t\t\t\t\t\t\n\t\t\t\t\t\t\t\t\t\t\t\t\t<a href=\"https:\/\/manolos.org\/de\/prod\/serpis-gruene-oliven-gefuellt-mit-tabasco-paprika\/\"><\/a>\n\t\t\t\t\t\t\t\t\t\t\t\t\t\n\t\t\t\t\t\t\t\t\t\t\t\t\t\t\t\t\t\t\t\t\t\t\t\n\t\t\t\t\t\t\t\t\t\t\t\n\t\t\t\t\t\t\t\t\t\t\t<div class=\"vert-center\">\n\t\t\t\t\t\t\t\t\t\t\t\t\t\n\t\t\t\t\t\t\t\t\t\t\t\t\t<h3>Serpis. Gr\u00fcne Oliven, gef\u00fcllt mit Tabasco-Paprika<\/h3> \n\t\t\t\t\t\t\t\t\t\t\t\t\t\t\t\t\t\t\t\t\t\t\t\t<\/div><!--\/vert-center-->\n\t\t\t\t\t\t\t\t\t\t\t\n\t\t\t\t\t\t\t\t\t\t<\/div>\n\t\t\t\t\t\t\t\t\t<\/div><!--work-item-->\n\t\t\t\t\t\t\t\t\t\n\t\t\t\t\t\t\t\t\t\t\t\t\t\t\t\t\n\t\t\t\t\t\t\t\t\n\t\t\t\t\t\t\t<\/div><!--\/inner-wrap-->\n\t\t\t\t\t\t<\/div><!--\/col-->\n\t\t\t\t\t\t\n\t\t\t\t\t\t\t\t\t\t\n\t\t\t\t<\/div><!--\/portfolio-->\n\t\t\t<\/div><!--\/portfolio wrap-->\n\t\t\t\n\t\t\t\n\t\t\t<\/div> \n\t\t<\/div>\n\t<\/div> \n<\/div><\/div>\n\t\t<div id=\"ventadelbaron\"  data-column-margin=\"default\" data-midnight=\"dark\"  class=\"wpb_row vc_row-fluid vc_row full-width-section vc_row-o-equal-height vc_row-flex marcas-representadas top_margin_0px bottom_margin_0px\"  style=\"padding-top: 100px; padding-bottom: 100px; \"><div class=\"row-bg-wrap\" data-bg-animation=\"none\" data-bg-animation-delay=\"\" data-bg-overlay=\"false\"><div class=\"inner-wrap row-bg-layer\" ><div class=\"row-bg viewport-desktop using-bg-color\"  style=\"background-color: #f7f5ed; \"><\/div><\/div><\/div><div class=\"row_col_wrap_12 col span_12 dark left\">\n\t<div  class=\"vc_col-sm-3 wpb_column column_container vc_column_container col no-extra-padding inherit_tablet inherit_phone \"  data-padding-pos=\"all\" data-has-bg-color=\"false\" data-bg-color=\"\" data-bg-opacity=\"1\" data-animation=\"\" data-delay=\"0\" >\n\t\t<div class=\"vc_column-inner\" >\n\t\t\t<div class=\"wpb_wrapper\">\n\t\t\t\t<div class=\"img-with-aniamtion-wrap right\" data-max-width=\"100%\" data-max-width-mobile=\"default\" data-shadow=\"none\" data-animation=\"none\" >\n      <div class=\"inner\">\n        <div class=\"hover-wrap\"> \n          <div class=\"hover-wrap-inner\">\n            <img loading=\"lazy\" decoding=\"async\" class=\"img-with-animation skip-lazy\" data-delay=\"0\" height=\"250\" width=\"250\" data-animation=\"none\" src=\"https:\/\/manolos.org\/wp-content\/uploads\/2024\/11\/logo-venta.png\" alt=\"\" srcset=\"https:\/\/manolos.org\/wp-content\/uploads\/2024\/11\/logo-venta.png 250w, https:\/\/manolos.org\/wp-content\/uploads\/2024\/11\/logo-venta-150x150.png 150w, https:\/\/manolos.org\/wp-content\/uploads\/2024\/11\/logo-venta-140x140.png 140w, https:\/\/manolos.org\/wp-content\/uploads\/2024\/11\/logo-venta-100x100.png 100w, https:\/\/manolos.org\/wp-content\/uploads\/2024\/11\/logo-venta-120x120.png 120w\" sizes=\"auto, (max-width: 250px) 100vw, 250px\" \/>\n          <\/div>\n        <\/div>\n      <\/div>\n    <\/div>\n\t\t\t<\/div> \n\t\t<\/div>\n\t<\/div> \n\n\t<div  class=\"vc_col-sm-9 wpb_column column_container vc_column_container col no-extra-padding inherit_tablet inherit_phone \"  data-padding-pos=\"all\" data-has-bg-color=\"false\" data-bg-color=\"\" data-bg-opacity=\"1\" data-animation=\"\" data-delay=\"0\" >\n\t\t<div class=\"vc_column-inner\" >\n\t\t\t<div class=\"wpb_wrapper\">\n\t\t\t\t\n<div class=\"wpb_text_column wpb_content_element \" >\n\t<div class=\"wpb_wrapper\">\n\t\t<h3>Venta del Bar\u00f3n<\/h3>\n\t<\/div>\n<\/div>\n\n\n\n\n<div class=\"wpb_text_column wpb_content_element  vc_custom_1715175046133\" >\n\t<div class=\"wpb_wrapper\">\n\t\t<p>Mueloliva z\u00e4hlt zu den f\u00fchrenden Exporteuren von Oliven\u00f6l in Spanien und ist weltweit in 80 L\u00e4ndern vertreten, darunter die Europ\u00e4ische Union, der amerikanische Kontinent, der Nahe Osten und Ostasien. Neben einem breiten Sortiment an \u00d6lsorten zeichnet sich Mueloliva durch die Konzentration von N\u00e4hrstoffen in seinen Produkten aus, die der Gesundheit zugutekommen. Das Unternehmen kooperiert sowohl auf nationaler als auch auf internationaler Ebene mit namhaften Verbrauchermarken, um den Bed\u00fcrfnissen der Kunden gerecht zu werden. Zudem engagieren sie sich als Partner bei der Entwicklung von Marken mit Produkten, die sich durch ihre Vielfalt auszeichnen.<\/p>\n\t<\/div>\n<\/div>\n\n\n\n\t\t\t\t\n\t\t\t\t\n\t\t\t\t\n\t\t\t\t<div class=\"portfolio-wrap \">\n\t\t\t\t\t\n\t\t\t\t\t\t\t\t\t\t\n\t\t\t\t\t<span class=\"portfolio-loading  none\">   <\/span>\n\t\t\t\t\t\n\t\t\t\t\t\t\t\t\t\t\n\t\t\t\t\t<div class=\"row portfolio-items no-masonry  \" data-rcp=\"false\" data-masonry-type=\"default\" data-ps=\"7\" data-starting-filter=\"\" data-gutter=\"default\" data-categories-to-show=\"venta-del-baron\" data-bypass-cropping=\"\" data-lightbox-only=\"0\" data-col-num=\"cols-4\">\n\t\t\t\t\t\t\t\t\t\t\t\t\n\t\t\t\t\t\t\t\t\t\t\t\t\n\t\t\t\t\t\t<div class=\"col span_3  element oele-und-essigsorten produkte venta-del-baron-de vertretene-marken \"  data-project-cat=\"oele-und-essigsorten produkte venta-del-baron-de vertretene-marken \" data-default-color=\"true\" data-title-color=\"\" data-subtitle-color=\"\">\n\t\t\t\t\t\t\t\n\t\t\t\t\t\t\t<div class=\"inner-wrap animated\" data-animation=\"none\">\n\t\t\t\t\t\t\t\t\n\t\t\t\t\t\t\t\t\t\t\t\t\t\t\t\t\t\n\t\t\t\t\t\t\t\t\t<div class=\"work-item style-2\" data-custom-content=\"off\">\n\t\t\t\t\t\t\t\t\t\t\n\t\t\t\t\t\t\t\t\t\t<img decoding=\"async\" class=\"custom-thumbnail skip-lazy\" src=\"https:\/\/manolos.org\/wp-content\/uploads\/2024\/11\/ventaDelBaron-aceite.jpg\" alt=\"Venta del Bar\u00f3n. Kaltgepresstes Oliven\u00f6l extra\" \/>\t\t\t\t\t\t\t\t\t\t\n\t\t\t\t\t\t\t\t\t\t<div class=\"work-info-bg\"><\/div>\n\t\t\t\t\t\t\t\t\t\t<div class=\"work-info\">\n\t\t\t\t\t\t\t\t\t\t\t\n\t\t\t\t\t\t\t\t\t\t\t\t\t\t\t\t\t\t\t\t\t\t\t\n\t\t\t\t\t\t\t\t\t\t\t\t\n\t\t\t\t\t\t\t\t\t\t\t\t\t\t\t\t\t\t\t\t\t\t\t\t\t\n\t\t\t\t\t\t\t\t\t\t\t\t\t<a href=\"https:\/\/manolos.org\/de\/prod\/venta-del-baron-kaltgepresstes-olivenoel-extra\/\"><\/a>\n\t\t\t\t\t\t\t\t\t\t\t\t\t\n\t\t\t\t\t\t\t\t\t\t\t\t\t\t\t\t\t\t\t\t\t\t\t\n\t\t\t\t\t\t\t\t\t\t\t\n\t\t\t\t\t\t\t\t\t\t\t<div class=\"vert-center\">\n\t\t\t\t\t\t\t\t\t\t\t\t\t\n\t\t\t\t\t\t\t\t\t\t\t\t\t<h3>Venta del Bar\u00f3n. Kaltgepresstes Oliven\u00f6l extra<\/h3> \n\t\t\t\t\t\t\t\t\t\t\t\t\t\t\t\t\t\t\t\t\t\t\t\t<\/div><!--\/vert-center-->\n\t\t\t\t\t\t\t\t\t\t\t\n\t\t\t\t\t\t\t\t\t\t<\/div>\n\t\t\t\t\t\t\t\t\t<\/div><!--work-item-->\n\t\t\t\t\t\t\t\t\t\n\t\t\t\t\t\t\t\t\t\t\t\t\t\t\t\t\n\t\t\t\t\t\t\t\t\n\t\t\t\t\t\t\t<\/div><!--\/inner-wrap-->\n\t\t\t\t\t\t<\/div><!--\/col-->\n\t\t\t\t\t\t\n\t\t\t\t\t\t\t\t\t\t\n\t\t\t\t<\/div><!--\/portfolio-->\n\t\t\t<\/div><!--\/portfolio wrap-->\n\t\t\t\n\t\t\t\n\t\t\t<\/div> \n\t\t<\/div>\n\t<\/div> \n<\/div><\/div>\n\t\t<div id=\"yopongo\"  data-column-margin=\"default\" data-midnight=\"dark\"  class=\"wpb_row vc_row-fluid vc_row full-width-section vc_row-o-equal-height vc_row-flex marcas-representadas top_margin_0px bottom_margin_0px\"  style=\"padding-top: 100px; padding-bottom: 100px; \"><div class=\"row-bg-wrap\" data-bg-animation=\"none\" data-bg-animation-delay=\"\" data-bg-overlay=\"false\"><div class=\"inner-wrap row-bg-layer\" ><div class=\"row-bg viewport-desktop using-bg-color\"  style=\"background-color: #ffffff; \"><\/div><\/div><\/div><div class=\"row_col_wrap_12 col span_12 dark left\">\n\t<div  class=\"vc_col-sm-3 wpb_column column_container vc_column_container col no-extra-padding inherit_tablet inherit_phone \"  data-padding-pos=\"all\" data-has-bg-color=\"false\" data-bg-color=\"\" data-bg-opacity=\"1\" data-animation=\"\" data-delay=\"0\" >\n\t\t<div class=\"vc_column-inner\" >\n\t\t\t<div class=\"wpb_wrapper\">\n\t\t\t\t<div class=\"img-with-aniamtion-wrap right\" data-max-width=\"100%\" data-max-width-mobile=\"default\" data-shadow=\"none\" data-animation=\"none\" >\n      <div class=\"inner\">\n        <div class=\"hover-wrap\"> \n          <div class=\"hover-wrap-inner\">\n            <img loading=\"lazy\" decoding=\"async\" class=\"img-with-animation skip-lazy\" data-delay=\"0\" height=\"250\" width=\"250\" data-animation=\"none\" src=\"https:\/\/manolos.org\/wp-content\/uploads\/2024\/11\/logo-yopongo.jpg\" alt=\"\" srcset=\"https:\/\/manolos.org\/wp-content\/uploads\/2024\/11\/logo-yopongo.jpg 250w, https:\/\/manolos.org\/wp-content\/uploads\/2024\/11\/logo-yopongo-150x150.jpg 150w, https:\/\/manolos.org\/wp-content\/uploads\/2024\/11\/logo-yopongo-140x140.jpg 140w, https:\/\/manolos.org\/wp-content\/uploads\/2024\/11\/logo-yopongo-100x100.jpg 100w, https:\/\/manolos.org\/wp-content\/uploads\/2024\/11\/logo-yopongo-120x120.jpg 120w\" sizes=\"auto, (max-width: 250px) 100vw, 250px\" \/>\n          <\/div>\n        <\/div>\n      <\/div>\n    <\/div>\n\t\t\t<\/div> \n\t\t<\/div>\n\t<\/div> \n\n\t<div  class=\"vc_col-sm-9 wpb_column column_container vc_column_container col no-extra-padding inherit_tablet inherit_phone \"  data-padding-pos=\"all\" data-has-bg-color=\"false\" data-bg-color=\"\" data-bg-opacity=\"1\" data-animation=\"\" data-delay=\"0\" >\n\t\t<div class=\"vc_column-inner\" >\n\t\t\t<div class=\"wpb_wrapper\">\n\t\t\t\t\n<div class=\"wpb_text_column wpb_content_element \" >\n\t<div class=\"wpb_wrapper\">\n\t\t<h3>Yo Pongo<\/h3>\n\t<\/div>\n<\/div>\n\n\n\n\n<div class=\"wpb_text_column wpb_content_element  vc_custom_1714816986654\" >\n\t<div class=\"wpb_wrapper\">\n\t\t<p>Grupo Millas betreibt vier Fabriken mit fortschrittlicher Technologie f\u00fcr die Herstellung von Saucen, Emulsionen, nativem Oliven\u00f6l sowie Pflanzen\u00f6len und bietet eine Vielzahl von Formaten an, darunter Einzelportionen, Bag-in-Box, Glasgef\u00e4\u00dfe und Becher. Sie garantieren eine effiziente Belieferung und sind in der Lage, kundenspezifische Bestellungen in verschiedenen Formaten je nach Wunsch zu erf\u00fcllen. Dar\u00fcber hinaus widmen sich 10 % des Personals der Forschung und Entwicklung sowie der Qualit\u00e4tskontrolle und verf\u00fcgen \u00fcber moderne Labors, eine Versuchsk\u00fcche und ein professionelles Verkostungspanel.<\/p>\n\t<\/div>\n<\/div>\n\n\n\n\t\t\t\t\n\t\t\t\t\n\t\t\t\t\n\t\t\t\t<div class=\"portfolio-wrap \">\n\t\t\t\t\t\n\t\t\t\t\t\t\t\t\t\t\n\t\t\t\t\t<span class=\"portfolio-loading  none\">   <\/span>\n\t\t\t\t\t\n\t\t\t\t\t\t\t\t\t\t\n\t\t\t\t\t<div class=\"row portfolio-items no-masonry  \" data-rcp=\"false\" data-masonry-type=\"default\" data-ps=\"7\" data-starting-filter=\"\" data-gutter=\"default\" data-categories-to-show=\"yo-pongo-de\" data-bypass-cropping=\"\" data-lightbox-only=\"0\" data-col-num=\"cols-4\">\n\t\t\t\t\t\t\t\t\t\t\t\t\n\t\t\t\t\t\t\t\t\t\t\t\t\n\t\t\t\t\t\t<div class=\"col span_3  element produkte saucen-konfitueren-chutneys vertretene-marken yo-pongo-de \"  data-project-cat=\"produkte saucen-konfitueren-chutneys vertretene-marken yo-pongo-de \" data-default-color=\"true\" data-title-color=\"\" data-subtitle-color=\"\">\n\t\t\t\t\t\t\t\n\t\t\t\t\t\t\t<div class=\"inner-wrap animated\" data-animation=\"none\">\n\t\t\t\t\t\t\t\t\n\t\t\t\t\t\t\t\t\t\t\t\t\t\t\t\t\t\n\t\t\t\t\t\t\t\t\t<div class=\"work-item style-2\" data-custom-content=\"off\">\n\t\t\t\t\t\t\t\t\t\t\n\t\t\t\t\t\t\t\t\t\t<img decoding=\"async\" class=\"custom-thumbnail skip-lazy\" src=\"https:\/\/manolos.org\/wp-content\/uploads\/2024\/10\/yopongo-alioli.jpg\" alt=\"Yopongo. Alioli\" \/>\t\t\t\t\t\t\t\t\t\t\n\t\t\t\t\t\t\t\t\t\t<div class=\"work-info-bg\"><\/div>\n\t\t\t\t\t\t\t\t\t\t<div class=\"work-info\">\n\t\t\t\t\t\t\t\t\t\t\t\n\t\t\t\t\t\t\t\t\t\t\t\t\t\t\t\t\t\t\t\t\t\t\t\n\t\t\t\t\t\t\t\t\t\t\t\t\n\t\t\t\t\t\t\t\t\t\t\t\t\t\t\t\t\t\t\t\t\t\t\t\t\t\n\t\t\t\t\t\t\t\t\t\t\t\t\t<a href=\"https:\/\/manolos.org\/de\/prod\/yopongo-alioli\/\"><\/a>\n\t\t\t\t\t\t\t\t\t\t\t\t\t\n\t\t\t\t\t\t\t\t\t\t\t\t\t\t\t\t\t\t\t\t\t\t\t\n\t\t\t\t\t\t\t\t\t\t\t\n\t\t\t\t\t\t\t\t\t\t\t<div class=\"vert-center\">\n\t\t\t\t\t\t\t\t\t\t\t\t\t\n\t\t\t\t\t\t\t\t\t\t\t\t\t<h3>Yopongo. Alioli<\/h3> \n\t\t\t\t\t\t\t\t\t\t\t\t\t\t\t\t\t\t\t\t\t\t\t\t<\/div><!--\/vert-center-->\n\t\t\t\t\t\t\t\t\t\t\t\n\t\t\t\t\t\t\t\t\t\t<\/div>\n\t\t\t\t\t\t\t\t\t<\/div><!--work-item-->\n\t\t\t\t\t\t\t\t\t\n\t\t\t\t\t\t\t\t\t\t\t\t\t\t\t\t\n\t\t\t\t\t\t\t\t\n\t\t\t\t\t\t\t<\/div><!--\/inner-wrap-->\n\t\t\t\t\t\t<\/div><!--\/col-->\n\t\t\t\t\t\t\n\t\t\t\t\t\t\t\t\t\t\n\t\t\t\t<\/div><!--\/portfolio-->\n\t\t\t<\/div><!--\/portfolio wrap-->\n\t\t\t\n\t\t\t\n\t\t\t<\/div> \n\t\t<\/div>\n\t<\/div> \n<\/div><\/div>\n\t\t<div id=\"zubia\"  data-column-margin=\"default\" data-midnight=\"dark\"  class=\"wpb_row vc_row-fluid vc_row full-width-section vc_row-o-equal-height vc_row-flex marcas-representadas top_margin_0px bottom_margin_0px\"  style=\"padding-top: 100px; padding-bottom: 100px; \"><div class=\"row-bg-wrap\" data-bg-animation=\"none\" data-bg-animation-delay=\"\" data-bg-overlay=\"false\"><div class=\"inner-wrap row-bg-layer\" ><div class=\"row-bg viewport-desktop using-bg-color\"  style=\"background-color: #f7f5ed; \"><\/div><\/div><\/div><div class=\"row_col_wrap_12 col span_12 dark left\">\n\t<div  class=\"vc_col-sm-3 wpb_column column_container vc_column_container col no-extra-padding inherit_tablet inherit_phone \"  data-padding-pos=\"all\" data-has-bg-color=\"false\" data-bg-color=\"\" data-bg-opacity=\"1\" data-animation=\"\" data-delay=\"0\" >\n\t\t<div class=\"vc_column-inner\" >\n\t\t\t<div class=\"wpb_wrapper\">\n\t\t\t\t<div class=\"img-with-aniamtion-wrap right\" data-max-width=\"100%\" data-max-width-mobile=\"default\" data-shadow=\"none\" data-animation=\"none\" >\n      <div class=\"inner\">\n        <div class=\"hover-wrap\"> \n          <div class=\"hover-wrap-inner\">\n            <img loading=\"lazy\" decoding=\"async\" class=\"img-with-animation skip-lazy\" data-delay=\"0\" height=\"250\" width=\"250\" data-animation=\"none\" src=\"https:\/\/manolos.org\/wp-content\/uploads\/2024\/11\/logo-zubia.jpg\" alt=\"\" srcset=\"https:\/\/manolos.org\/wp-content\/uploads\/2024\/11\/logo-zubia.jpg 250w, https:\/\/manolos.org\/wp-content\/uploads\/2024\/11\/logo-zubia-150x150.jpg 150w, https:\/\/manolos.org\/wp-content\/uploads\/2024\/11\/logo-zubia-140x140.jpg 140w, https:\/\/manolos.org\/wp-content\/uploads\/2024\/11\/logo-zubia-100x100.jpg 100w, https:\/\/manolos.org\/wp-content\/uploads\/2024\/11\/logo-zubia-120x120.jpg 120w\" sizes=\"auto, (max-width: 250px) 100vw, 250px\" \/>\n          <\/div>\n        <\/div>\n      <\/div>\n    <\/div>\n\t\t\t<\/div> \n\t\t<\/div>\n\t<\/div> \n\n\t<div  class=\"vc_col-sm-9 wpb_column column_container vc_column_container col no-extra-padding inherit_tablet inherit_phone \"  data-padding-pos=\"all\" data-has-bg-color=\"false\" data-bg-color=\"\" data-bg-opacity=\"1\" data-animation=\"\" data-delay=\"0\" >\n\t\t<div class=\"vc_column-inner\" >\n\t\t\t<div class=\"wpb_wrapper\">\n\t\t\t\t\n<div class=\"wpb_text_column wpb_content_element \" >\n\t<div class=\"wpb_wrapper\">\n\t\t<h3>Zubia<\/h3>\n\t<\/div>\n<\/div>\n\n\n\n\n<div class=\"wpb_text_column wpb_content_element  vc_custom_1715175266016\" >\n\t<div class=\"wpb_wrapper\">\n\t\t<p>PAT\u00c9S ZUBIA, 1982 von Jose Luis Zubia in Eskoriatza gegr\u00fcndet, hat es geschafft, sich nach 35 Jahren der Produktion qualitativ hochwertiger Pasteten auf dem Markt zu positionieren. Das Unternehmen begann als Familienmetzgerei, nachdem der Gr\u00fcnder eine Ausbildung in Frankreich absolviert hatte. Seitdem zeichnet es sich durch sein Engagement f\u00fcr Qualit\u00e4t aus, das auf Forschung und dem Respekt vor hochwertigen Rohstoffen basiert. PAT\u00c9S ZUBIA bietet derzeit eine breite Palette von Pasteten aus verschiedenen Fleischsorten, wie Schwein, Ente, Hirsch und Wildschwein, an.<\/p>\n\t<\/div>\n<\/div>\n\n\n\n\t\t\t\t\n\t\t\t\t\n\t\t\t\t\n\t\t\t\t<div class=\"portfolio-wrap \">\n\t\t\t\t\t\n\t\t\t\t\t\t\t\t\t\t\n\t\t\t\t\t<span class=\"portfolio-loading  none\">   <\/span>\n\t\t\t\t\t\n\t\t\t\t\t\t\t\t\t\t\n\t\t\t\t\t<div class=\"row portfolio-items no-masonry  \" data-rcp=\"false\" data-masonry-type=\"default\" data-ps=\"7\" data-starting-filter=\"\" data-gutter=\"default\" data-categories-to-show=\"zubia\" data-bypass-cropping=\"\" data-lightbox-only=\"0\" data-col-num=\"cols-4\">\n\t\t\t\t\t\t\t\t\t\t\t\t\n\t\t\t\t\t\t\t\t\t\t\t\t\n\t\t\t\t\t\t<div class=\"col span_3  element pasteten produkte vertretene-marken zubia-de \"  data-project-cat=\"pasteten produkte vertretene-marken zubia-de \" data-default-color=\"true\" data-title-color=\"\" data-subtitle-color=\"\">\n\t\t\t\t\t\t\t\n\t\t\t\t\t\t\t<div class=\"inner-wrap animated\" data-animation=\"none\">\n\t\t\t\t\t\t\t\t\n\t\t\t\t\t\t\t\t\t\t\t\t\t\t\t\t\t\n\t\t\t\t\t\t\t\t\t<div class=\"work-item style-2\" data-custom-content=\"off\">\n\t\t\t\t\t\t\t\t\t\t\n\t\t\t\t\t\t\t\t\t\t<img decoding=\"async\" class=\"custom-thumbnail skip-lazy\" src=\"https:\/\/manolos.org\/wp-content\/uploads\/2024\/11\/Zubia-campana1982.jpg\" alt=\"Zubia. P\u00e2t\u00e9 de Campagne\" \/>\t\t\t\t\t\t\t\t\t\t\n\t\t\t\t\t\t\t\t\t\t<div class=\"work-info-bg\"><\/div>\n\t\t\t\t\t\t\t\t\t\t<div class=\"work-info\">\n\t\t\t\t\t\t\t\t\t\t\t\n\t\t\t\t\t\t\t\t\t\t\t\t\t\t\t\t\t\t\t\t\t\t\t\n\t\t\t\t\t\t\t\t\t\t\t\t\n\t\t\t\t\t\t\t\t\t\t\t\t\t\t\t\t\t\t\t\t\t\t\t\t\t\n\t\t\t\t\t\t\t\t\t\t\t\t\t<a href=\"https:\/\/manolos.org\/de\/prod\/zubia-pate-de-campagne\/\"><\/a>\n\t\t\t\t\t\t\t\t\t\t\t\t\t\n\t\t\t\t\t\t\t\t\t\t\t\t\t\t\t\t\t\t\t\t\t\t\t\n\t\t\t\t\t\t\t\t\t\t\t\n\t\t\t\t\t\t\t\t\t\t\t<div class=\"vert-center\">\n\t\t\t\t\t\t\t\t\t\t\t\t\t\n\t\t\t\t\t\t\t\t\t\t\t\t\t<h3>Zubia. P\u00e2t\u00e9 de Campagne<\/h3> \n\t\t\t\t\t\t\t\t\t\t\t\t\t\t\t\t\t\t\t\t\t\t\t\t<\/div><!--\/vert-center-->\n\t\t\t\t\t\t\t\t\t\t\t\n\t\t\t\t\t\t\t\t\t\t<\/div>\n\t\t\t\t\t\t\t\t\t<\/div><!--work-item-->\n\t\t\t\t\t\t\t\t\t\n\t\t\t\t\t\t\t\t\t\t\t\t\t\t\t\t\n\t\t\t\t\t\t\t\t\n\t\t\t\t\t\t\t<\/div><!--\/inner-wrap-->\n\t\t\t\t\t\t<\/div><!--\/col-->\n\t\t\t\t\t\t\n\t\t\t\t\t\t\t\t\t\t\t\n\t\t\t\t\t\t\t\t\t\t\t\t\n\t\t\t\t\t\t<div class=\"col span_3  element pasteten produkte vertretene-marken zubia-de \"  data-project-cat=\"pasteten produkte vertretene-marken zubia-de \" data-default-color=\"true\" data-title-color=\"\" data-subtitle-color=\"\">\n\t\t\t\t\t\t\t\n\t\t\t\t\t\t\t<div class=\"inner-wrap animated\" data-animation=\"none\">\n\t\t\t\t\t\t\t\t\n\t\t\t\t\t\t\t\t\t\t\t\t\t\t\t\t\t\n\t\t\t\t\t\t\t\t\t<div class=\"work-item style-2\" data-custom-content=\"off\">\n\t\t\t\t\t\t\t\t\t\t\n\t\t\t\t\t\t\t\t\t\t<img decoding=\"async\" class=\"custom-thumbnail skip-lazy\" src=\"https:\/\/manolos.org\/wp-content\/uploads\/2024\/11\/Zubia-campanapimiento.jpg\" alt=\"Zubia. P\u00e2t\u00e9 de Campagne con Piment d&#8217;Espelette\" \/>\t\t\t\t\t\t\t\t\t\t\n\t\t\t\t\t\t\t\t\t\t<div class=\"work-info-bg\"><\/div>\n\t\t\t\t\t\t\t\t\t\t<div class=\"work-info\">\n\t\t\t\t\t\t\t\t\t\t\t\n\t\t\t\t\t\t\t\t\t\t\t\t\t\t\t\t\t\t\t\t\t\t\t\n\t\t\t\t\t\t\t\t\t\t\t\t\n\t\t\t\t\t\t\t\t\t\t\t\t\t\t\t\t\t\t\t\t\t\t\t\t\t\n\t\t\t\t\t\t\t\t\t\t\t\t\t<a href=\"https:\/\/manolos.org\/de\/prod\/zubia-pate-de-campagne-con-piment-despelette\/\"><\/a>\n\t\t\t\t\t\t\t\t\t\t\t\t\t\n\t\t\t\t\t\t\t\t\t\t\t\t\t\t\t\t\t\t\t\t\t\t\t\n\t\t\t\t\t\t\t\t\t\t\t\n\t\t\t\t\t\t\t\t\t\t\t<div class=\"vert-center\">\n\t\t\t\t\t\t\t\t\t\t\t\t\t\n\t\t\t\t\t\t\t\t\t\t\t\t\t<h3>Zubia. P\u00e2t\u00e9 de Campagne con Piment d&#8217;Espelette<\/h3> \n\t\t\t\t\t\t\t\t\t\t\t\t\t\t\t\t\t\t\t\t\t\t\t\t<\/div><!--\/vert-center-->\n\t\t\t\t\t\t\t\t\t\t\t\n\t\t\t\t\t\t\t\t\t\t<\/div>\n\t\t\t\t\t\t\t\t\t<\/div><!--work-item-->\n\t\t\t\t\t\t\t\t\t\n\t\t\t\t\t\t\t\t\t\t\t\t\t\t\t\t\n\t\t\t\t\t\t\t\t\n\t\t\t\t\t\t\t<\/div><!--\/inner-wrap-->\n\t\t\t\t\t\t<\/div><!--\/col-->\n\t\t\t\t\t\t\n\t\t\t\t\t\t\t\t\t\t\t\n\t\t\t\t\t\t\t\t\t\t\t\t\n\t\t\t\t\t\t<div class=\"col span_3  element pasteten produkte vertretene-marken zubia-de \"  data-project-cat=\"pasteten produkte vertretene-marken zubia-de \" data-default-color=\"true\" data-title-color=\"\" data-subtitle-color=\"\">\n\t\t\t\t\t\t\t\n\t\t\t\t\t\t\t<div class=\"inner-wrap animated\" data-animation=\"none\">\n\t\t\t\t\t\t\t\t\n\t\t\t\t\t\t\t\t\t\t\t\t\t\t\t\t\t\n\t\t\t\t\t\t\t\t\t<div class=\"work-item style-2\" data-custom-content=\"off\">\n\t\t\t\t\t\t\t\t\t\t\n\t\t\t\t\t\t\t\t\t\t<img decoding=\"async\" class=\"custom-thumbnail skip-lazy\" src=\"https:\/\/manolos.org\/wp-content\/uploads\/2024\/11\/Zubia-iberico.jpg\" alt=\"Zubia. Pat\u00e9 Ib\u00e9rico\" \/>\t\t\t\t\t\t\t\t\t\t\n\t\t\t\t\t\t\t\t\t\t<div class=\"work-info-bg\"><\/div>\n\t\t\t\t\t\t\t\t\t\t<div class=\"work-info\">\n\t\t\t\t\t\t\t\t\t\t\t\n\t\t\t\t\t\t\t\t\t\t\t\t\t\t\t\t\t\t\t\t\t\t\t\n\t\t\t\t\t\t\t\t\t\t\t\t\n\t\t\t\t\t\t\t\t\t\t\t\t\t\t\t\t\t\t\t\t\t\t\t\t\t\n\t\t\t\t\t\t\t\t\t\t\t\t\t<a href=\"https:\/\/manolos.org\/de\/prod\/zubia-pate-iberico\/\"><\/a>\n\t\t\t\t\t\t\t\t\t\t\t\t\t\n\t\t\t\t\t\t\t\t\t\t\t\t\t\t\t\t\t\t\t\t\t\t\t\n\t\t\t\t\t\t\t\t\t\t\t\n\t\t\t\t\t\t\t\t\t\t\t<div class=\"vert-center\">\n\t\t\t\t\t\t\t\t\t\t\t\t\t\n\t\t\t\t\t\t\t\t\t\t\t\t\t<h3>Zubia. Pat\u00e9 Ib\u00e9rico<\/h3> \n\t\t\t\t\t\t\t\t\t\t\t\t\t\t\t\t\t\t\t\t\t\t\t\t<\/div><!--\/vert-center-->\n\t\t\t\t\t\t\t\t\t\t\t\n\t\t\t\t\t\t\t\t\t\t<\/div>\n\t\t\t\t\t\t\t\t\t<\/div><!--work-item-->\n\t\t\t\t\t\t\t\t\t\n\t\t\t\t\t\t\t\t\t\t\t\t\t\t\t\t\n\t\t\t\t\t\t\t\t\n\t\t\t\t\t\t\t<\/div><!--\/inner-wrap-->\n\t\t\t\t\t\t<\/div><!--\/col-->\n\t\t\t\t\t\t\n\t\t\t\t\t\t\t\t\t\t\n\t\t\t\t<\/div><!--\/portfolio-->\n\t\t\t<\/div><!--\/portfolio wrap-->\n\t\t\t\n\t\t\t\n\t\t\t<\/div> \n\t\t<\/div>\n\t<\/div> \n<\/div><\/div>\n","protected":false},"excerpt":{"rendered":"","protected":false},"author":1,"featured_media":0,"parent":439,"menu_order":100,"comment_status":"closed","ping_status":"closed","template":"","meta":{"footnotes":""},"class_list":["post-469","page","type-page","status-publish"],"yoast_head":"<!-- This site is optimized with the Yoast SEO plugin v26.1.1 - https:\/\/yoast.com\/wordpress\/plugins\/seo\/ -->\n<title>Vertretene Marken - Manolo&#039;s Food<\/title>\n<meta name=\"robots\" content=\"index, follow, max-snippet:-1, max-image-preview:large, max-video-preview:-1\" \/>\n<link rel=\"canonical\" href=\"https:\/\/manolos.org\/de\/produkte\/vertretene-marken\/\" \/>\n<meta property=\"og:locale\" content=\"de_DE\" \/>\n<meta property=\"og:type\" content=\"article\" \/>\n<meta property=\"og:title\" content=\"Vertretene Marken - Manolo&#039;s Food\" \/>\n<meta property=\"og:url\" content=\"https:\/\/manolos.org\/de\/produkte\/vertretene-marken\/\" \/>\n<meta property=\"og:site_name\" content=\"Manolo&#039;s Food\" \/>\n<meta property=\"article:publisher\" content=\"https:\/\/www.facebook.com\/andmore4you\" \/>\n<meta property=\"article:modified_time\" content=\"2026-02-26T17:49:42+00:00\" \/>\n<meta name=\"twitter:card\" content=\"summary_large_image\" \/>\n<meta name=\"twitter:label1\" content=\"Gesch\u00e4tzte Lesezeit\" \/>\n\t<meta name=\"twitter:data1\" content=\"8\u00a0Minuten\" \/>\n<script type=\"application\/ld+json\" class=\"yoast-schema-graph\">{\"@context\":\"https:\/\/schema.org\",\"@graph\":[{\"@type\":\"WebPage\",\"@id\":\"https:\/\/manolos.org\/de\/produkte\/vertretene-marken\/\",\"url\":\"https:\/\/manolos.org\/de\/produkte\/vertretene-marken\/\",\"name\":\"Vertretene Marken - Manolo&#039;s Food\",\"isPartOf\":{\"@id\":\"https:\/\/manolos.org\/de\/#website\"},\"datePublished\":\"2023-12-09T18:45:05+00:00\",\"dateModified\":\"2026-02-26T17:49:42+00:00\",\"breadcrumb\":{\"@id\":\"https:\/\/manolos.org\/de\/produkte\/vertretene-marken\/#breadcrumb\"},\"inLanguage\":\"de\",\"potentialAction\":[{\"@type\":\"ReadAction\",\"target\":[\"https:\/\/manolos.org\/de\/produkte\/vertretene-marken\/\"]}]},{\"@type\":\"BreadcrumbList\",\"@id\":\"https:\/\/manolos.org\/de\/produkte\/vertretene-marken\/#breadcrumb\",\"itemListElement\":[{\"@type\":\"ListItem\",\"position\":1,\"name\":\"Portada\",\"item\":\"https:\/\/manolos.org\/de\/\"},{\"@type\":\"ListItem\",\"position\":2,\"name\":\"Produkte\",\"item\":\"https:\/\/manolos.org\/de\/produkte\/\"},{\"@type\":\"ListItem\",\"position\":3,\"name\":\"Vertretene Marken\"}]},{\"@type\":\"WebSite\",\"@id\":\"https:\/\/manolos.org\/de\/#website\",\"url\":\"https:\/\/manolos.org\/de\/\",\"name\":\"Manolo's Food\",\"description\":\"\",\"publisher\":{\"@id\":\"https:\/\/manolos.org\/de\/#organization\"},\"potentialAction\":[{\"@type\":\"SearchAction\",\"target\":{\"@type\":\"EntryPoint\",\"urlTemplate\":\"https:\/\/manolos.org\/de\/?s={search_term_string}\"},\"query-input\":{\"@type\":\"PropertyValueSpecification\",\"valueRequired\":true,\"valueName\":\"search_term_string\"}}],\"inLanguage\":\"de\"},{\"@type\":\"Organization\",\"@id\":\"https:\/\/manolos.org\/de\/#organization\",\"name\":\"Manolo's Food\",\"url\":\"https:\/\/manolos.org\/de\/\",\"logo\":{\"@type\":\"ImageObject\",\"inLanguage\":\"de\",\"@id\":\"https:\/\/manolos.org\/de\/#\/schema\/logo\/image\/\",\"url\":\"https:\/\/manolos.org\/wp-content\/uploads\/2024\/10\/logo-manolo-2.png\",\"contentUrl\":\"https:\/\/manolos.org\/wp-content\/uploads\/2024\/10\/logo-manolo-2.png\",\"width\":287,\"height\":175,\"caption\":\"Manolo's Food\"},\"image\":{\"@id\":\"https:\/\/manolos.org\/de\/#\/schema\/logo\/image\/\"},\"sameAs\":[\"https:\/\/www.facebook.com\/andmore4you\",\"https:\/\/www.youtube.com\/andmore4you\"]}]}<\/script>\n<!-- \/ Yoast SEO plugin. -->","yoast_head_json":{"title":"Vertretene Marken - Manolo&#039;s Food","robots":{"index":"index","follow":"follow","max-snippet":"max-snippet:-1","max-image-preview":"max-image-preview:large","max-video-preview":"max-video-preview:-1"},"canonical":"https:\/\/manolos.org\/de\/produkte\/vertretene-marken\/","og_locale":"de_DE","og_type":"article","og_title":"Vertretene Marken - Manolo&#039;s Food","og_url":"https:\/\/manolos.org\/de\/produkte\/vertretene-marken\/","og_site_name":"Manolo&#039;s Food","article_publisher":"https:\/\/www.facebook.com\/andmore4you","article_modified_time":"2026-02-26T17:49:42+00:00","twitter_card":"summary_large_image","twitter_misc":{"Gesch\u00e4tzte Lesezeit":"8\u00a0Minuten"},"schema":{"@context":"https:\/\/schema.org","@graph":[{"@type":"WebPage","@id":"https:\/\/manolos.org\/de\/produkte\/vertretene-marken\/","url":"https:\/\/manolos.org\/de\/produkte\/vertretene-marken\/","name":"Vertretene Marken - Manolo&#039;s Food","isPartOf":{"@id":"https:\/\/manolos.org\/de\/#website"},"datePublished":"2023-12-09T18:45:05+00:00","dateModified":"2026-02-26T17:49:42+00:00","breadcrumb":{"@id":"https:\/\/manolos.org\/de\/produkte\/vertretene-marken\/#breadcrumb"},"inLanguage":"de","potentialAction":[{"@type":"ReadAction","target":["https:\/\/manolos.org\/de\/produkte\/vertretene-marken\/"]}]},{"@type":"BreadcrumbList","@id":"https:\/\/manolos.org\/de\/produkte\/vertretene-marken\/#breadcrumb","itemListElement":[{"@type":"ListItem","position":1,"name":"Portada","item":"https:\/\/manolos.org\/de\/"},{"@type":"ListItem","position":2,"name":"Produkte","item":"https:\/\/manolos.org\/de\/produkte\/"},{"@type":"ListItem","position":3,"name":"Vertretene Marken"}]},{"@type":"WebSite","@id":"https:\/\/manolos.org\/de\/#website","url":"https:\/\/manolos.org\/de\/","name":"Manolo's Food","description":"","publisher":{"@id":"https:\/\/manolos.org\/de\/#organization"},"potentialAction":[{"@type":"SearchAction","target":{"@type":"EntryPoint","urlTemplate":"https:\/\/manolos.org\/de\/?s={search_term_string}"},"query-input":{"@type":"PropertyValueSpecification","valueRequired":true,"valueName":"search_term_string"}}],"inLanguage":"de"},{"@type":"Organization","@id":"https:\/\/manolos.org\/de\/#organization","name":"Manolo's Food","url":"https:\/\/manolos.org\/de\/","logo":{"@type":"ImageObject","inLanguage":"de","@id":"https:\/\/manolos.org\/de\/#\/schema\/logo\/image\/","url":"https:\/\/manolos.org\/wp-content\/uploads\/2024\/10\/logo-manolo-2.png","contentUrl":"https:\/\/manolos.org\/wp-content\/uploads\/2024\/10\/logo-manolo-2.png","width":287,"height":175,"caption":"Manolo's Food"},"image":{"@id":"https:\/\/manolos.org\/de\/#\/schema\/logo\/image\/"},"sameAs":["https:\/\/www.facebook.com\/andmore4you","https:\/\/www.youtube.com\/andmore4you"]}]}},"_links":{"self":[{"href":"https:\/\/manolos.org\/de\/wp-json\/wp\/v2\/pages\/469","targetHints":{"allow":["GET"]}}],"collection":[{"href":"https:\/\/manolos.org\/de\/wp-json\/wp\/v2\/pages"}],"about":[{"href":"https:\/\/manolos.org\/de\/wp-json\/wp\/v2\/types\/page"}],"author":[{"embeddable":true,"href":"https:\/\/manolos.org\/de\/wp-json\/wp\/v2\/users\/1"}],"replies":[{"embeddable":true,"href":"https:\/\/manolos.org\/de\/wp-json\/wp\/v2\/comments?post=469"}],"version-history":[{"count":15,"href":"https:\/\/manolos.org\/de\/wp-json\/wp\/v2\/pages\/469\/revisions"}],"predecessor-version":[{"id":3812,"href":"https:\/\/manolos.org\/de\/wp-json\/wp\/v2\/pages\/469\/revisions\/3812"}],"up":[{"embeddable":true,"href":"https:\/\/manolos.org\/de\/wp-json\/wp\/v2\/pages\/439"}],"wp:attachment":[{"href":"https:\/\/manolos.org\/de\/wp-json\/wp\/v2\/media?parent=469"}],"curies":[{"name":"wp","href":"https:\/\/api.w.org\/{rel}","templated":true}]}}